{"id":362,"date":"2017-10-18T19:18:23","date_gmt":"2017-10-18T17:18:23","guid":{"rendered":"http:\/\/www.tanvitil.com\/?page_id=362"},"modified":"2019-08-05T17:09:46","modified_gmt":"2019-08-05T15:09:46","slug":"tanvitil-gel","status":"publish","type":"page","link":"https:\/\/www.tanvitil.com\/de\/maquillaje-vitiligo\/tanvitil-gel\/","title":{"rendered":"Tanvitil gel"},"content":{"rendered":"<p>[et_pb_section bb_built=&#8220;1&#8243; module_id=&#8220;exContent&#8220; _builder_version=&#8220;3.0.82&#8243; custom_padding=&#8220;33px|0px|62px|0px&#8220; next_background_color=&#8220;#000000&#8243;][et_pb_row custom_padding=&#8220;|0px|40px|0px&#8220; custom_margin=&#8220;40px|||&#8220; background_color=&#8220;#ffffff&#8220; module_class_1=&#8220;exPage&#8220; _builder_version=&#8220;3.0.91&#8243; background_size=&#8220;initial&#8220; background_position=&#8220;top_left&#8220; background_repeat=&#8220;repeat&#8220;][et_pb_column type=&#8220;4_4&#8243;][et_pb_code _builder_version=&#8220;3.0.101&#8243;]<div class=\"woocommerce\">\t\t\t<div class=\"single-product\" data-product-page-preselected-id=\"0\">\n\t\t\t\t\n<div class=\"woocommerce-notices-wrapper\"><\/div>\n<div id=\"product-269\" class=\"post-269 product type-product status-publish has-post-thumbnail product_cat-makeup first instock sale taxable shipping-taxable purchasable product-type-variable\">\n\n\t<div class=\"clearfix\">\n\t<span class=\"onsale\">Angebot!<\/span>\n\t<div class=\"woocommerce-product-gallery woocommerce-product-gallery--with-images woocommerce-product-gallery--columns-4 images\" data-columns=\"4\" style=\"opacity: 0; transition: opacity .25s ease-in-out;\">\n\t<figure class=\"woocommerce-product-gallery__wrapper\">\n\t\t<div data-thumb=\"https:\/\/www.tanvitil.com\/wp-content\/uploads\/2017\/10\/maquillaje-vitiligo-tanvitil-gel-100x100.jpg\" class=\"woocommerce-product-gallery__image\"><a href=\"https:\/\/www.tanvitil.com\/wp-content\/uploads\/2017\/10\/maquillaje-vitiligo-tanvitil-gel.jpg\"><img loading=\"lazy\" decoding=\"async\" width=\"620\" height=\"676\" src=\"https:\/\/www.tanvitil.com\/wp-content\/uploads\/2017\/10\/maquillaje-vitiligo-tanvitil-gel-620x676.jpg\" class=\"attachment-shop_single size-shop_single wp-post-image\" alt=\"Tanvitil, maquillaje para el vit\u00edligo\" title=\"Tanvitil, maquillaje tonalizador para el vit\u00edligo\" data-caption=\"\" data-src=\"https:\/\/www.tanvitil.com\/wp-content\/uploads\/2017\/10\/maquillaje-vitiligo-tanvitil-gel.jpg\" data-large_image=\"https:\/\/www.tanvitil.com\/wp-content\/uploads\/2017\/10\/maquillaje-vitiligo-tanvitil-gel.jpg\" data-large_image_width=\"880\" data-large_image_height=\"960\" srcset=\"https:\/\/www.tanvitil.com\/wp-content\/uploads\/2017\/10\/maquillaje-vitiligo-tanvitil-gel-620x676.jpg 620w, https:\/\/www.tanvitil.com\/wp-content\/uploads\/2017\/10\/maquillaje-vitiligo-tanvitil-gel-183x200.jpg 183w, https:\/\/www.tanvitil.com\/wp-content\/uploads\/2017\/10\/maquillaje-vitiligo-tanvitil-gel-458x500.jpg 458w, https:\/\/www.tanvitil.com\/wp-content\/uploads\/2017\/10\/maquillaje-vitiligo-tanvitil-gel-768x838.jpg 768w, https:\/\/www.tanvitil.com\/wp-content\/uploads\/2017\/10\/maquillaje-vitiligo-tanvitil-gel-610x665.jpg 610w, https:\/\/www.tanvitil.com\/wp-content\/uploads\/2017\/10\/maquillaje-vitiligo-tanvitil-gel.jpg 880w\" sizes=\"auto, (max-width: 620px) 100vw, 620px\" \/><\/a><\/div><div data-thumb=\"https:\/\/www.tanvitil.com\/wp-content\/uploads\/2017\/10\/tonalizador-vitiligo-tanvitil-gel-100x100.jpg\" class=\"woocommerce-product-gallery__image\"><a href=\"https:\/\/www.tanvitil.com\/wp-content\/uploads\/2017\/10\/tonalizador-vitiligo-tanvitil-gel.jpg\"><img loading=\"lazy\" decoding=\"async\" width=\"620\" height=\"676\" src=\"https:\/\/www.tanvitil.com\/wp-content\/uploads\/2017\/10\/tonalizador-vitiligo-tanvitil-gel-620x676.jpg\" class=\"attachment-shop_single size-shop_single\" alt=\"Tanvitil gel, tonalizador para el vit\u00edligo\" title=\"Tanvitil gel, tonalizador para el vit\u00edligo\" data-caption=\"\" data-src=\"https:\/\/www.tanvitil.com\/wp-content\/uploads\/2017\/10\/tonalizador-vitiligo-tanvitil-gel.jpg\" data-large_image=\"https:\/\/www.tanvitil.com\/wp-content\/uploads\/2017\/10\/tonalizador-vitiligo-tanvitil-gel.jpg\" data-large_image_width=\"880\" data-large_image_height=\"960\" srcset=\"https:\/\/www.tanvitil.com\/wp-content\/uploads\/2017\/10\/tonalizador-vitiligo-tanvitil-gel-620x676.jpg 620w, https:\/\/www.tanvitil.com\/wp-content\/uploads\/2017\/10\/tonalizador-vitiligo-tanvitil-gel-183x200.jpg 183w, https:\/\/www.tanvitil.com\/wp-content\/uploads\/2017\/10\/tonalizador-vitiligo-tanvitil-gel-458x500.jpg 458w, https:\/\/www.tanvitil.com\/wp-content\/uploads\/2017\/10\/tonalizador-vitiligo-tanvitil-gel-768x838.jpg 768w, https:\/\/www.tanvitil.com\/wp-content\/uploads\/2017\/10\/tonalizador-vitiligo-tanvitil-gel-610x665.jpg 610w, https:\/\/www.tanvitil.com\/wp-content\/uploads\/2017\/10\/tonalizador-vitiligo-tanvitil-gel.jpg 880w\" sizes=\"auto, (max-width: 620px) 100vw, 620px\" \/><\/a><\/div>\t<\/figure>\n<\/div>\n\n\t<div class=\"summary entry-summary\">\n\n\t\t<h1 class=\"product_title entry-title\">Tanvitil gel<\/h1><p class=\"price\"><del aria-hidden=\"true\"><span class=\"woocommerce-Price-amount amount\"><bdi>25,30<span class=\"woocommerce-Price-currencySymbol\" translate=\"no\">&euro;<\/span><\/bdi><\/span><\/del> <span class=\"screen-reader-text\">Urspr\u00fcnglicher Preis war: 25,30&euro;<\/span><ins aria-hidden=\"true\"><span class=\"woocommerce-Price-amount amount\"><bdi>19,50<span class=\"woocommerce-Price-currencySymbol\" translate=\"no\">&euro;<\/span><\/bdi><\/span><\/ins><span class=\"screen-reader-text\">Aktueller Preis ist: 19,50&euro;.<\/span><\/p>\n<div class=\"woocommerce-product-details__short-description\">\n    <p>Make-up zur Anwendung bei Vitiligo. Concealer Gel zum Abdecken von Flecken bei Vitiligo und anderen Hautkrankheiten. F\u00fcr das Abdecken von kleineren Flecken geeignet. Sichtbare Ergebnisse ab der ersten Anwendung.<br \/>\nDas Make-up Tanvitil zur Anwendung bei Vitiligo in Form von Gel empfiehlt sich dank des feinen Pinsels besonders bei kleineren Depigmentierungen.<\/p>\n<div class=\"exTono\"><a class=\"modal-link\" title=\"Aprende a elegir el tono adecuado a tu fototipo de piel\" href=\"https:\/\/www.tanvitil.com\/ayuda\/como-elegir-el-tono-adecuado\/\" target=\"_blank\" rel=\"noopener noreferrer\">Wie w\u00e4hlt man den richtigen Farbton?<\/a><\/div>\n<\/div>\n<div class=\"product_meta\">\n\n\t\n\t\n\t\t<span class=\"sku_wrapper\">Ref: <span class=\"sku\">n.\u00a0v.<\/span><\/span>\n\n\t\n\t\n\t\n\t\n<\/div>\n<span class=\"xoo-wsc-disable-atc\" style=\"display: none!important\"><\/span>\n<form class=\"variations_form cart\" method=\"post\" enctype='multipart\/form-data' data-product_id=\"269\" data-product_variations=\"[{&quot;attributes&quot;:{&quot;attribute_pa_tono&quot;:&quot;tono-fuerte&quot;},&quot;availability_html&quot;:&quot;&quot;,&quot;backorders_allowed&quot;:false,&quot;dimensions&quot;:{&quot;length&quot;:&quot;&quot;,&quot;width&quot;:&quot;&quot;,&quot;height&quot;:&quot;&quot;},&quot;dimensions_html&quot;:&quot;n.\\u00a0v.&quot;,&quot;display_price&quot;:19.5,&quot;display_regular_price&quot;:25.3,&quot;gallery_image_ids&quot;:[],&quot;gallery_images_html&quot;:&quot;&quot;,&quot;image&quot;:{&quot;title&quot;:&quot;[:es]Tanvitil, maquillaje tonalizador para el vit\\u00edligo[:]&quot;,&quot;caption&quot;:&quot;&quot;,&quot;url&quot;:&quot;https:\\\/\\\/www.tanvitil.com\\\/wp-content\\\/uploads\\\/2017\\\/10\\\/maquillaje-vitiligo-tanvitil-gel.jpg&quot;,&quot;alt&quot;:&quot;Tanvitil, maquillaje para el vit\\u00edligo&quot;,&quot;src&quot;:&quot;https:\\\/\\\/www.tanvitil.com\\\/wp-content\\\/uploads\\\/2017\\\/10\\\/maquillaje-vitiligo-tanvitil-gel-620x676.jpg&quot;,&quot;srcset&quot;:&quot;https:\\\/\\\/www.tanvitil.com\\\/wp-content\\\/uploads\\\/2017\\\/10\\\/maquillaje-vitiligo-tanvitil-gel-620x676.jpg 620w, https:\\\/\\\/www.tanvitil.com\\\/wp-content\\\/uploads\\\/2017\\\/10\\\/maquillaje-vitiligo-tanvitil-gel-183x200.jpg 183w, https:\\\/\\\/www.tanvitil.com\\\/wp-content\\\/uploads\\\/2017\\\/10\\\/maquillaje-vitiligo-tanvitil-gel-458x500.jpg 458w, https:\\\/\\\/www.tanvitil.com\\\/wp-content\\\/uploads\\\/2017\\\/10\\\/maquillaje-vitiligo-tanvitil-gel-768x838.jpg 768w, https:\\\/\\\/www.tanvitil.com\\\/wp-content\\\/uploads\\\/2017\\\/10\\\/maquillaje-vitiligo-tanvitil-gel-610x665.jpg 610w, https:\\\/\\\/www.tanvitil.com\\\/wp-content\\\/uploads\\\/2017\\\/10\\\/maquillaje-vitiligo-tanvitil-gel.jpg 880w&quot;,&quot;sizes&quot;:&quot;(max-width: 620px) 100vw, 620px&quot;,&quot;full_src&quot;:&quot;https:\\\/\\\/www.tanvitil.com\\\/wp-content\\\/uploads\\\/2017\\\/10\\\/maquillaje-vitiligo-tanvitil-gel.jpg&quot;,&quot;full_src_w&quot;:880,&quot;full_src_h&quot;:960,&quot;gallery_thumbnail_src&quot;:&quot;https:\\\/\\\/www.tanvitil.com\\\/wp-content\\\/uploads\\\/2017\\\/10\\\/maquillaje-vitiligo-tanvitil-gel-100x100.jpg&quot;,&quot;gallery_thumbnail_src_w&quot;:100,&quot;gallery_thumbnail_src_h&quot;:100,&quot;thumb_src&quot;:&quot;https:\\\/\\\/www.tanvitil.com\\\/wp-content\\\/uploads\\\/2017\\\/10\\\/maquillaje-vitiligo-tanvitil-gel-400x400.jpg&quot;,&quot;thumb_src_w&quot;:400,&quot;thumb_src_h&quot;:400,&quot;src_w&quot;:620,&quot;src_h&quot;:676},&quot;image_id&quot;:361,&quot;is_downloadable&quot;:false,&quot;is_in_stock&quot;:true,&quot;is_purchasable&quot;:true,&quot;is_sold_individually&quot;:&quot;no&quot;,&quot;is_virtual&quot;:false,&quot;max_qty&quot;:&quot;&quot;,&quot;min_qty&quot;:1,&quot;price_html&quot;:&quot;&quot;,&quot;sku&quot;:&quot;169454&quot;,&quot;variation_description&quot;:&quot;&quot;,&quot;variation_id&quot;:2311,&quot;variation_is_active&quot;:true,&quot;variation_is_visible&quot;:true,&quot;weight&quot;:&quot;0.03&quot;,&quot;weight_html&quot;:&quot;0,03 kg&quot;},{&quot;attributes&quot;:{&quot;attribute_pa_tono&quot;:&quot;tono-medio&quot;},&quot;availability_html&quot;:&quot;&quot;,&quot;backorders_allowed&quot;:false,&quot;dimensions&quot;:{&quot;length&quot;:&quot;&quot;,&quot;width&quot;:&quot;&quot;,&quot;height&quot;:&quot;&quot;},&quot;dimensions_html&quot;:&quot;n.\\u00a0v.&quot;,&quot;display_price&quot;:19.5,&quot;display_regular_price&quot;:25.3,&quot;gallery_image_ids&quot;:[],&quot;gallery_images_html&quot;:&quot;&quot;,&quot;image&quot;:{&quot;title&quot;:&quot;[:es]Tanvitil, maquillaje tonalizador para el vit\\u00edligo[:]&quot;,&quot;caption&quot;:&quot;&quot;,&quot;url&quot;:&quot;https:\\\/\\\/www.tanvitil.com\\\/wp-content\\\/uploads\\\/2017\\\/10\\\/maquillaje-vitiligo-tanvitil-gel.jpg&quot;,&quot;alt&quot;:&quot;Tanvitil, maquillaje para el vit\\u00edligo&quot;,&quot;src&quot;:&quot;https:\\\/\\\/www.tanvitil.com\\\/wp-content\\\/uploads\\\/2017\\\/10\\\/maquillaje-vitiligo-tanvitil-gel-620x676.jpg&quot;,&quot;srcset&quot;:&quot;https:\\\/\\\/www.tanvitil.com\\\/wp-content\\\/uploads\\\/2017\\\/10\\\/maquillaje-vitiligo-tanvitil-gel-620x676.jpg 620w, https:\\\/\\\/www.tanvitil.com\\\/wp-content\\\/uploads\\\/2017\\\/10\\\/maquillaje-vitiligo-tanvitil-gel-183x200.jpg 183w, https:\\\/\\\/www.tanvitil.com\\\/wp-content\\\/uploads\\\/2017\\\/10\\\/maquillaje-vitiligo-tanvitil-gel-458x500.jpg 458w, https:\\\/\\\/www.tanvitil.com\\\/wp-content\\\/uploads\\\/2017\\\/10\\\/maquillaje-vitiligo-tanvitil-gel-768x838.jpg 768w, https:\\\/\\\/www.tanvitil.com\\\/wp-content\\\/uploads\\\/2017\\\/10\\\/maquillaje-vitiligo-tanvitil-gel-610x665.jpg 610w, https:\\\/\\\/www.tanvitil.com\\\/wp-content\\\/uploads\\\/2017\\\/10\\\/maquillaje-vitiligo-tanvitil-gel.jpg 880w&quot;,&quot;sizes&quot;:&quot;(max-width: 620px) 100vw, 620px&quot;,&quot;full_src&quot;:&quot;https:\\\/\\\/www.tanvitil.com\\\/wp-content\\\/uploads\\\/2017\\\/10\\\/maquillaje-vitiligo-tanvitil-gel.jpg&quot;,&quot;full_src_w&quot;:880,&quot;full_src_h&quot;:960,&quot;gallery_thumbnail_src&quot;:&quot;https:\\\/\\\/www.tanvitil.com\\\/wp-content\\\/uploads\\\/2017\\\/10\\\/maquillaje-vitiligo-tanvitil-gel-100x100.jpg&quot;,&quot;gallery_thumbnail_src_w&quot;:100,&quot;gallery_thumbnail_src_h&quot;:100,&quot;thumb_src&quot;:&quot;https:\\\/\\\/www.tanvitil.com\\\/wp-content\\\/uploads\\\/2017\\\/10\\\/maquillaje-vitiligo-tanvitil-gel-400x400.jpg&quot;,&quot;thumb_src_w&quot;:400,&quot;thumb_src_h&quot;:400,&quot;src_w&quot;:620,&quot;src_h&quot;:676},&quot;image_id&quot;:361,&quot;is_downloadable&quot;:false,&quot;is_in_stock&quot;:true,&quot;is_purchasable&quot;:true,&quot;is_sold_individually&quot;:&quot;no&quot;,&quot;is_virtual&quot;:false,&quot;max_qty&quot;:&quot;&quot;,&quot;min_qty&quot;:1,&quot;price_html&quot;:&quot;&quot;,&quot;sku&quot;:&quot;169657&quot;,&quot;variation_description&quot;:&quot;&quot;,&quot;variation_id&quot;:2312,&quot;variation_is_active&quot;:true,&quot;variation_is_visible&quot;:true,&quot;weight&quot;:&quot;0.03&quot;,&quot;weight_html&quot;:&quot;0,03 kg&quot;},{&quot;attributes&quot;:{&quot;attribute_pa_tono&quot;:&quot;tono-suave&quot;},&quot;availability_html&quot;:&quot;&quot;,&quot;backorders_allowed&quot;:false,&quot;dimensions&quot;:{&quot;length&quot;:&quot;&quot;,&quot;width&quot;:&quot;&quot;,&quot;height&quot;:&quot;&quot;},&quot;dimensions_html&quot;:&quot;n.\\u00a0v.&quot;,&quot;display_price&quot;:19.5,&quot;display_regular_price&quot;:25.3,&quot;gallery_image_ids&quot;:[],&quot;gallery_images_html&quot;:&quot;&quot;,&quot;image&quot;:{&quot;title&quot;:&quot;[:es]Tanvitil, maquillaje tonalizador para el vit\\u00edligo[:]&quot;,&quot;caption&quot;:&quot;&quot;,&quot;url&quot;:&quot;https:\\\/\\\/www.tanvitil.com\\\/wp-content\\\/uploads\\\/2017\\\/10\\\/maquillaje-vitiligo-tanvitil-gel.jpg&quot;,&quot;alt&quot;:&quot;Tanvitil, maquillaje para el vit\\u00edligo&quot;,&quot;src&quot;:&quot;https:\\\/\\\/www.tanvitil.com\\\/wp-content\\\/uploads\\\/2017\\\/10\\\/maquillaje-vitiligo-tanvitil-gel-620x676.jpg&quot;,&quot;srcset&quot;:&quot;https:\\\/\\\/www.tanvitil.com\\\/wp-content\\\/uploads\\\/2017\\\/10\\\/maquillaje-vitiligo-tanvitil-gel-620x676.jpg 620w, https:\\\/\\\/www.tanvitil.com\\\/wp-content\\\/uploads\\\/2017\\\/10\\\/maquillaje-vitiligo-tanvitil-gel-183x200.jpg 183w, https:\\\/\\\/www.tanvitil.com\\\/wp-content\\\/uploads\\\/2017\\\/10\\\/maquillaje-vitiligo-tanvitil-gel-458x500.jpg 458w, https:\\\/\\\/www.tanvitil.com\\\/wp-content\\\/uploads\\\/2017\\\/10\\\/maquillaje-vitiligo-tanvitil-gel-768x838.jpg 768w, https:\\\/\\\/www.tanvitil.com\\\/wp-content\\\/uploads\\\/2017\\\/10\\\/maquillaje-vitiligo-tanvitil-gel-610x665.jpg 610w, https:\\\/\\\/www.tanvitil.com\\\/wp-content\\\/uploads\\\/2017\\\/10\\\/maquillaje-vitiligo-tanvitil-gel.jpg 880w&quot;,&quot;sizes&quot;:&quot;(max-width: 620px) 100vw, 620px&quot;,&quot;full_src&quot;:&quot;https:\\\/\\\/www.tanvitil.com\\\/wp-content\\\/uploads\\\/2017\\\/10\\\/maquillaje-vitiligo-tanvitil-gel.jpg&quot;,&quot;full_src_w&quot;:880,&quot;full_src_h&quot;:960,&quot;gallery_thumbnail_src&quot;:&quot;https:\\\/\\\/www.tanvitil.com\\\/wp-content\\\/uploads\\\/2017\\\/10\\\/maquillaje-vitiligo-tanvitil-gel-100x100.jpg&quot;,&quot;gallery_thumbnail_src_w&quot;:100,&quot;gallery_thumbnail_src_h&quot;:100,&quot;thumb_src&quot;:&quot;https:\\\/\\\/www.tanvitil.com\\\/wp-content\\\/uploads\\\/2017\\\/10\\\/maquillaje-vitiligo-tanvitil-gel-400x400.jpg&quot;,&quot;thumb_src_w&quot;:400,&quot;thumb_src_h&quot;:400,&quot;src_w&quot;:620,&quot;src_h&quot;:676},&quot;image_id&quot;:361,&quot;is_downloadable&quot;:false,&quot;is_in_stock&quot;:true,&quot;is_purchasable&quot;:true,&quot;is_sold_individually&quot;:&quot;no&quot;,&quot;is_virtual&quot;:false,&quot;max_qty&quot;:&quot;&quot;,&quot;min_qty&quot;:1,&quot;price_html&quot;:&quot;&quot;,&quot;sku&quot;:&quot;169655&quot;,&quot;variation_description&quot;:&quot;&quot;,&quot;variation_id&quot;:2313,&quot;variation_is_active&quot;:true,&quot;variation_is_visible&quot;:true,&quot;weight&quot;:&quot;0.03&quot;,&quot;weight_html&quot;:&quot;0,03 kg&quot;}]\">\n\t\n\t\t\t<table class=\"variations\" cellspacing=\"0\">\n\t\t\t<tbody>\n\t\t\t\t\t\t\t\t\t<tr>\n\t\t\t\t\t\t<td class=\"label\"><label for=\"pa_tono\">Tono<\/label><\/td>\n\t\t\t\t\t\t<td class=\"value\">\n\t\t\t\t\t\t\t<select id=\"pa_tono\" class=\"\" name=\"attribute_pa_tono\" data-attribute_name=\"attribute_pa_tono\" data-show_option_none=\"yes\"><option value=\"\">Option ausw\u00e4hlen<\/option><option value=\"tono-fuerte\" >Tono fuerte<\/option><option value=\"tono-medio\" >Tono medio<\/option><option value=\"tono-suave\" >Tono suave<\/option><\/select><a class=\"reset_variations\" href=\"#\">Zur\u00fccksetzen<\/a>\t\t\t\t\t\t<\/td>\n\t\t\t\t\t<\/tr>\n\t\t\t\t\t\t\t<\/tbody>\n\t\t<\/table>\n\n\t\t\n\t\t<div class=\"single_variation_wrap\">\n\t\t\t<div class=\"woocommerce-variation single_variation\" role=\"alert\" aria-relevant=\"additions\"><\/div>\n<div class=\"woocommerce-variation-add-to-cart variations_button\">\n\t<div class=\"quantity\">\n\t\t<label class=\"screen-reader-text\" for=\"quantity_6a9bb3c48a015\">Tanvitil gel Menge<\/label>\n\t<input\n\t\ttype=\"number\"\n\t\t\t\tid=\"quantity_6a9bb3c48a015\"\n\t\tclass=\"input-text qty text\"\n\t\tname=\"quantity\"\n\t\tvalue=\"1\"\n\t\taria-label=\"Produktmenge\"\n\t\t\t\tmin=\"1\"\n\t\t\t\t\t\t\tstep=\"1\"\n\t\t\tplaceholder=\"\"\n\t\t\tinputmode=\"numeric\"\n\t\t\tautocomplete=\"off\"\n\t\t\t\/>\n\t<\/div>\n\t<button type=\"submit\" class=\"single_add_to_cart_button alt\">In den Warenkorb<\/button>\n\t<input type=\"hidden\" name=\"add-to-cart\" value=\"269\" \/>\n\t<input type=\"hidden\" name=\"product_id\" value=\"269\" \/>\n\t<input type=\"hidden\" name=\"variation_id\" class=\"variation_id\" value=\"0\" \/>\n<\/div>\n\t\t<\/div>\n\n\t\t\t\n\t<\/form>\n\n\n\n\t<\/div><!-- .summary -->\n\n\t<\/div><!-- #end wrapper -->\t<div class=\"clearfix\"><\/div>\n\t<div class=\"woocommerce-tabs wc-tabs-wrapper\">\n\t\t<ul class=\"tabs wc-tabs\" role=\"tablist\">\n\t\t\t\t\t\t\t<li class=\"description_tab\" id=\"tab-title-description\" role=\"tab\" aria-controls=\"tab-description\">\n\t\t\t\t\t<a href=\"#tab-description\">Beschreibung<\/a>\n\t\t\t\t<\/li>\n\t\t\t\t\t\t\t<li class=\"additional_information_tab\" id=\"tab-title-additional_information\" role=\"tab\" aria-controls=\"tab-additional_information\">\n\t\t\t\t\t<a href=\"#tab-additional_information\">Zus\u00e4tzliche Informationen<\/a>\n\t\t\t\t<\/li>\n\t\t\t\t\t\t\t<li class=\"escaracteristicasenfeaturesfrfeaturesptfeatures-de-eigenschaften_tab\" id=\"tab-title-escaracteristicasenfeaturesfrfeaturesptfeatures-de-eigenschaften\" role=\"tab\" aria-controls=\"tab-escaracteristicasenfeaturesfrfeaturesptfeatures-de-eigenschaften\">\n\t\t\t\t\t<a href=\"#tab-escaracteristicasenfeaturesfrfeaturesptfeatures-de-eigenschaften\">Eigenschaften<\/a>\n\t\t\t\t<\/li>\n\t\t\t\t\t\t\t<li class=\"esadvertenciasen-warnings-fr-avertissementspt-advertencias-de-hinweise_tab\" id=\"tab-title-esadvertenciasen-warnings-fr-avertissementspt-advertencias-de-hinweise\" role=\"tab\" aria-controls=\"tab-esadvertenciasen-warnings-fr-avertissementspt-advertencias-de-hinweise\">\n\t\t\t\t\t<a href=\"#tab-esadvertenciasen-warnings-fr-avertissementspt-advertencias-de-hinweise\">Hinweise<\/a>\n\t\t\t\t<\/li>\n\t\t\t\t\t\t\t<li class=\"es-modo-de-empleo-en-how-to-apply-fr-mode-demploi-pt-modo-de-utilizacao-de-de-anwendung_tab\" id=\"tab-title-es-modo-de-empleo-en-how-to-apply-fr-mode-demploi-pt-modo-de-utilizacao-de-de-anwendung\" role=\"tab\" aria-controls=\"tab-es-modo-de-empleo-en-how-to-apply-fr-mode-demploi-pt-modo-de-utilizacao-de-de-anwendung\">\n\t\t\t\t\t<a href=\"#tab-es-modo-de-empleo-en-how-to-apply-fr-mode-demploi-pt-modo-de-utilizacao-de-de-anwendung\">Anwendung<\/a>\n\t\t\t\t<\/li>\n\t\t\t\t\t\t\t<li class=\"esrecomendacionesenrecommendationsfr-recommandationspt-recomendacoes-de-empfehlungen_tab\" id=\"tab-title-esrecomendacionesenrecommendationsfr-recommandationspt-recomendacoes-de-empfehlungen\" role=\"tab\" aria-controls=\"tab-esrecomendacionesenrecommendationsfr-recommandationspt-recomendacoes-de-empfehlungen\">\n\t\t\t\t\t<a href=\"#tab-esrecomendacionesenrecommendationsfr-recommandationspt-recomendacoes-de-empfehlungen\">Empfehlungen<\/a>\n\t\t\t\t<\/li>\n\t\t\t\t\t<\/ul>\n\t\t\t\t\t<div class=\"woocommerce-Tabs-panel woocommerce-Tabs-panel--description panel entry-content wc-tab\" id=\"tab-description\" role=\"tabpanel\" aria-labelledby=\"tab-title-description\">\n\t\t\t\t\n  <h2>Beschreibung<\/h2>\n\n<p>Unsere\u00a0<strong>Make-up-Reihe zur Anwendung bei Vitiligo<\/strong>\u00a0dient der Abdeckung von durch diese Hauterkrankung entstandenen Flecken.<\/p>\n<p>Abedul Productos Farmac\u00e9uticos hat gezielt zwei Schminkprodukte \u2013 ein Gel und ein Spray- entwickelt, um die durch Vitiligo verursachten Flecken abzudecken.<\/p>\n<p>Sowohl das Spray als auch das Gel ist in drei verschiedenen T\u00f6nungen erh\u00e4ltlich, w\u00e4hlen Sie die, die am besten zu Ihrem Hauttyp passt:<\/p>\n<ul>\n<li>leicht f\u00fcr helle Haut<\/li>\n<li>mittel f\u00fcr mittelhelle Haut<\/li>\n<li>stark f\u00fcr dunkle Haut<\/li>\n<\/ul>\n<p><a class=\"et_pb_button et_pb_button_0 et_pb_module et_pb_bg_layout_light\" title=\"Prospecto de Tanvitil gel\" href=\"\/wp-content\/uploads\/2017\/10\/corrector-vitiligo-tanvitil-gel.pdf\">Den Prospekt herunterladen<\/a><\/p>\t\t\t<\/div>\n\t\t\t\t\t<div class=\"woocommerce-Tabs-panel woocommerce-Tabs-panel--additional_information panel entry-content wc-tab\" id=\"tab-additional_information\" role=\"tabpanel\" aria-labelledby=\"tab-title-additional_information\">\n\t\t\t\t\n\t<h2>Zus\u00e4tzliche Informationen<\/h2>\n\n<table class=\"shop_attributes\">\n\t\t\t<tr>\n\t\t\t<th>Gewicht<\/th>\n\t\t\t<td class=\"product_weight\">n.\u00a0v.<\/td>\n\t\t<\/tr>\n\t\n\t\n\t<\/table>\n\t\t\t<\/div>\n\t\t\t\t\t<div class=\"woocommerce-Tabs-panel woocommerce-Tabs-panel--escaracteristicasenfeaturesfrfeaturesptfeatures-de-eigenschaften panel entry-content wc-tab\" id=\"tab-escaracteristicasenfeaturesfrfeaturesptfeatures-de-eigenschaften\" role=\"tabpanel\" aria-labelledby=\"tab-title-escaracteristicasenfeaturesfrfeaturesptfeatures-de-eigenschaften\">\n\t\t\t\t<h2 class=\"yikes-custom-woo-tab-title yikes-custom-woo-tab-title-escaracteristicasenfeaturesfrfeaturesptfeatures-de-eigenschaften\">[:es]Caracter\u00edsticas[:en]Features[:fr]Features[:pt]Features [:de] Eigenschaften [:] <\/h2><\/p>\n<p><b>Zusammensetzung: <\/b> Wasser, Alkohol, Dihydroxyaceton, Hydroxypropylmethylcellulose, Parfum, Hexylcinnamal.<\/p>\n<p><b>Darreichungsform: <\/b> 30 ml.<\/p>\n<p>\t\t\t<\/div>\n\t\t\t\t\t<div class=\"woocommerce-Tabs-panel woocommerce-Tabs-panel--esadvertenciasen-warnings-fr-avertissementspt-advertencias-de-hinweise panel entry-content wc-tab\" id=\"tab-esadvertenciasen-warnings-fr-avertissementspt-advertencias-de-hinweise\" role=\"tabpanel\" aria-labelledby=\"tab-title-esadvertenciasen-warnings-fr-avertissementspt-advertencias-de-hinweise\">\n\t\t\t\t<h2 class=\"yikes-custom-woo-tab-title yikes-custom-woo-tab-title-esadvertenciasen-warnings-fr-avertissementspt-advertencias-de-hinweise\"> [:es]Advertencias[:en] Warnings [:fr] Avertissements[:pt] Advert\u00eancias [:de] Hinweise [:] <\/h2><\/p>\n<ul>\n<li>Vermeiden Sie den Kontakt zu Wasser innerhalb der n\u00e4chsten 3 Stunden nach der Anwendung.<\/li>\n<li>Waschen Sie Ihre H\u00e4nde nach jeder Anwendung sorgf\u00e4ltig, achten Sie dabei besonders auf die N\u00e4gel und umliegende Nagelhaut.<\/li>\n<li>Das Gel darf nicht in die Augen oder an Schleimh\u00e4ute geraten.<\/li>\n<li>Sollte es dennoch in die Augen kommen, diese sofort mit reichlich Wasser aussp\u00fclen.<\/li>\n<li>Es verf\u00fcgt nicht \u00fcber einen UV-Filter und bietet keinen Sonnenschutz.<\/li>\n<li>Sie sollten bei Sonneneinstrahlung zus\u00e4tzlich Sonnencreme benutzen.<\/li>\n<li>K\u00fchl und trocken lagern.<\/li>\n<li>Nicht in der Reichweite von Kindern aufbewahren.<\/li>\n<li>Entz\u00fcndbar, nicht in der N\u00e4he einer W\u00e4rmequelle anwenden.<\/li>\n<li>Nicht zum Verzehr geeignet.<\/li>\n<\/ul>\n<p>\t\t\t<\/div>\n\t\t\t\t\t<div class=\"woocommerce-Tabs-panel woocommerce-Tabs-panel--es-modo-de-empleo-en-how-to-apply-fr-mode-demploi-pt-modo-de-utilizacao-de-de-anwendung panel entry-content wc-tab\" id=\"tab-es-modo-de-empleo-en-how-to-apply-fr-mode-demploi-pt-modo-de-utilizacao-de-de-anwendung\" role=\"tabpanel\" aria-labelledby=\"tab-title-es-modo-de-empleo-en-how-to-apply-fr-mode-demploi-pt-modo-de-utilizacao-de-de-anwendung\">\n\t\t\t\t<h2 class=\"yikes-custom-woo-tab-title yikes-custom-woo-tab-title-es-modo-de-empleo-en-how-to-apply-fr-mode-demploi-pt-modo-de-utilizacao-de-de-anwendung\">[:es] Modo de empleo [:en] How to apply [:fr] Mode d\u2019emploi [:pt] Modo de utiliza\u00e7\u00e3o [:de] [:de] Anwendung [:] <\/h2><\/p>\n<ul>\n<li>Bei der Anwendung muss auf die Haut um die betroffene Partie Vaseline zum Schutz aufgetragen werden.<\/li>\n<li>Das Gel wird auf die depigmentierte Stelle mit dem Pinsel aufgetragen.<\/li>\n<li>Tragen Sie das Gel mit dem Pinsel m\u00f6glichst gleichm\u00e4\u00dfig und entlang der R\u00e4nder auf.<\/li>\n<\/ul>\n<p>Insbesondere bei ungleichm\u00e4\u00dfigen Flecken sollte die umliegende Haut mit Vaseline gesch\u00fctzt werden, damit die pigmentierten Bereiche nicht zus\u00e4tzliche get\u00f6nt werden. Der Farbton wird etwa 3 bis 4 Stunden nach der Anwendung sichtbar.<\/p>\n<p>Die Anwendung wird so oft wiederholt, bis der gew\u00fcnschte Farbton erreicht ist. Um zu vermeiden, dass der gew\u00fcnschte Farbton verfehlt wird, sollte das Produkt nur einmal pro Tag angewendet werden.<\/p>\n<p>\t\t\t<\/div>\n\t\t\t\t\t<div class=\"woocommerce-Tabs-panel woocommerce-Tabs-panel--esrecomendacionesenrecommendationsfr-recommandationspt-recomendacoes-de-empfehlungen panel entry-content wc-tab\" id=\"tab-esrecomendacionesenrecommendationsfr-recommandationspt-recomendacoes-de-empfehlungen\" role=\"tabpanel\" aria-labelledby=\"tab-title-esrecomendacionesenrecommendationsfr-recommandationspt-recomendacoes-de-empfehlungen\">\n\t\t\t\t<h2 class=\"yikes-custom-woo-tab-title yikes-custom-woo-tab-title-esrecomendacionesenrecommendationsfr-recommandationspt-recomendacoes-de-empfehlungen\">[:es]Recomendaciones[:en]Recommendations[:fr] Recommandations[:pt] Recomenda\u00e7\u00f5es [:de] Empfehlungen [:]<\/h2><\/p>\n<ul>\n<li>Wenden Sie das abdeckende Make-up erst einmal auf einer kleinen Partie an, um die Wirkung zu sehen.<\/li>\n<li>Bevor Sie neue Schichten auftragen, beachten Sie bitte, dass die Wirkung etwa 20 Minuten nach der ersten Anwendung einsetzt.<\/li>\n<li>Cremen Sie die betroffene Stelle mit feuchtigkeitsspendender Creme ein.<\/li>\n<li>Der Effekt einer einzigen Anwendung von Tanvitil kann je nach Person und Hauttyp 3 bis 6 Tage anhalten.<\/li>\n<li>Bei der Anwendung muss mindestens 1 mm Abstand zur pigmentierten Haut eingehalten werden, damit sich die Farbe nur innerhalb des Fleckens ausbreitet.<\/li>\n<\/ul>\n<p>\t\t\t<\/div>\n\t\t\t<\/div>\n\n\n<\/div><!-- #product-269 -->\n\n\t\t\t<\/div>\n\t\t\t<\/div>[\/et_pb_code][\/et_pb_column][\/et_pb_row][\/et_pb_section][et_pb_section bb_built=&#8220;1&#8243; background_color=&#8220;#ffffff&#8220; _builder_version=&#8220;3.0.91&#8243; custom_padding=&#8220;0px|0px|0px|0px&#8220; prev_background_color=&#8220;#000000&#8243;][et_pb_row use_custom_width=&#8220;on&#8220; width_unit=&#8220;off&#8220; custom_width_percent=&#8220;90%&#8220; use_custom_gutter=&#8220;on&#8220; gutter_width=&#8220;1&#8243; custom_padding=&#8220;0px|0px|0px|0px&#8220; make_equal=&#8220;on&#8220; _builder_version=&#8220;3.0.91&#8243; module_alignment=&#8220;center&#8220;][et_pb_column type=&#8220;1_2&#8243;][et_pb_image src=&#8220;https:\/\/www.tanvitil.com\/wp-content\/uploads\/chica-con-manchas-de-vitiligo.jpg&#8220; url=&#8220;\/maquillaje-vitiligo\/tanvitil-gel&#8220; align=&#8220;center&#8220; _builder_version=&#8220;3.0.99&#8243; \/][\/et_pb_column][et_pb_column type=&#8220;1_2&#8243;][et_pb_blurb title=&#8220;Tanvitil Spray&#8220; url=&#8220;\/maquillaje-vitiligo\/tanvitil-spray&#8220; background_layout=&#8220;dark&#8220; image_max_width=&#8220;76%&#8220; content_max_width=&#8220;90%&#8220; module_class=&#8220;tanvitil-footer&#8220; _builder_version=&#8220;3.0.105&#8243; header_level=&#8220;h3&#8243; header_font_size=&#8220;47px&#8220; body_font_size=&#8220;18px&#8220; background_color=&#8220;rgba(204,0,134,0.88)&#8220; module_alignment=&#8220;left&#8220; custom_margin=&#8220;16%|||&#8220; custom_padding=&#8220;24px|24px|32px|24px&#8220; url_new_window=&#8220;on&#8220; use_icon=&#8220;off&#8220; use_circle=&#8220;off&#8220; use_circle_border=&#8220;off&#8220; icon_placement=&#8220;top&#8220; use_icon_font_size=&#8220;off&#8220;]<\/p>\n<p>Tanvitil spray, recomendado para zonas amplias<\/p>\n<p><a class=\"et_pb_button \" title=\"\" href=\"\/maquillaje-vitiligo\/tanvitil-spray\">Tanvitil spray<\/a><\/p>\n<p>[\/et_pb_blurb][\/et_pb_column][\/et_pb_row][\/et_pb_section]<\/p>\n","protected":false},"excerpt":{"rendered":"<p>[et_pb_section bb_built=&#8220;1&#8243; module_id=&#8220;exContent&#8220; _builder_version=&#8220;3.0.82&#8243; custom_padding=&#8220;33px|0px|62px|0px&#8220; next_background_color=&#8220;#000000&#8243;][et_pb_row custom_padding=&#8220;|0px|40px|0px&#8220; custom_margin=&#8220;40px|||&#8220; background_color=&#8220;#ffffff&#8220; module_class_1=&#8220;exPage&#8220; _builder_version=&#8220;3.0.91&#8243; background_size=&#8220;initial&#8220; background_position=&#8220;top_left&#8220; background_repeat=&#8220;repeat&#8220;][et_pb_column type=&#8220;4_4&#8243;][et_pb_code _builder_version=&#8220;3.0.101&#8243;][\/et_pb_code][\/et_pb_column][\/et_pb_row][\/et_pb_section][et_pb_section bb_built=&#8220;1&#8243; background_color=&#8220;#ffffff&#8220; _builder_version=&#8220;3.0.91&#8243; custom_padding=&#8220;0px|0px|0px|0px&#8220; prev_background_color=&#8220;#000000&#8243;][et_pb_row use_custom_width=&#8220;on&#8220; width_unit=&#8220;off&#8220; custom_width_percent=&#8220;90%&#8220; use_custom_gutter=&#8220;on&#8220; gutter_width=&#8220;1&#8243; custom_padding=&#8220;0px|0px|0px|0px&#8220; make_equal=&#8220;on&#8220; _builder_version=&#8220;3.0.91&#8243; module_alignment=&#8220;center&#8220;][et_pb_column type=&#8220;1_2&#8243;][et_pb_image src=&#8220;https:\/\/www.tanvitil.com\/wp-content\/uploads\/chica-con-manchas-de-vitiligo.jpg&#8220; url=&#8220;\/maquillaje-vitiligo\/tanvitil-gel&#8220; align=&#8220;center&#8220; _builder_version=&#8220;3.0.99&#8243; \/][\/et_pb_column][et_pb_column type=&#8220;1_2&#8243;][et_pb_blurb title=&#8220;Tanvitil Spray&#8220; url=&#8220;\/maquillaje-vitiligo\/tanvitil-spray&#8220; background_layout=&#8220;dark&#8220; image_max_width=&#8220;76%&#8220; content_max_width=&#8220;90%&#8220; module_class=&#8220;tanvitil-footer&#8220; _builder_version=&#8220;3.0.105&#8243; header_level=&#8220;h3&#8243; header_font_size=&#8220;47px&#8220; body_font_size=&#8220;18px&#8220; background_color=&#8220;rgba(204,0,134,0.88)&#8220; module_alignment=&#8220;left&#8220; custom_margin=&#8220;16%|||&#8220; custom_padding=&#8220;24px|24px|32px|24px&#8220; url_new_window=&#8220;on&#8220; use_icon=&#8220;off&#8220; use_circle=&#8220;off&#8220; [&hellip;]<\/p>\n","protected":false},"author":1,"featured_media":0,"parent":2391,"menu_order":0,"comment_status":"closed","ping_status":"closed","template":"","meta":{"_et_pb_use_builder":"on","_et_pb_old_content":"","_et_gb_content_width":"","footnotes":""},"class_list":["post-362","page","type-page","status-publish","hentry"],"_links":{"self":[{"href":"https:\/\/www.tanvitil.com\/de\/wp-json\/wp\/v2\/pages\/362","targetHints":{"allow":["GET"]}}],"collection":[{"href":"https:\/\/www.tanvitil.com\/de\/wp-json\/wp\/v2\/pages"}],"about":[{"href":"https:\/\/www.tanvitil.com\/de\/wp-json\/wp\/v2\/types\/page"}],"author":[{"embeddable":true,"href":"https:\/\/www.tanvitil.com\/de\/wp-json\/wp\/v2\/users\/1"}],"replies":[{"embeddable":true,"href":"https:\/\/www.tanvitil.com\/de\/wp-json\/wp\/v2\/comments?post=362"}],"version-history":[{"count":1,"href":"https:\/\/www.tanvitil.com\/de\/wp-json\/wp\/v2\/pages\/362\/revisions"}],"predecessor-version":[{"id":2385,"href":"https:\/\/www.tanvitil.com\/de\/wp-json\/wp\/v2\/pages\/362\/revisions\/2385"}],"up":[{"embeddable":true,"href":"https:\/\/www.tanvitil.com\/de\/wp-json\/wp\/v2\/pages\/2391"}],"wp:attachment":[{"href":"https:\/\/www.tanvitil.com\/de\/wp-json\/wp\/v2\/media?parent=362"}],"curies":[{"name":"wp","href":"https:\/\/api.w.org\/{rel}","templated":true}]}}