{"id":407,"date":"2017-10-19T09:34:02","date_gmt":"2017-10-19T07:34:02","guid":{"rendered":"http:\/\/www.tanvitil.com\/?page_id=407"},"modified":"2019-09-26T17:13:30","modified_gmt":"2019-09-26T15:13:30","slug":"como-elegir-el-tono-adecuado","status":"publish","type":"page","link":"https:\/\/www.tanvitil.com\/de\/ayuda\/como-elegir-el-tono-adecuado\/","title":{"rendered":"Den richtigen Farbton ausw\u00e4hlen"},"content":{"rendered":"<p>[et_pb_section bb_built=&#8220;1&#8243; inner_shadow=&#8220;on&#8220; make_equal=&#8220;on&#8220; specialty=&#8220;on&#8220; module_id=&#8220;exContent&#8220; _builder_version=&#8220;3.0.82&#8243; custom_padding=&#8220;54px|0px|52px|0px&#8220; next_background_color=&#8220;rgba(104,118,138,0.05)&#8220; inner_width=&#8220;auto&#8220; inner_max_width=&#8220;1320px&#8220;][et_pb_column type=&#8220;2_3&#8243; specialty_columns=&#8220;2&#8243;][et_pb_row_inner custom_padding=&#8220;0px|0px|0px|0px&#8220; _builder_version=&#8220;3.0.82&#8243;][et_pb_column_inner type=&#8220;4_4&#8243; saved_specialty_column_type=&#8220;2_3&#8243; module_class=&#8220;exPage exText&#8220; custom_padding__hover=&#8220;|||&#8220; custom_padding=&#8220;|||&#8220; saved_specialty_column_type=&#8220;2_3&#8243;][et_pb_text admin_label=&#8220;Text&#8220; _builder_version=&#8220;3.27.4&#8243; background_size=&#8220;initial&#8220; background_position=&#8220;top_left&#8220; background_repeat=&#8220;repeat&#8220; background_layout=&#8220;light&#8220; text_orientation=&#8220;left&#8220;]<\/p>\n<h1>Den richtigen Farbton ausw\u00e4hlen<\/h1>\n<p>Unsere Concealers zur Anwendung bei Vitiligo sind in drei verschiedenen Farbt\u00f6nen erh\u00e4ltlich: leicht f\u00fcr helle Haut (Phototyp I-II), mittel f\u00fcr mittelhelle Haut (Phototyp III) und stark f\u00fcr dunkle Haut (ab Phototyp IV).<\/p>\n<p>[\/et_pb_text][et_pb_blurb title=&#8220;Phototyp I&#8220; use_icon=&#8220;on&#8220; font_icon=&#8220;%%205%%&#8220; icon_color=&#8220;#faf5f7&#8243; icon_placement=&#8220;left&#8220; content_max_width=&#8220;80%&#8220; use_icon_font_size=&#8220;on&#8220; icon_font_size=&#8220;110px&#8220; _builder_version=&#8220;3.0.101&#8243; header_font_size=&#8220;28px&#8220; custom_margin=&#8220;40px||20px|&#8220; custom_padding=&#8220;20px||20px|&#8220; box_shadow_style=&#8220;preset3&#8243; box_shadow_vertical=&#8220;4px&#8220; box_shadow_blur=&#8220;4px&#8220; box_shadow_spread=&#8220;-5px&#8220; circle_border_color=&#8220;rgba(0,0,0,0.77)&#8220; url_new_window=&#8220;off&#8220; background_color_gradient_overlays_image=&#8220;off&#8220; use_circle=&#8220;off&#8220; use_circle_border=&#8220;off&#8220; background_layout=&#8220;light&#8220;]<\/p>\n<p>\nPersonen mit sehr blasser Haut, \u00fcberwiegend rothaarig, die sich in der Sonne schnell verbrennen, fast nicht br\u00e4unen und allergisch auf l\u00e4ngere Sonneneinstrahlung reagieren.<\/p>\n<p>[\/et_pb_blurb][et_pb_blurb title=&#8220;Phototyp II&#8220; use_icon=&#8220;on&#8220; font_icon=&#8220;%%205%%&#8220; icon_color=&#8220;#f6eee3&#8243; use_circle=&#8220;on&#8220; circle_color=&#8220;#ffffff&#8220; icon_placement=&#8220;left&#8220; content_max_width=&#8220;80%&#8220; use_icon_font_size=&#8220;on&#8220; icon_font_size=&#8220;110px&#8220; _builder_version=&#8220;3.0.101&#8243; header_font_size=&#8220;28px&#8220; custom_margin=&#8220;20px||20px|&#8220; custom_padding=&#8220;20px||20px|&#8220; box_shadow_style=&#8220;preset3&#8243; box_shadow_vertical=&#8220;4px&#8220; box_shadow_blur=&#8220;4px&#8220; box_shadow_spread=&#8220;-5px&#8220; box_shadow_color=&#8220;rgba(0,0,0,0.56)&#8220; url_new_window=&#8220;off&#8220; background_color_gradient_overlays_image=&#8220;off&#8220; use_circle_border=&#8220;off&#8220; background_layout=&#8220;light&#8220;]<\/p>\n<p>\nPersonen mit heller und empfindlicher Haut, \u00fcberwiegend blonde oder helle Haare. Sowie auch bei Phototyp I br\u00e4unen sie sich kaum und reagieren allergisch auf l\u00e4ngere Sonneneinstrahlung.<\/p>\n<p>[\/et_pb_blurb][et_pb_blurb title=&#8220;Phototyp III&#8220; use_icon=&#8220;on&#8220; font_icon=&#8220;%%205%%&#8220; icon_color=&#8220;#f3e8d9&#8243; use_circle=&#8220;on&#8220; circle_color=&#8220;#ffffff&#8220; icon_placement=&#8220;left&#8220; content_max_width=&#8220;80%&#8220; use_icon_font_size=&#8220;on&#8220; icon_font_size=&#8220;110px&#8220; _builder_version=&#8220;3.0.101&#8243; header_font_size=&#8220;28px&#8220; custom_margin=&#8220;20px||20px|&#8220; custom_padding=&#8220;20px||20px|&#8220; box_shadow_style=&#8220;preset3&#8243; box_shadow_vertical=&#8220;4px&#8220; box_shadow_blur=&#8220;4px&#8220; box_shadow_spread=&#8220;-5px&#8220; url_new_window=&#8220;off&#8220; background_color_gradient_overlays_image=&#8220;off&#8220; use_circle_border=&#8220;off&#8220; background_layout=&#8220;light&#8220;]<\/p>\n<p>\nDies ist der verbreiteste Typ und umfasst Personen mit hellbraunen Haaren und mittelheller Haut. Bei Sonneneinstrahlung werden sie erst rot und beginnen dann sich zu br\u00e4unen. Zu diesem Typ geh\u00f6ren vor allem Deutsche und D\u00e4nen, er ist unter S\u00fcdeurop\u00e4ern eher selten.<\/p>\n<p>[\/et_pb_blurb][et_pb_blurb title=&#8220;Phototyp IV&#8220; use_icon=&#8220;on&#8220; font_icon=&#8220;%%205%%&#8220; icon_color=&#8220;#e6cfb0&#8243; use_circle=&#8220;on&#8220; circle_color=&#8220;#ffffff&#8220; icon_placement=&#8220;left&#8220; content_max_width=&#8220;80%&#8220; use_icon_font_size=&#8220;on&#8220; icon_font_size=&#8220;110px&#8220; _builder_version=&#8220;3.0.101&#8243; header_font_size=&#8220;28px&#8220; custom_margin=&#8220;20px||20px|&#8220; custom_padding=&#8220;20px||20px|&#8220; box_shadow_style=&#8220;preset3&#8243; box_shadow_vertical=&#8220;4px&#8220; box_shadow_blur=&#8220;4px&#8220; box_shadow_spread=&#8220;-5px&#8220; url_new_window=&#8220;off&#8220; background_color_gradient_overlays_image=&#8220;off&#8220; use_circle_border=&#8220;off&#8220; background_layout=&#8220;light&#8220;]<\/p>\n<p>\nHierzu geh\u00f6ren Personen mit braunen oder schwarzen Haaren, dunkler Haut, die sich bei Sonne schnellt br\u00e4unt. Sehr gew\u00f6hnlich f\u00fcr S\u00fcdeurop\u00e4er und absolut selten bei Norwegern.<\/p>\n<p>[\/et_pb_blurb][et_pb_blurb title=&#8220;Phototyp V&#8220; use_icon=&#8220;on&#8220; font_icon=&#8220;%%205%%&#8220; icon_color=&#8220;#cda162&#8243; use_circle=&#8220;on&#8220; circle_color=&#8220;#ffffff&#8220; icon_placement=&#8220;left&#8220; content_max_width=&#8220;80%&#8220; use_icon_font_size=&#8220;on&#8220; icon_font_size=&#8220;110px&#8220; _builder_version=&#8220;3.0.101&#8243; header_font_size=&#8220;28px&#8220; custom_margin=&#8220;20px||20px|&#8220; custom_padding=&#8220;20px||20px|&#8220; box_shadow_style=&#8220;preset3&#8243; box_shadow_vertical=&#8220;4px&#8220; box_shadow_blur=&#8220;4px&#8220; box_shadow_spread=&#8220;-5px&#8220; url_new_window=&#8220;off&#8220; background_color_gradient_overlays_image=&#8220;off&#8220; use_circle_border=&#8220;off&#8220; background_layout=&#8220;light&#8220;]<\/p>\n<p>\nPersonen deren Haut noch dunkler ist als die, der zum Phototyp IV Geh\u00f6rigen.<\/p>\n<p>[\/et_pb_blurb][et_pb_blurb title=&#8220;Phototyp VI&#8220; use_icon=&#8220;on&#8220; font_icon=&#8220;%%205%%&#8220; icon_color=&#8220;#5b5b5d&#8220; use_circle=&#8220;on&#8220; circle_color=&#8220;#ffffff&#8220; icon_placement=&#8220;left&#8220; content_max_width=&#8220;80%&#8220; use_icon_font_size=&#8220;on&#8220; icon_font_size=&#8220;110px&#8220; _builder_version=&#8220;3.27.4&#8243; header_font_size=&#8220;28px&#8220; custom_margin=&#8220;20px|0px|20px|0px&#8220; custom_padding=&#8220;20px|0px|20px|0px&#8220; box_shadow_horizontal_image_tablet=&#8220;0px&#8220; box_shadow_vertical_image_tablet=&#8220;0px&#8220; box_shadow_blur_image_tablet=&#8220;40px&#8220; box_shadow_spread_image_tablet=&#8220;0px&#8220; text_shadow_horizontal_length=&#8220;text_shadow_style,%91object Object%93&#8243; text_shadow_horizontal_length_tablet=&#8220;0px&#8220; text_shadow_vertical_length=&#8220;text_shadow_style,%91object Object%93&#8243; text_shadow_vertical_length_tablet=&#8220;0px&#8220; text_shadow_blur_strength=&#8220;text_shadow_style,%91object Object%93&#8243; text_shadow_blur_strength_tablet=&#8220;1px&#8220; header_text_shadow_horizontal_length=&#8220;header_text_shadow_style,%91object Object%93&#8243; header_text_shadow_horizontal_length_tablet=&#8220;0px&#8220; header_text_shadow_vertical_length=&#8220;header_text_shadow_style,%91object Object%93&#8243; header_text_shadow_vertical_length_tablet=&#8220;0px&#8220; header_text_shadow_blur_strength=&#8220;header_text_shadow_style,%91object Object%93&#8243; header_text_shadow_blur_strength_tablet=&#8220;1px&#8220; body_text_shadow_horizontal_length=&#8220;body_text_shadow_style,%91object Object%93&#8243; body_text_shadow_horizontal_length_tablet=&#8220;0px&#8220; body_text_shadow_vertical_length=&#8220;body_text_shadow_style,%91object Object%93&#8243; body_text_shadow_vertical_length_tablet=&#8220;0px&#8220; body_text_shadow_blur_strength=&#8220;body_text_shadow_style,%91object Object%93&#8243; body_text_shadow_blur_strength_tablet=&#8220;1px&#8220; body_link_text_shadow_horizontal_length=&#8220;body_link_text_shadow_style,%91object Object%93&#8243; body_link_text_shadow_horizontal_length_tablet=&#8220;0px&#8220; body_link_text_shadow_vertical_length=&#8220;body_link_text_shadow_style,%91object Object%93&#8243; body_link_text_shadow_vertical_length_tablet=&#8220;0px&#8220; body_link_text_shadow_blur_strength=&#8220;body_link_text_shadow_style,%91object Object%93&#8243; body_link_text_shadow_blur_strength_tablet=&#8220;1px&#8220; body_ul_text_shadow_horizontal_length=&#8220;body_ul_text_shadow_style,%91object Object%93&#8243; body_ul_text_shadow_horizontal_length_tablet=&#8220;0px&#8220; body_ul_text_shadow_vertical_length=&#8220;body_ul_text_shadow_style,%91object Object%93&#8243; body_ul_text_shadow_vertical_length_tablet=&#8220;0px&#8220; body_ul_text_shadow_blur_strength=&#8220;body_ul_text_shadow_style,%91object Object%93&#8243; body_ul_text_shadow_blur_strength_tablet=&#8220;1px&#8220; body_ol_text_shadow_horizontal_length=&#8220;body_ol_text_shadow_style,%91object Object%93&#8243; body_ol_text_shadow_horizontal_length_tablet=&#8220;0px&#8220; body_ol_text_shadow_vertical_length=&#8220;body_ol_text_shadow_style,%91object Object%93&#8243; body_ol_text_shadow_vertical_length_tablet=&#8220;0px&#8220; body_ol_text_shadow_blur_strength=&#8220;body_ol_text_shadow_style,%91object Object%93&#8243; body_ol_text_shadow_blur_strength_tablet=&#8220;1px&#8220; body_quote_text_shadow_horizontal_length=&#8220;body_quote_text_shadow_style,%91object Object%93&#8243; body_quote_text_shadow_horizontal_length_tablet=&#8220;0px&#8220; body_quote_text_shadow_vertical_length=&#8220;body_quote_text_shadow_style,%91object Object%93&#8243; body_quote_text_shadow_vertical_length_tablet=&#8220;0px&#8220; body_quote_text_shadow_blur_strength=&#8220;body_quote_text_shadow_style,%91object Object%93&#8243; body_quote_text_shadow_blur_strength_tablet=&#8220;1px&#8220; box_shadow_horizontal_tablet=&#8220;0px&#8220; box_shadow_vertical_tablet=&#8220;0px&#8220; box_shadow_blur_tablet=&#8220;40px&#8220; box_shadow_spread_tablet=&#8220;0px&#8220; z_index_tablet=&#8220;500&#8243;]<\/p>\n<p>Personen mit sehr dunkler Haut (dunkelh\u00e4utig), typisch f\u00fcr Afrikaner und Aborigines.<\/p>\n<p>[\/et_pb_blurb][\/et_pb_column_inner][\/et_pb_row_inner][\/et_pb_column][et_pb_column type=&#8220;1_3&#8243;][et_pb_sidebar admin_label=&#8220;Barra Ayuda&#8220; area=&#8220;et_pb_widget_area_4&#8243; show_border=&#8220;off&#8220; module_id=&#8220;ex_sidebar&#8220; module_class=&#8220;ex_sidebar&#8220; _builder_version=&#8220;3.0.101&#8243; header_font=&#8220;|||on|||||&#8220; header_text_color=&#8220;#ffffff&#8220; body_font=&#8220;|600|||||||&#8220; body_font_size=&#8220;15px&#8220; body_text_color=&#8220;#000000&#8243; body_line_height=&#8220;2.4em&#8220; background_color=&#8220;#ffffff&#8220; text_orientation=&#8220;left&#8220; custom_margin=&#8220;|||&#8220; custom_padding=&#8220;20px|20px|20px|20px&#8220; global_module=&#8220;825&#8243; saved_tabs=&#8220;all&#8220; orientation=&#8220;left&#8220; background_layout=&#8220;light&#8220; background_color_gradient_overlays_image=&#8220;off&#8220; \/][\/et_pb_column][\/et_pb_section][et_pb_section bb_built=&#8220;1&#8243; admin_label=&#8220;Tanvitil gel y tanvitil spray&#8220; _builder_version=&#8220;3.22&#8243; background_color=&#8220;rgba(104,118,138,0.05)&#8220; prev_background_color=&#8220;#ffffff&#8220; inner_width=&#8220;auto&#8220; inner_max_width=&#8220;1320px&#8220; global_module=&#8220;2516&#8243;][et_pb_row global_parent=&#8220;2516&#8243; column_structure=&#8220;1_3,1_3,1_3&#8243; make_equal=&#8220;on&#8220; _builder_version=&#8220;3.25&#8243; custom_padding=&#8220;|||&#8220;][et_pb_column type=&#8220;1_3&#8243; global_parent=&#8220;2516&#8243; _builder_version=&#8220;3.0.47&#8243; background_color=&#8220;#ffffff&#8220; custom_padding=&#8220;24px|24px|24px|24px&#8220; custom_padding__hover=&#8220;|||&#8220;][et_pb_blurb global_parent=&#8220;2516&#8243; title=&#8220;Tanvitil Spray&#8220; url=&#8220;https:\/\/www.tanvitil.com\/maquillaje-vitiligo\/tanvitil-spray\/&#8220; image=&#8220;https:\/\/www.tanvitil.com\/wp-content\/uploads\/2017\/10\/maquillaje-vitiligo-tanvitil-spray.jpg&#8220; alt=&#8220;Tanvitil Spray, maquillaje tonalizador para las manchas de vitiligo&#8220; _builder_version=&#8220;3.0.106&#8243; header_level=&#8220;h2&#8243; body_text_align=&#8220;center&#8220; text_orientation=&#8220;center&#8220;]<\/p>\n<\/p>\n<p>[\/et_pb_blurb][et_pb_button global_parent=&#8220;2516&#8243; button_url=&#8220;https:\/\/www.tanvitil.com\/maquillaje-vitiligo\/tanvitil-spray\/&#8220; button_text=&#8220;Elige tu tono&#8220; _builder_version=&#8220;3.26.6&#8243; button_text_size__hover_enabled=&#8220;off&#8220; button_text_size__hover=&#8220;null&#8220; button_one_text_size__hover_enabled=&#8220;off&#8220; button_one_text_size__hover=&#8220;null&#8220; button_two_text_size__hover_enabled=&#8220;off&#8220; button_two_text_size__hover=&#8220;null&#8220; button_text_color__hover_enabled=&#8220;off&#8220; button_text_color__hover=&#8220;null&#8220; button_one_text_color__hover_enabled=&#8220;off&#8220; button_one_text_color__hover=&#8220;null&#8220; button_two_text_color__hover_enabled=&#8220;off&#8220; button_two_text_color__hover=&#8220;null&#8220; button_border_width__hover_enabled=&#8220;off&#8220; button_border_width__hover=&#8220;null&#8220; button_one_border_width__hover_enabled=&#8220;off&#8220; button_one_border_width__hover=&#8220;null&#8220; button_two_border_width__hover_enabled=&#8220;off&#8220; button_two_border_width__hover=&#8220;null&#8220; button_border_color__hover_enabled=&#8220;off&#8220; button_border_color__hover=&#8220;null&#8220; button_one_border_color__hover_enabled=&#8220;off&#8220; button_one_border_color__hover=&#8220;null&#8220; button_two_border_color__hover_enabled=&#8220;off&#8220; button_two_border_color__hover=&#8220;null&#8220; button_border_radius__hover_enabled=&#8220;off&#8220; button_border_radius__hover=&#8220;null&#8220; button_one_border_radius__hover_enabled=&#8220;off&#8220; button_one_border_radius__hover=&#8220;null&#8220; button_two_border_radius__hover_enabled=&#8220;off&#8220; button_two_border_radius__hover=&#8220;null&#8220; button_letter_spacing__hover_enabled=&#8220;off&#8220; button_letter_spacing__hover=&#8220;null&#8220; button_one_letter_spacing__hover_enabled=&#8220;off&#8220; button_one_letter_spacing__hover=&#8220;null&#8220; button_two_letter_spacing__hover_enabled=&#8220;off&#8220; button_two_letter_spacing__hover=&#8220;null&#8220; button_bg_color__hover_enabled=&#8220;off&#8220; button_bg_color__hover=&#8220;null&#8220; button_one_bg_color__hover_enabled=&#8220;off&#8220; button_one_bg_color__hover=&#8220;null&#8220; button_two_bg_color__hover_enabled=&#8220;off&#8220; button_two_bg_color__hover=&#8220;null&#8220;]<\/p>\n<\/p>\n<p>[\/et_pb_button][\/et_pb_column][et_pb_column type=&#8220;1_3&#8243; global_parent=&#8220;2516&#8243; _builder_version=&#8220;3.0.47&#8243; background_color=&#8220;#ffffff&#8220; custom_padding=&#8220;24px|24px|24px|24px&#8220; custom_padding__hover=&#8220;|||&#8220;][et_pb_blurb global_parent=&#8220;2516&#8243; title=&#8220;Tanvitil Gel&#8220; url=&#8220;https:\/\/www.tanvitil.com\/maquillaje-vitiligo\/tanvitil-gel\/&#8220; image=&#8220;https:\/\/www.tanvitil.com\/wp-content\/uploads\/2017\/10\/maquillaje-vitiligo-tanvitil-gel.jpg&#8220; alt=&#8220;Tanvitil Gel, maquillaje corrector para personas con vit\u00edligo &#8220; _builder_version=&#8220;3.0.106&#8243; header_level=&#8220;h2&#8243; body_text_align=&#8220;center&#8220; text_orientation=&#8220;center&#8220;]<\/p>\n<\/p>\n<p>[\/et_pb_blurb][et_pb_button global_parent=&#8220;2516&#8243; button_url=&#8220;https:\/\/www.tanvitil.com\/maquillaje-vitiligo\/tanvitil-gel\/&#8220; button_text=&#8220;Elige tu tono&#8220; _builder_version=&#8220;3.26.6&#8243; hover_enabled=&#8220;0&#8243; button_text_size__hover_enabled=&#8220;off&#8220; button_text_size__hover=&#8220;null&#8220; button_one_text_size__hover_enabled=&#8220;off&#8220; button_one_text_size__hover=&#8220;null&#8220; button_two_text_size__hover_enabled=&#8220;off&#8220; button_two_text_size__hover=&#8220;null&#8220; button_text_color__hover_enabled=&#8220;off&#8220; button_text_color__hover=&#8220;null&#8220; button_one_text_color__hover_enabled=&#8220;off&#8220; button_one_text_color__hover=&#8220;null&#8220; button_two_text_color__hover_enabled=&#8220;off&#8220; button_two_text_color__hover=&#8220;null&#8220; button_border_width__hover_enabled=&#8220;off&#8220; button_border_width__hover=&#8220;null&#8220; button_one_border_width__hover_enabled=&#8220;off&#8220; button_one_border_width__hover=&#8220;null&#8220; button_two_border_width__hover_enabled=&#8220;off&#8220; button_two_border_width__hover=&#8220;null&#8220; button_border_color__hover_enabled=&#8220;off&#8220; button_border_color__hover=&#8220;null&#8220; button_one_border_color__hover_enabled=&#8220;off&#8220; button_one_border_color__hover=&#8220;null&#8220; button_two_border_color__hover_enabled=&#8220;off&#8220; button_two_border_color__hover=&#8220;null&#8220; button_border_radius__hover_enabled=&#8220;off&#8220; button_border_radius__hover=&#8220;null&#8220; button_one_border_radius__hover_enabled=&#8220;off&#8220; button_one_border_radius__hover=&#8220;null&#8220; button_two_border_radius__hover_enabled=&#8220;off&#8220; button_two_border_radius__hover=&#8220;null&#8220; button_letter_spacing__hover_enabled=&#8220;off&#8220; button_letter_spacing__hover=&#8220;null&#8220; button_one_letter_spacing__hover_enabled=&#8220;off&#8220; button_one_letter_spacing__hover=&#8220;null&#8220; button_two_letter_spacing__hover_enabled=&#8220;off&#8220; button_two_letter_spacing__hover=&#8220;null&#8220; button_bg_color__hover_enabled=&#8220;off&#8220; button_bg_color__hover=&#8220;null&#8220; button_one_bg_color__hover_enabled=&#8220;off&#8220; button_one_bg_color__hover=&#8220;null&#8220; button_two_bg_color__hover_enabled=&#8220;off&#8220; button_two_bg_color__hover=&#8220;null&#8220; button_alignment=&#8220;center&#8220; button_alignment_last_edited=&#8220;off|desktop&#8220;]<\/p>\n<\/p>\n<p>[\/et_pb_button][\/et_pb_column][et_pb_column type=&#8220;1_3&#8243; global_parent=&#8220;2516&#8243; _builder_version=&#8220;3.0.47&#8243; background_color=&#8220;#0078d7&#8243; custom_padding=&#8220;24px|24px|24px|24px&#8220; custom_padding__hover=&#8220;|||&#8220;][et_pb_cta admin_label=&#8220;Hay un tanvitil para ti&#8220; global_parent=&#8220;2516&#8243; title=&#8220;Hay un Tanvitil para ti&#8230;&#8220; _builder_version=&#8220;3.16&#8243; header_level=&#8220;h5&#8243; header_text_color=&#8220;rgba(255,255,255,0.8)&#8220; header_font_size=&#8220;30&#8243; header_line_height=&#8220;1.7em&#8220; body_text_color=&#8220;rgba(255,255,255,0.8)&#8220; custom_padding=&#8220;0px|0px|0px|0px&#8220; button_text_size__hover_enabled=&#8220;off&#8220; button_text_size__hover=&#8220;null&#8220; button_one_text_size__hover_enabled=&#8220;off&#8220; button_one_text_size__hover=&#8220;null&#8220; button_two_text_size__hover_enabled=&#8220;off&#8220; button_two_text_size__hover=&#8220;null&#8220; button_text_color__hover_enabled=&#8220;off&#8220; button_text_color__hover=&#8220;null&#8220; button_one_text_color__hover_enabled=&#8220;off&#8220; button_one_text_color__hover=&#8220;null&#8220; button_two_text_color__hover_enabled=&#8220;off&#8220; button_two_text_color__hover=&#8220;null&#8220; button_border_width__hover_enabled=&#8220;off&#8220; button_border_width__hover=&#8220;null&#8220; button_one_border_width__hover_enabled=&#8220;off&#8220; button_one_border_width__hover=&#8220;null&#8220; button_two_border_width__hover_enabled=&#8220;off&#8220; button_two_border_width__hover=&#8220;null&#8220; button_border_color__hover_enabled=&#8220;off&#8220; button_border_color__hover=&#8220;null&#8220; button_one_border_color__hover_enabled=&#8220;off&#8220; button_one_border_color__hover=&#8220;null&#8220; button_two_border_color__hover_enabled=&#8220;off&#8220; button_two_border_color__hover=&#8220;null&#8220; button_border_radius__hover_enabled=&#8220;off&#8220; button_border_radius__hover=&#8220;null&#8220; button_one_border_radius__hover_enabled=&#8220;off&#8220; button_one_border_radius__hover=&#8220;null&#8220; button_two_border_radius__hover_enabled=&#8220;off&#8220; button_two_border_radius__hover=&#8220;null&#8220; button_letter_spacing__hover_enabled=&#8220;off&#8220; button_letter_spacing__hover=&#8220;null&#8220; button_one_letter_spacing__hover_enabled=&#8220;off&#8220; button_one_letter_spacing__hover=&#8220;null&#8220; button_two_letter_spacing__hover_enabled=&#8220;off&#8220; button_two_letter_spacing__hover=&#8220;null&#8220; button_bg_color__hover_enabled=&#8220;off&#8220; button_bg_color__hover=&#8220;null&#8220; button_one_bg_color__hover_enabled=&#8220;off&#8220; button_one_bg_color__hover=&#8220;null&#8220; button_two_bg_color__hover_enabled=&#8220;off&#8220; button_two_bg_color__hover=&#8220;null&#8220;]<\/p>\n<div class=\"spray\"> <\/div>\n<h5>Elige entre gel y spray<\/h5>\n<p>Tanvitil gel, recomendado para manchas peque\u00f1as.<br \/>Tanvitil spray, recomendado para las manchas m\u00e1s extensas.<\/p>\n<div class=\"pantone\"> <\/div>\n<h5>Elige el tono m\u00e1s adecuado a tu piel<\/h5>\n<p>Suave, para pieles blancas, Medio para fototipos intermedios y fuerte para pieles m\u00e1s oscuras.<\/p>\n<p>[\/et_pb_cta][\/et_pb_column][\/et_pb_row][\/et_pb_section]<\/p>\n","protected":false},"excerpt":{"rendered":"<p>[et_pb_section bb_built=&#8220;1&#8243; inner_shadow=&#8220;on&#8220; make_equal=&#8220;on&#8220; specialty=&#8220;on&#8220; module_id=&#8220;exContent&#8220; _builder_version=&#8220;3.0.82&#8243; custom_padding=&#8220;54px|0px|52px|0px&#8220; next_background_color=&#8220;rgba(104,118,138,0.05)&#8220; inner_width=&#8220;auto&#8220; inner_max_width=&#8220;1320px&#8220;][et_pb_column type=&#8220;2_3&#8243; specialty_columns=&#8220;2&#8243;][et_pb_row_inner custom_padding=&#8220;0px|0px|0px|0px&#8220; _builder_version=&#8220;3.0.82&#8243;][et_pb_column_inner type=&#8220;4_4&#8243; saved_specialty_column_type=&#8220;2_3&#8243; module_class=&#8220;exPage exText&#8220; custom_padding__hover=&#8220;|||&#8220; custom_padding=&#8220;|||&#8220; saved_specialty_column_type=&#8220;2_3&#8243;][et_pb_text admin_label=&#8220;Text&#8220; _builder_version=&#8220;3.27.4&#8243; background_size=&#8220;initial&#8220; background_position=&#8220;top_left&#8220; background_repeat=&#8220;repeat&#8220; background_layout=&#8220;light&#8220; text_orientation=&#8220;left&#8220;] Den richtigen Farbton ausw\u00e4hlen Unsere Concealers zur Anwendung bei Vitiligo sind in drei verschiedenen Farbt\u00f6nen erh\u00e4ltlich: leicht f\u00fcr helle Haut (Phototyp I-II), mittel f\u00fcr mittelhelle Haut [&hellip;]<\/p>\n","protected":false},"author":1,"featured_media":313,"parent":405,"menu_order":0,"comment_status":"closed","ping_status":"closed","template":"","meta":{"_et_pb_use_builder":"on","_et_pb_old_content":"<p>Nuestra gama de correctores del vit\u00edligo est\u00e1 disponible en tres tonalidades: suave para pieles claras (fototipos I-II); medio para intermedias (fototipo III) y fuerte para pieles oscuras (IV en adelante). (confirmar con Carlos, aqu\u00ed ser\u00eda interesante meter los tonos exactos en c\u00edrculos como hace zanderm para que sea m\u00e1s visual)<\/p><h3>Fototipo I<\/h3><p>Personas de piel muy p\u00e1lida, generalmente pelirrojos, con una piel que casi siempre se quema, apenas se broncea y que suelen sufrir reacciones fotoal\u00e9rgicas al exponerse de forma prolongada a la luz solar directa.<\/p><h3>Fototipo II<\/h3><p>Personas de piel blanca, sensible y delicada, en general de cabellos rubios o claros. Al igual que las de fototipo I, apenas se broncean, con reacciones fotoal\u00e9rgicas en caso de exposici\u00f3n prolongada al sol.<\/p><h3>Fototipo III<\/h3><p>Es el m\u00e1s com\u00fan, correspondiendo a personas con cabellos casta\u00f1os y pieles intermedias, que enrojecen primero y se broncean despu\u00e9s de su exposici\u00f3n al sol, muy com\u00fan en Alemanes y Daneses, raro en italodescentes.<\/p><h3>Fototipo IV<\/h3><p>Pertenece a las personas de cabellos morenos o negros, de pieles oscuras que se broncean con rapidez al exponerse al sol directo, muy com\u00fam en italodescentes, muy raro en Noruega.<\/p><h3>Fototipo V<\/h3><p>Personas cuya piel es m\u00e1s morena que la del fototipo IV.<\/p><h3>Fototipo VI<\/h3><p>Personas de piel muy oscura (tradicionalmente denominada \"piel negra\"), propia de los africanos y Aborigenes australianos (que en la antropolog\u00eda tradicional, hoy considerada obsoleta, eran clasificados como de \"raza negra\", negroides o melanodermos).<\/p>","_et_gb_content_width":"","footnotes":""},"class_list":["post-407","page","type-page","status-publish","has-post-thumbnail","hentry"],"_links":{"self":[{"href":"https:\/\/www.tanvitil.com\/de\/wp-json\/wp\/v2\/pages\/407","targetHints":{"allow":["GET"]}}],"collection":[{"href":"https:\/\/www.tanvitil.com\/de\/wp-json\/wp\/v2\/pages"}],"about":[{"href":"https:\/\/www.tanvitil.com\/de\/wp-json\/wp\/v2\/types\/page"}],"author":[{"embeddable":true,"href":"https:\/\/www.tanvitil.com\/de\/wp-json\/wp\/v2\/users\/1"}],"replies":[{"embeddable":true,"href":"https:\/\/www.tanvitil.com\/de\/wp-json\/wp\/v2\/comments?post=407"}],"version-history":[{"count":3,"href":"https:\/\/www.tanvitil.com\/de\/wp-json\/wp\/v2\/pages\/407\/revisions"}],"predecessor-version":[{"id":2487,"href":"https:\/\/www.tanvitil.com\/de\/wp-json\/wp\/v2\/pages\/407\/revisions\/2487"}],"up":[{"embeddable":true,"href":"https:\/\/www.tanvitil.com\/de\/wp-json\/wp\/v2\/pages\/405"}],"wp:featuredmedia":[{"embeddable":true,"href":"https:\/\/www.tanvitil.com\/de\/wp-json\/wp\/v2\/media\/313"}],"wp:attachment":[{"href":"https:\/\/www.tanvitil.com\/de\/wp-json\/wp\/v2\/media?parent=407"}],"curies":[{"name":"wp","href":"https:\/\/api.w.org\/{rel}","templated":true}]}}