{"id":411,"date":"2017-10-19T09:46:48","date_gmt":"2017-10-19T07:46:48","guid":{"rendered":"http:\/\/www.tanvitil.com\/?page_id=411"},"modified":"2018-05-30T11:31:39","modified_gmt":"2018-05-30T09:31:39","slug":"preguntas-frecuentes","status":"publish","type":"page","link":"https:\/\/www.tanvitil.com\/de\/ayuda\/preguntas-frecuentes\/","title":{"rendered":"H\u00e4ufige Fragen"},"content":{"rendered":"<p>[et_pb_section bb_built=&#8220;1&#8243; inner_shadow=&#8220;on&#8220; make_equal=&#8220;on&#8220; specialty=&#8220;on&#8220; module_id=&#8220;exContent&#8220; _builder_version=&#8220;3.0.82&#8243; custom_padding=&#8220;54px|0px|52px|0px&#8220; next_background_color=&#8220;rgba(104,118,138,0.05)&#8220;][et_pb_column type=&#8220;2_3&#8243; specialty_columns=&#8220;2&#8243;][et_pb_row_inner custom_padding=&#8220;0px|0px|0px|0px&#8220; module_class_1=&#8220;exPage exText&#8220; _builder_version=&#8220;3.0.82&#8243;][et_pb_column_inner type=&#8220;4_4&#8243; saved_specialty_column_type=&#8220;2_3&#8243;][et_pb_text admin_label=&#8220;Text&#8220; _builder_version=&#8220;3.0.91&#8243; background_size=&#8220;initial&#8220; background_position=&#8220;top_left&#8220; background_repeat=&#8220;repeat&#8220;]<\/p>\n<h1>H\u00e4ufige Fragen<\/h1>\n<p>[\/et_pb_text][et_pb_toggle title=&#8220;Was bedeutet Concealer\/abdeckendes Make-up?&#8220; open_toggle_text_color=&#8220;#000000&#8243; closed_toggle_text_color=&#8220;#000000&#8243; icon_color=&#8220;#68768a&#8220; _builder_version=&#8220;3.0.82&#8243; title_font_size=&#8220;20px&#8220;]<\/p>\n<p>Es handelt sich um ein Kosmetikprodukt, das die wei\u00dfen Flecken kaschiert, indem es ihnen einen der Hautfarbe \u00e4hnlichen Ton verleiht.<\/p>\n<p>[\/et_pb_toggle][et_pb_toggle title=&#8220;Welche Studien belegen die Wirkung und Sicherheit von TANVITIL?&#8220; open_toggle_text_color=&#8220;#000000&#8243; closed_toggle_text_color=&#8220;#000000&#8243; icon_color=&#8220;#68768a&#8220; _builder_version=&#8220;3.0.82&#8243; title_font_size=&#8220;20px&#8220;]<\/p>\n<p>Die Produkte von TANVITITL sind wie folgt gepr\u00fcft: dermatologisch getestet, Patch-Test, HET-CAM-Test, Challenge-Test, Bericht zur kosmetischen Sicherheit, Wirksamkeits- und Sicherheitsstudie mit Patienten, sensorische Studie an Freiwilligen und Nachweis der Wirkung durch eine klinische Studie.<\/p>\n<p>[\/et_pb_toggle][et_pb_toggle title=&#8220;Wie wird das Produkt angewendet?&#8220; open_toggle_text_color=&#8220;#000000&#8243; closed_toggle_text_color=&#8220;#000000&#8243; icon_color=&#8220;#68768a&#8220; _builder_version=&#8220;3.0.106&#8243; title_font_size=&#8220;20px&#8220; open=&#8220;off&#8220;]<\/p>\n<p><a href=\"https:\/\/youtu.be\/1D1LoL9JNKs\" target=\"_blank\" rel=\"noopener\">In diesem v\u00eddeo<\/a> wird Ihnen gezeigt, wie unser Make-up zur Anwendung bei Vitiligo sowohl als Gel als auch als Spray angewendet wird.<\/p>\n<p>[\/et_pb_toggle][et_pb_toggle title=&#8220;Wie kann man verhindern, dass gesunde Hautstellen sich verf\u00e4rben?&#8220; open_toggle_text_color=&#8220;#000000&#8243; closed_toggle_text_color=&#8220;#000000&#8243; icon_color=&#8220;#68768a&#8220; _builder_version=&#8220;3.0.82&#8243; title_font_size=&#8220;20px&#8220;]<\/p>\n<p>Als Erstes sollte die Haut um die Flecken mit Vaseline eingerieben werden, damit das Produkt nur in Kontakt mit den gew\u00fcnschten Stellen kommen kann. Sollte es dennoch dazu kommen, dass das Produkt auf nicht betroffene Partien gelangt, waschen Sie diese sofort mit reichlich Wasser ab.<\/p>\n<p>[\/et_pb_toggle][et_pb_toggle title=&#8220;Macht das Produkt Flecken auf der Kleidung?&#8220; open_toggle_text_color=&#8220;#000000&#8243; closed_toggle_text_color=&#8220;#000000&#8243; icon_color=&#8220;#68768a&#8220; _builder_version=&#8220;3.0.82&#8243; title_font_size=&#8220;20px&#8220;]<\/p>\n<p>Es macht keine Flecken auf der Kleidung, da es nur in Verbindung mit Haut zur Pigmentierung kommt.<\/p>\n<p>[\/et_pb_toggle][et_pb_toggle title=&#8220;Wie lange h\u00e4lt der Effekt an?&#8220; open_toggle_text_color=&#8220;#000000&#8243; closed_toggle_text_color=&#8220;#000000&#8243; icon_color=&#8220;#68768a&#8220; _builder_version=&#8220;3.0.82&#8243; title_font_size=&#8220;20px&#8220;]<\/p>\n<p>Es macht keine Flecken auf der Kleidung, da es nur in Verbindung mit Haut zur Pigmentierung kommt.<\/p>\n<p>[\/et_pb_toggle][et_pb_toggle title=&#8220;Verf\u00e4rbt sich das Haar?&#8220; open_toggle_text_color=&#8220;#000000&#8243; closed_toggle_text_color=&#8220;#000000&#8243; icon_color=&#8220;#68768a&#8220; _builder_version=&#8220;3.0.82&#8243; title_font_size=&#8220;20px&#8220;]<\/p>\n<p>Das Haar verf\u00e4rbt sich durch Anwendung des Produkts nicht.<\/p>\n<p>[\/et_pb_toggle][et_pb_toggle title=&#8220;Den richtigen Farbton ausw\u00e4hlen&#8220; open_toggle_text_color=&#8220;#000000&#8243; closed_toggle_text_color=&#8220;#000000&#8243; icon_color=&#8220;#68768a&#8220; _builder_version=&#8220;3.0.101&#8243; title_font_size=&#8220;20px&#8220; open=&#8220;off&#8220; background_color_gradient_overlays_image=&#8220;off&#8220;]<\/p>\n<p>Es gibt drei verschiedene Farbt\u00f6ne: leicht f\u00fcr helle Haut (Phototyp I-II), mittel f\u00fcr mittelhelle Haut (III, IV und V) sowie stark f\u00fcr dunkle Hauttypen (V oder VI). Zus\u00e4tzliche Information finden Sie <a href=\"https:\/\/www.tanvitil.com\/ayuda\/como-elegir-el-tono-adecuado\/\">hier.<\/a><\/p>\n<p>[\/et_pb_toggle][\/et_pb_column_inner][\/et_pb_row_inner][\/et_pb_column][et_pb_column type=&#8220;1_3&#8243;][et_pb_sidebar area=&#8220;et_pb_widget_area_4&#8243; show_border=&#8220;off&#8220; module_id=&#8220;ex_sidebar&#8220; module_class=&#8220;ex_sidebar&#8220; _builder_version=&#8220;3.0.91&#8243; header_font=&#8220;|||on|||||&#8220; header_text_color=&#8220;#ffffff&#8220; body_font=&#8220;|600|||||||&#8220; body_font_size=&#8220;15px&#8220; body_text_color=&#8220;#000000&#8243; body_line_height=&#8220;2.4em&#8220; background_color=&#8220;#ffffff&#8220; text_orientation=&#8220;center&#8220; custom_padding=&#8220;20px|20px|20px|20px&#8220; global_module=&#8220;825&#8243; custom_margin=&#8220;|||&#8220;]<\/p>\n<p>&nbsp;<\/p>\n<p>[\/et_pb_sidebar][\/et_pb_column][\/et_pb_section][et_pb_section bb_built=&#8220;1&#8243; admin_label=&#8220;Tanvitil gel y tanvitil spray&#8220; background_color=&#8220;rgba(104,118,138,0.05)&#8220; _builder_version=&#8220;3.0.105&#8243; prev_background_color=&#8220;#ffffff&#8220; global_module=&#8220;2516&#8243;][et_pb_row global_parent=&#8220;2516&#8243; custom_padding=&#8220;|||&#8220; make_equal=&#8220;on&#8220; background_color_1=&#8220;#ffffff&#8220; background_color_2=&#8220;#ffffff&#8220; background_color_3=&#8220;#0078d7&#8243; padding_top_1=&#8220;24px&#8220; padding_right_1=&#8220;24px&#8220; padding_bottom_1=&#8220;24px&#8220; padding_left_1=&#8220;24px&#8220; padding_top_2=&#8220;24px&#8220; padding_right_2=&#8220;24px&#8220; padding_bottom_2=&#8220;24px&#8220; padding_left_2=&#8220;24px&#8220; padding_top_3=&#8220;24px&#8220; padding_right_3=&#8220;24px&#8220; padding_bottom_3=&#8220;24px&#8220; padding_left_3=&#8220;24px&#8220; _builder_version=&#8220;3.0.101&#8243;][et_pb_column type=&#8220;1_3&#8243;][et_pb_blurb global_parent=&#8220;2516&#8243; title=&#8220;Tanvitil Spray&#8220; url=&#8220;https:\/\/www.tanvitil.com\/maquillaje-vitiligo\/tanvitil-spray\/&#8220; image=&#8220;https:\/\/www.tanvitil.com\/wp-content\/uploads\/2017\/10\/maquillaje-vitiligo-tanvitil-spray.jpg&#8220; _builder_version=&#8220;3.0.106&#8243; header_level=&#8220;h2&#8243; body_text_align=&#8220;center&#8220; text_orientation=&#8220;center&#8220; url_new_window=&#8220;off&#8220; use_icon=&#8220;off&#8220; use_circle=&#8220;off&#8220; use_circle_border=&#8220;off&#8220; icon_placement=&#8220;top&#8220; use_icon_font_size=&#8220;off&#8220; background_layout=&#8220;light&#8220; alt=&#8220;Tanvitil Spray, maquillaje tonalizador para las manchas de vitiligo&#8220; \/][et_pb_button global_parent=&#8220;2516&#8243; button_url=&#8220;https:\/\/www.tanvitil.com\/maquillaje-vitiligo\/tanvitil-spray\/&#8220; button_text=&#8220;Elige tu tono&#8220; button_alignment=&#8220;center&#8220; _builder_version=&#8220;3.0.106&#8243; url_new_window=&#8220;off&#8220; background_layout=&#8220;light&#8220; custom_button=&#8220;off&#8220; button_icon_placement=&#8220;right&#8220; \/][\/et_pb_column][et_pb_column type=&#8220;1_3&#8243;][et_pb_blurb global_parent=&#8220;2516&#8243; title=&#8220;Tanvitil Gel&#8220; url=&#8220;https:\/\/www.tanvitil.com\/maquillaje-vitiligo\/tanvitil-gel\/&#8220; image=&#8220;https:\/\/www.tanvitil.com\/wp-content\/uploads\/2017\/10\/maquillaje-vitiligo-tanvitil-gel.jpg&#8220; _builder_version=&#8220;3.0.106&#8243; header_level=&#8220;h2&#8243; body_text_align=&#8220;center&#8220; text_orientation=&#8220;center&#8220; url_new_window=&#8220;off&#8220; use_icon=&#8220;off&#8220; use_circle=&#8220;off&#8220; use_circle_border=&#8220;off&#8220; icon_placement=&#8220;top&#8220; use_icon_font_size=&#8220;off&#8220; background_layout=&#8220;light&#8220; alt=&#8220;Tanvitil Gel, maquillaje corrector para personas con vit\u00edligo &#8220; \/][et_pb_button global_parent=&#8220;2516&#8243; button_url=&#8220;https:\/\/www.tanvitil.com\/maquillaje-vitiligo\/tanvitil-gel\/&#8220; button_text=&#8220;Elige tu tono&#8220; _builder_version=&#8220;3.0.106&#8243; url_new_window=&#8220;off&#8220; background_layout=&#8220;light&#8220; custom_button=&#8220;off&#8220; button_icon_placement=&#8220;right&#8220; \/][\/et_pb_column][et_pb_column type=&#8220;1_3&#8243;][et_pb_cta admin_label=&#8220;Hay un tanvitil para ti&#8220; global_parent=&#8220;2516&#8243; title=&#8220;Hay un Tanvitil para ti&#8230;&#8220; _builder_version=&#8220;3.0.105&#8243; header_level=&#8220;h5&#8243; header_line_height=&#8220;1.7em&#8220; custom_padding=&#8220;0px|0px|0px|0px&#8220; url_new_window=&#8220;off&#8220; use_background_color=&#8220;on&#8220; background_layout=&#8220;dark&#8220; custom_button=&#8220;off&#8220; button_icon_placement=&#8220;right&#8220; header_font_size=&#8220;30&#8243; header_text_color=&#8220;rgba(255,255,255,0.8)&#8220; body_text_color=&#8220;rgba(255,255,255,0.8)&#8220;]<\/p>\n<div class=\"spray\"><\/div>\n<h5>Elige entre gel y spray<\/h5>\n<p>Tanvitil gel, recomendado para manchas peque\u00f1as.<br \/>\nTanvitil spray, recomendado para las manchas m\u00e1s extensas.<\/p>\n<div class=\"pantone\"><\/div>\n<h5>Elige el tono m\u00e1s adecuado a tu piel<\/h5>\n<p>Suave, para pieles blancas, Medio para fototipos intermedios y fuerte para pieles m\u00e1s oscuras.<\/p>\n<p>[\/et_pb_cta][\/et_pb_column][\/et_pb_row][\/et_pb_section]<\/p>\n","protected":false},"excerpt":{"rendered":"<p>[et_pb_section bb_built=&#8220;1&#8243; inner_shadow=&#8220;on&#8220; make_equal=&#8220;on&#8220; specialty=&#8220;on&#8220; module_id=&#8220;exContent&#8220; _builder_version=&#8220;3.0.82&#8243; custom_padding=&#8220;54px|0px|52px|0px&#8220; next_background_color=&#8220;rgba(104,118,138,0.05)&#8220;][et_pb_column type=&#8220;2_3&#8243; specialty_columns=&#8220;2&#8243;][et_pb_row_inner custom_padding=&#8220;0px|0px|0px|0px&#8220; module_class_1=&#8220;exPage exText&#8220; _builder_version=&#8220;3.0.82&#8243;][et_pb_column_inner type=&#8220;4_4&#8243; saved_specialty_column_type=&#8220;2_3&#8243;][et_pb_text admin_label=&#8220;Text&#8220; _builder_version=&#8220;3.0.91&#8243; background_size=&#8220;initial&#8220; background_position=&#8220;top_left&#8220; background_repeat=&#8220;repeat&#8220;] H\u00e4ufige Fragen [\/et_pb_text][et_pb_toggle title=&#8220;Was bedeutet Concealer\/abdeckendes Make-up?&#8220; open_toggle_text_color=&#8220;#000000&#8243; closed_toggle_text_color=&#8220;#000000&#8243; icon_color=&#8220;#68768a&#8220; _builder_version=&#8220;3.0.82&#8243; title_font_size=&#8220;20px&#8220;] Es handelt sich um ein Kosmetikprodukt, das die wei\u00dfen Flecken kaschiert, indem es ihnen einen der Hautfarbe \u00e4hnlichen Ton verleiht. [\/et_pb_toggle][et_pb_toggle [&hellip;]<\/p>\n","protected":false},"author":1,"featured_media":118,"parent":405,"menu_order":0,"comment_status":"closed","ping_status":"closed","template":"","meta":{"_et_pb_use_builder":"on","_et_pb_old_content":"<h3>\u00bfQu\u00e9 es un tonalizador?<\/h3>\r\nEs un producto que consigue enmascarar y tonalizar las manchas blancas con un tono similar a la piel.\r\n<h3>\u00bfQu\u00e9 estudios avalan la eficacia y seguridad de TANVITIL?<\/h3>\r\nNuestra gama de productos TANVITIL\u00a0 ha sido sometida a los siguientes estudios: Testado\u00a0 dermatol\u00f3gicamente, Patch test, Het Cam, Challenge test, Informe de seguridad cosm\u00e9tica, ensayo de eficacia y seguridad con pacientes, estudio sensorial en voluntarios y demostrado su efecto a trav\u00e9s de un estudio cl\u00ednico.\r\n<h3>\u00bfC\u00f3mo se aplica el producto?<\/h3>\r\nPuedes ver en <a href=\"https:\/\/www.tanvitil.com\/es\/tratamientos-del-vitiligo\/tonalizadores\/tanvitil-spray\">este v\u00eddeo<\/a> la forma correcta de aplicar nuestros tonalizadores del vit\u00edligo, tanto en gel como en spray.\r\n<h3>\u00bfC\u00f3mo evitar que la loci\u00f3n me coloree zonas no deseadas?<\/h3>\r\nEn primer lugar, hay que \u00a0perfilar con vaselina la periferia de la mancha que queremos enmascarar \u00a0para evitar que el producto entre en contacto con zonas que no deseamos colorear.\r\n\r\nSi por un casual durante la aplicaci\u00f3n entramos en contacto con el producto, lavar con abundante agua.\r\n<a href=\"https:\/\/www.tanvitil.com\/es\/tratamientos-del-vitiligo\/tonalizadores\/tanvitil-spray\">M\u00e1s informaci\u00f3n sobre la aplicaci\u00f3n. <\/a>\r\n<h3>\u00bfEl producto mancha la ropa?<\/h3>\r\nNo mancha la ropa, ya que la pigmentaci\u00f3n aparece al entrar en contacto con la piel.\r\n<h3>\u00bfCu\u00e1nto dura la coloraci\u00f3n en mi piel?<\/h3>\r\nEl color permanecer\u00e1 durante \u00a0unas 72 horas\u00a0 pero s\u00ed\u00a0 mantenemos\u00a0 la piel hidratada todos los d\u00edas el color permanecer\u00e1\u00a0 m\u00e1s tiempo.\r\n\r\nCuando observamos que el tono baja podemos\u00a0 utilizar TANVITIL SUAVE para volver a recuperar el tono deseado.\r\n<h3>\u00bfSe broncea el cabello?<\/h3>\r\nEl pelo no se colorea al entrar en contacto con el producto.\r\n<h3>\u00bfC\u00f3mo elegir el tono adecuado?<\/h3>\r\nExisten tres tonalidades diferentes: suave, para los fototipos m\u00e1s claros (I y II) Medio para tonos m\u00e1s intermedios (III, IV y V) y Forte para los fototipos de piel oscuros (V o VI).\r\n\r\nPuedes consultar <a href=\"https:\/\/www.tanvitil.com\/es\/tratamientos-del-vitiligo\/fototipos-de-piel\">mas informaci\u00f3n aqu\u00ed<\/a> (enlace a como elegir mi tono de piel)","_et_gb_content_width":"","footnotes":""},"class_list":["post-411","page","type-page","status-publish","has-post-thumbnail","hentry"],"_links":{"self":[{"href":"https:\/\/www.tanvitil.com\/de\/wp-json\/wp\/v2\/pages\/411","targetHints":{"allow":["GET"]}}],"collection":[{"href":"https:\/\/www.tanvitil.com\/de\/wp-json\/wp\/v2\/pages"}],"about":[{"href":"https:\/\/www.tanvitil.com\/de\/wp-json\/wp\/v2\/types\/page"}],"author":[{"embeddable":true,"href":"https:\/\/www.tanvitil.com\/de\/wp-json\/wp\/v2\/users\/1"}],"replies":[{"embeddable":true,"href":"https:\/\/www.tanvitil.com\/de\/wp-json\/wp\/v2\/comments?post=411"}],"version-history":[{"count":0,"href":"https:\/\/www.tanvitil.com\/de\/wp-json\/wp\/v2\/pages\/411\/revisions"}],"up":[{"embeddable":true,"href":"https:\/\/www.tanvitil.com\/de\/wp-json\/wp\/v2\/pages\/405"}],"wp:featuredmedia":[{"embeddable":true,"href":"https:\/\/www.tanvitil.com\/de\/wp-json\/wp\/v2\/media\/118"}],"wp:attachment":[{"href":"https:\/\/www.tanvitil.com\/de\/wp-json\/wp\/v2\/media?parent=411"}],"curies":[{"name":"wp","href":"https:\/\/api.w.org\/{rel}","templated":true}]}}