{"id":413,"date":"2017-10-19T09:53:16","date_gmt":"2017-10-19T07:53:16","guid":{"rendered":"http:\/\/www.tanvitil.com\/?page_id=413"},"modified":"2018-05-25T13:56:09","modified_gmt":"2018-05-25T11:56:09","slug":"que-es-el-vitiligo","status":"publish","type":"page","link":"https:\/\/www.tanvitil.com\/de\/ayuda\/que-es-el-vitiligo\/","title":{"rendered":"Was ist Vitiligo?"},"content":{"rendered":"<p>[et_pb_section bb_built=&#8220;1&#8243; inner_shadow=&#8220;on&#8220; make_equal=&#8220;on&#8220; specialty=&#8220;on&#8220; module_id=&#8220;exContent&#8220; _builder_version=&#8220;3.0.82&#8243; custom_padding=&#8220;54px|0px|52px|0px&#8220; next_background_color=&#8220;#000000&#8243;][et_pb_column type=&#8220;2_3&#8243; specialty_columns=&#8220;2&#8243;][et_pb_row_inner custom_padding=&#8220;0px|0px|0px|0px&#8220; module_class_1=&#8220;exPage exText&#8220; _builder_version=&#8220;3.0.82&#8243;][et_pb_column_inner type=&#8220;4_4&#8243; saved_specialty_column_type=&#8220;2_3&#8243;][et_pb_text admin_label=&#8220;Text&#8220; _builder_version=&#8220;3.0.82&#8243; background_size=&#8220;initial&#8220; background_position=&#8220;top_left&#8220; background_repeat=&#8220;repeat&#8220;]<\/p>\n<h1>Was ist Vitiligo?<\/h1>\n<p>Vitiligo ist eine Erkrankung der Haut, die sich durch das Auftreten von wei\u00dfen Flecken kennzeichnet. Die Krankheit, deren Ursprung unbekannt ist, f\u00fchrt zu der Zerst\u00f6rung der Melanozyten, die f\u00fcr die Produktion von Melanin zust\u00e4ndig sind, also f\u00fcr die Pigmentierung der Haut.<\/p>\n<p>Auch wenn prinzipiell der ganze K\u00f6rper betroffen sein kann, sind insbesondere das Gesicht, der Genitalbereich, die H\u00e4nde und die Handgelenke anf\u00e4llig f\u00fcr Vitiligo.<\/p>\n<p>Es gibt verschiedene Theorien \u00fcber die Ursachen der Krankheit. Es wird angenommen, dass es sich um eine Autoimmunkrankheit handelt, bei der der K\u00f6rper die eigenen Melanozyten bek\u00e4mpft, da er sie f\u00e4lschlicherweise als Fremdk\u00f6rper einstuft. Dennoch wird auch davon ausgegangen, dass eine gewisse Veranlagung (bei etwa 30 % der F\u00e4lle liegen gem\u00e4\u00df den Angaben der Fach\u00e4rzte genetische Faktoren vor) sowie andere Ausl\u00f6ser aus der Umwelt eine Rolle spielen. Viele Patienten sehen au\u00dferdem eine Verbindung zwischen Vitiligo und Traumata, anderen Krankheiten sowie emotionalem Stress.<\/p>\n<p>[\/et_pb_text][\/et_pb_column_inner][\/et_pb_row_inner][\/et_pb_column][et_pb_column type=&#8220;1_3&#8243;][et_pb_sidebar admin_label=&#8220;Barra Ayuda&#8220; area=&#8220;et_pb_widget_area_4&#8243; show_border=&#8220;off&#8220; module_id=&#8220;ex_sidebar&#8220; module_class=&#8220;ex_sidebar&#8220; _builder_version=&#8220;3.0.101&#8243; header_font=&#8220;|||on|||||&#8220; header_text_color=&#8220;#ffffff&#8220; body_font=&#8220;|600|||||||&#8220; body_font_size=&#8220;15px&#8220; body_text_color=&#8220;#000000&#8243; body_line_height=&#8220;2.4em&#8220; background_color=&#8220;#ffffff&#8220; text_orientation=&#8220;left&#8220; custom_padding=&#8220;20px|20px|20px|20px&#8220; global_module=&#8220;825&#8243; saved_tabs=&#8220;all&#8220; orientation=&#8220;left&#8220; background_layout=&#8220;light&#8220; background_color_gradient_overlays_image=&#8220;off&#8220; \/][\/et_pb_column][\/et_pb_section][et_pb_section bb_built=&#8220;1&#8243; _builder_version=&#8220;3.0.82&#8243; prev_background_color=&#8220;#000000&#8243; next_background_color=&#8220;#313142&#8243;][et_pb_row _builder_version=&#8220;3.0.82&#8243;][et_pb_column type=&#8220;2_3&#8243;][et_pb_video src=&#8220;https:\/\/youtu.be\/5lzQ5UOBVsg&#8220; image_src=&#8220;<br \/>\n\/\/i.ytimg.com\/vi\/5lzQ5UOBVsg\/hqdefault.jpg&#8220; play_icon_color=&#8220;#0078d7&#8243; _builder_version=&#8220;3.0.91&#8243; \/][\/et_pb_column][et_pb_column type=&#8220;1_3&#8243;][et_pb_text _builder_version=&#8220;3.0.82&#8243;]<\/p>\n<h2>Aplicaci\u00f3n de Tanvitil<\/h2>\n<ul>\n<li>Antes de su aplicaci\u00f3n, es muy importante cubrir con vaselina el contorno de la zona despigmentada.<\/li>\n<li>Es necesario un tiempo de aprendizaje y es mejor empezar por un tono suave.<\/li>\n<li>No aplicar m\u00e1s de una vez al d\u00eda.<\/li>\n<li>El color aparece a las 3 o 4 horas despu\u00e9s de la aplicaci\u00f3n.<\/li>\n<li>Aplicar el gel o spray una vez al d\u00eda, hasta alcanzar el tono deseado y dejar de aplicar unos d\u00edas hasta que veamos que tenemos que reforzar el tono siguiendo la misma t\u00e9cnica.<\/li>\n<\/ul>\n<p>[\/et_pb_text][\/et_pb_column][\/et_pb_row][\/et_pb_section][et_pb_section bb_built=&#8220;1&#8243; background_color=&#8220;#313142&#8243; _builder_version=&#8220;3.0.91&#8243; prev_background_color=&#8220;#ffffff&#8220; next_background_color=&#8220;rgba(104,118,138,0.05)&#8220;][et_pb_row custom_padding=&#8220;24px|0px|24px|0px&#8220; _builder_version=&#8220;3.0.82&#8243;][et_pb_column type=&#8220;1_3&#8243;][et_pb_circle_counter title=&#8220;de la poblaci\u00f3n padece vit\u00edligo&#8220; number=&#8220;2&#8243; background_layout=&#8220;dark&#8220; bar_bg_color=&#8220;rgba(0,120,215,0.84)&#8220; circle_color=&#8220;#000000&#8243; circle_color_alpha=&#8220;0.2&#8243; _builder_version=&#8220;3.0.91&#8243; title_font=&#8220;||||||||&#8220; title_font_size=&#8220;22px&#8220; title_text_color=&#8220;#ffffff&#8220; number_font=&#8220;|700|||||||&#8220; number_font_size=&#8220;51px&#8220; number_text_color=&#8220;#0078d7&#8243; max_width=&#8220;194px&#8220; \/][\/et_pb_column][et_pb_column type=&#8220;1_3&#8243;][et_pb_circle_counter title=&#8220;de los afectados sufren problemas psicol\u00f3gicos&#8220; number=&#8220;75&#8243; background_layout=&#8220;dark&#8220; bar_bg_color=&#8220;rgba(0,120,215,0.84)&#8220; circle_color=&#8220;#000000&#8243; circle_color_alpha=&#8220;0.2&#8243; _builder_version=&#8220;3.0.91&#8243; title_font=&#8220;||||||||&#8220; title_font_size=&#8220;22px&#8220; title_text_color=&#8220;#ffffff&#8220; number_font=&#8220;|700|||||||&#8220; number_font_size=&#8220;51px&#8220; number_text_color=&#8220;#0078d7&#8243; max_width=&#8220;194px&#8220; \/][\/et_pb_column][et_pb_column type=&#8220;1_3&#8243;][et_pb_circle_counter title=&#8220;de los afectados son ni\u00f1os&#8220; number=&#8220;25&#8243; background_layout=&#8220;dark&#8220; bar_bg_color=&#8220;rgba(0,120,215,0.84)&#8220; circle_color=&#8220;#000000&#8243; circle_color_alpha=&#8220;0.2&#8243; _builder_version=&#8220;3.0.91&#8243; title_font=&#8220;||||||||&#8220; title_font_size=&#8220;22px&#8220; title_text_color=&#8220;#ffffff&#8220; number_font=&#8220;|700|||||||&#8220; number_font_size=&#8220;51px&#8220; number_text_color=&#8220;rgba(0,120,215,0.84)&#8220; max_width=&#8220;194px&#8220; \/][\/et_pb_column][\/et_pb_row][\/et_pb_section][et_pb_section bb_built=&#8220;1&#8243; admin_label=&#8220;Tanvitil gel y tanvitil spray&#8220; background_color=&#8220;rgba(104,118,138,0.05)&#8220; _builder_version=&#8220;3.0.105&#8243; prev_background_color=&#8220;#313142&#8243; global_module=&#8220;2516&#8243;][et_pb_row global_parent=&#8220;2516&#8243; custom_padding=&#8220;|||&#8220; make_equal=&#8220;on&#8220; background_color_1=&#8220;#ffffff&#8220; background_color_2=&#8220;#ffffff&#8220; background_color_3=&#8220;#0078d7&#8243; padding_top_1=&#8220;24px&#8220; padding_right_1=&#8220;24px&#8220; padding_bottom_1=&#8220;24px&#8220; padding_left_1=&#8220;24px&#8220; padding_top_2=&#8220;24px&#8220; padding_right_2=&#8220;24px&#8220; padding_bottom_2=&#8220;24px&#8220; padding_left_2=&#8220;24px&#8220; padding_top_3=&#8220;24px&#8220; padding_right_3=&#8220;24px&#8220; padding_bottom_3=&#8220;24px&#8220; padding_left_3=&#8220;24px&#8220; _builder_version=&#8220;3.0.101&#8243;][et_pb_column type=&#8220;1_3&#8243;][et_pb_blurb global_parent=&#8220;2516&#8243; title=&#8220;Tanvitil Spray&#8220; url=&#8220;https:\/\/www.tanvitil.com\/maquillaje-vitiligo\/tanvitil-spray\/&#8220; image=&#8220;https:\/\/www.tanvitil.com\/wp-content\/uploads\/2017\/10\/maquillaje-vitiligo-tanvitil-spray.jpg&#8220; _builder_version=&#8220;3.0.106&#8243; header_level=&#8220;h2&#8243; body_text_align=&#8220;center&#8220; text_orientation=&#8220;center&#8220; url_new_window=&#8220;off&#8220; use_icon=&#8220;off&#8220; use_circle=&#8220;off&#8220; use_circle_border=&#8220;off&#8220; icon_placement=&#8220;top&#8220; use_icon_font_size=&#8220;off&#8220; background_layout=&#8220;light&#8220; alt=&#8220;Tanvitil Spray, maquillaje tonalizador para las manchas de vitiligo&#8220; \/][et_pb_button global_parent=&#8220;1360&#8243; button_url=&#8220;https:\/\/www.tanvitil.com\/maquillaje-vitiligo\/tanvitil-spray\/&#8220; button_text=&#8220;Elige tu tono&#8220; button_alignment=&#8220;center&#8220; _builder_version=&#8220;3.0.106&#8243; url_new_window=&#8220;off&#8220; background_layout=&#8220;light&#8220; custom_button=&#8220;off&#8220; button_icon_placement=&#8220;right&#8220; \/][\/et_pb_column][et_pb_column type=&#8220;1_3&#8243;][et_pb_blurb global_parent=&#8220;2516&#8243; title=&#8220;Tanvitil Gel&#8220; url=&#8220;https:\/\/www.tanvitil.com\/maquillaje-vitiligo\/tanvitil-gel\/&#8220; image=&#8220;https:\/\/www.tanvitil.com\/wp-content\/uploads\/2017\/10\/maquillaje-vitiligo-tanvitil-gel.jpg&#8220; _builder_version=&#8220;3.0.106&#8243; header_level=&#8220;h2&#8243; body_text_align=&#8220;center&#8220; text_orientation=&#8220;center&#8220; url_new_window=&#8220;off&#8220; use_icon=&#8220;off&#8220; use_circle=&#8220;off&#8220; use_circle_border=&#8220;off&#8220; icon_placement=&#8220;top&#8220; use_icon_font_size=&#8220;off&#8220; background_layout=&#8220;light&#8220; alt=&#8220;Tanvitil Gel, maquillaje corrector para personas con vit\u00edligo &#8220; \/][et_pb_button global_parent=&#8220;2516&#8243; button_url=&#8220;https:\/\/www.tanvitil.com\/maquillaje-vitiligo\/tanvitil-gel\/&#8220; button_text=&#8220;Elige tu tono&#8220; _builder_version=&#8220;3.0.106&#8243; url_new_window=&#8220;off&#8220; background_layout=&#8220;light&#8220; custom_button=&#8220;off&#8220; button_icon_placement=&#8220;right&#8220; \/][\/et_pb_column][et_pb_column type=&#8220;1_3&#8243;][et_pb_cta admin_label=&#8220;Hay un tanvitil para ti&#8220; global_parent=&#8220;2516&#8243; title=&#8220;Hay un Tanvitil para ti&#8230;&#8220; _builder_version=&#8220;3.0.105&#8243; header_level=&#8220;h5&#8243; header_line_height=&#8220;1.7em&#8220; custom_padding=&#8220;0px|0px|0px|0px&#8220; url_new_window=&#8220;off&#8220; use_background_color=&#8220;on&#8220; background_layout=&#8220;dark&#8220; custom_button=&#8220;off&#8220; button_icon_placement=&#8220;right&#8220; header_font_size=&#8220;30&#8243; header_text_color=&#8220;rgba(255,255,255,0.8)&#8220; body_text_color=&#8220;rgba(255,255,255,0.8)&#8220;]<\/p>\n<div class=\"spray\"><\/div>\n<h5>Elige entre gel y spray<\/h5>\n<p>Tanvitil gel, recomendado para manchas peque\u00f1as.<br \/>\nTanvitil spray, recomendado para las manchas m\u00e1s extensas.<\/p>\n<div class=\"pantone\"><\/div>\n<h5>Elige el tono m\u00e1s adecuado a tu piel<\/h5>\n<p>Suave, para pieles blancas, Medio para fototipos intermedios y fuerte para pieles m\u00e1s oscuras.<\/p>\n<p>[\/et_pb_cta][\/et_pb_column][\/et_pb_row][\/et_pb_section]<\/p>\n","protected":false},"excerpt":{"rendered":"<p>[et_pb_section bb_built=&#8220;1&#8243; inner_shadow=&#8220;on&#8220; make_equal=&#8220;on&#8220; specialty=&#8220;on&#8220; module_id=&#8220;exContent&#8220; _builder_version=&#8220;3.0.82&#8243; custom_padding=&#8220;54px|0px|52px|0px&#8220; next_background_color=&#8220;#000000&#8243;][et_pb_column type=&#8220;2_3&#8243; specialty_columns=&#8220;2&#8243;][et_pb_row_inner custom_padding=&#8220;0px|0px|0px|0px&#8220; module_class_1=&#8220;exPage exText&#8220; _builder_version=&#8220;3.0.82&#8243;][et_pb_column_inner type=&#8220;4_4&#8243; saved_specialty_column_type=&#8220;2_3&#8243;][et_pb_text admin_label=&#8220;Text&#8220; _builder_version=&#8220;3.0.82&#8243; background_size=&#8220;initial&#8220; background_position=&#8220;top_left&#8220; background_repeat=&#8220;repeat&#8220;] Was ist Vitiligo? Vitiligo ist eine Erkrankung der Haut, die sich durch das Auftreten von wei\u00dfen Flecken kennzeichnet. Die Krankheit, deren Ursprung unbekannt ist, f\u00fchrt zu der Zerst\u00f6rung der Melanozyten, die f\u00fcr die [&hellip;]<\/p>\n","protected":false},"author":1,"featured_media":304,"parent":405,"menu_order":0,"comment_status":"closed","ping_status":"closed","template":"","meta":{"_et_pb_use_builder":"on","_et_pb_old_content":"El vit\u00edligo es una afecci\u00f3n de la piel que se caracteriza por la presencia de manchas blancas. Esta enfermedad, de origen desconocido, provoca la destrucci\u00f3n de los melanocitos, los responsables de la producci\u00f3n de melanina y, por lo tanto, de la pigmentaci\u00f3n de la piel.\r\n\r\nEl vit\u00edligo puede afectar a cualquier parte del cuerpo, aunque las zonas que se ven m\u00e1s afectadas normalmente son la cara, las zonas genitales, las manos y las mu\u00f1ecas.\r\n\r\nExisten diferentes teor\u00edas sobre el origen de la enfermedad. Se cree que puede ser una enfermedad autoinmune en la que el propio cuerpo destruye sus melanocitos debido a que los considera cuerpos extra\u00f1os. Sin embargo, tambi\u00e9n se afirma que en el vit\u00edligo intervienen algunos factores predisponentes (gen\u00e9ticos -un 30% de los casos seg\u00fan los especialistas-) y algunos factores precipitantes (medioambientales). Muchos pacientes atribuyen su vit\u00edligo a traumas f\u00edsicos, otras enfermedades o estr\u00e9s emocional.","_et_gb_content_width":"","footnotes":""},"class_list":["post-413","page","type-page","status-publish","has-post-thumbnail","hentry"],"_links":{"self":[{"href":"https:\/\/www.tanvitil.com\/de\/wp-json\/wp\/v2\/pages\/413","targetHints":{"allow":["GET"]}}],"collection":[{"href":"https:\/\/www.tanvitil.com\/de\/wp-json\/wp\/v2\/pages"}],"about":[{"href":"https:\/\/www.tanvitil.com\/de\/wp-json\/wp\/v2\/types\/page"}],"author":[{"embeddable":true,"href":"https:\/\/www.tanvitil.com\/de\/wp-json\/wp\/v2\/users\/1"}],"replies":[{"embeddable":true,"href":"https:\/\/www.tanvitil.com\/de\/wp-json\/wp\/v2\/comments?post=413"}],"version-history":[{"count":0,"href":"https:\/\/www.tanvitil.com\/de\/wp-json\/wp\/v2\/pages\/413\/revisions"}],"up":[{"embeddable":true,"href":"https:\/\/www.tanvitil.com\/de\/wp-json\/wp\/v2\/pages\/405"}],"wp:featuredmedia":[{"embeddable":true,"href":"https:\/\/www.tanvitil.com\/de\/wp-json\/wp\/v2\/media\/304"}],"wp:attachment":[{"href":"https:\/\/www.tanvitil.com\/de\/wp-json\/wp\/v2\/media?parent=413"}],"curies":[{"name":"wp","href":"https:\/\/api.w.org\/{rel}","templated":true}]}}