{"id":362,"date":"2017-10-18T19:18:23","date_gmt":"2017-10-18T17:18:23","guid":{"rendered":"http:\/\/www.tanvitil.com\/?page_id=362"},"modified":"2019-08-05T17:09:46","modified_gmt":"2019-08-05T15:09:46","slug":"tanvitil-gel","status":"publish","type":"page","link":"https:\/\/www.tanvitil.com\/fr\/maquillaje-vitiligo\/tanvitil-gel\/","title":{"rendered":"Tanvitil gel"},"content":{"rendered":"<p>[et_pb_section bb_built=\u00a0\u00bb1&Prime; module_id=\u00a0\u00bbexContent\u00a0\u00bb _builder_version=\u00a0\u00bb3.0.82&Prime; custom_padding=\u00a0\u00bb33px|0px|62px|0px\u00a0\u00bb next_background_color=\u00a0\u00bb#000000&Prime;][et_pb_row custom_padding=\u00a0\u00bb|0px|40px|0px\u00a0\u00bb custom_margin=\u00a0\u00bb40px|||\u00a0\u00bb background_color=\u00a0\u00bb#ffffff\u00a0\u00bb module_class_1=\u00a0\u00bbexPage\u00a0\u00bb _builder_version=\u00a0\u00bb3.0.91&Prime; background_size=\u00a0\u00bbinitial\u00a0\u00bb background_position=\u00a0\u00bbtop_left\u00a0\u00bb background_repeat=\u00a0\u00bbrepeat\u00a0\u00bb][et_pb_column type=\u00a0\u00bb4_4&Prime;][et_pb_code _builder_version=\u00a0\u00bb3.0.101&Prime;]<div class=\"woocommerce\">\t\t\t<div class=\"single-product\" data-product-page-preselected-id=\"0\">\n\t\t\t\t\n<div class=\"woocommerce-notices-wrapper\"><\/div>\n<div id=\"product-269\" class=\"post-269 product type-product status-publish has-post-thumbnail product_cat-makeup first instock sale taxable shipping-taxable purchasable product-type-variable\">\n\n\t<div class=\"clearfix\">\n\t<span class=\"onsale\">Promo\u00a0!<\/span>\n\t<div class=\"woocommerce-product-gallery woocommerce-product-gallery--with-images woocommerce-product-gallery--columns-4 images\" data-columns=\"4\" style=\"opacity: 0; transition: opacity .25s ease-in-out;\">\n\t<figure class=\"woocommerce-product-gallery__wrapper\">\n\t\t<div data-thumb=\"https:\/\/www.tanvitil.com\/wp-content\/uploads\/2017\/10\/maquillaje-vitiligo-tanvitil-gel-100x100.jpg\" class=\"woocommerce-product-gallery__image\"><a href=\"https:\/\/www.tanvitil.com\/wp-content\/uploads\/2017\/10\/maquillaje-vitiligo-tanvitil-gel.jpg\"><img loading=\"lazy\" decoding=\"async\" width=\"620\" height=\"676\" src=\"https:\/\/www.tanvitil.com\/wp-content\/uploads\/2017\/10\/maquillaje-vitiligo-tanvitil-gel-620x676.jpg\" class=\"attachment-shop_single size-shop_single wp-post-image\" alt=\"Tanvitil, maquillaje para el vit\u00edligo\" title=\"Tanvitil, maquillaje tonalizador para el vit\u00edligo\" data-caption=\"\" data-src=\"https:\/\/www.tanvitil.com\/wp-content\/uploads\/2017\/10\/maquillaje-vitiligo-tanvitil-gel.jpg\" data-large_image=\"https:\/\/www.tanvitil.com\/wp-content\/uploads\/2017\/10\/maquillaje-vitiligo-tanvitil-gel.jpg\" data-large_image_width=\"880\" data-large_image_height=\"960\" srcset=\"https:\/\/www.tanvitil.com\/wp-content\/uploads\/2017\/10\/maquillaje-vitiligo-tanvitil-gel-620x676.jpg 620w, https:\/\/www.tanvitil.com\/wp-content\/uploads\/2017\/10\/maquillaje-vitiligo-tanvitil-gel-183x200.jpg 183w, https:\/\/www.tanvitil.com\/wp-content\/uploads\/2017\/10\/maquillaje-vitiligo-tanvitil-gel-458x500.jpg 458w, https:\/\/www.tanvitil.com\/wp-content\/uploads\/2017\/10\/maquillaje-vitiligo-tanvitil-gel-768x838.jpg 768w, https:\/\/www.tanvitil.com\/wp-content\/uploads\/2017\/10\/maquillaje-vitiligo-tanvitil-gel-610x665.jpg 610w, https:\/\/www.tanvitil.com\/wp-content\/uploads\/2017\/10\/maquillaje-vitiligo-tanvitil-gel.jpg 880w\" sizes=\"auto, (max-width: 620px) 100vw, 620px\" \/><\/a><\/div><div data-thumb=\"https:\/\/www.tanvitil.com\/wp-content\/uploads\/2017\/10\/tonalizador-vitiligo-tanvitil-gel-100x100.jpg\" class=\"woocommerce-product-gallery__image\"><a href=\"https:\/\/www.tanvitil.com\/wp-content\/uploads\/2017\/10\/tonalizador-vitiligo-tanvitil-gel.jpg\"><img loading=\"lazy\" decoding=\"async\" width=\"620\" height=\"676\" src=\"https:\/\/www.tanvitil.com\/wp-content\/uploads\/2017\/10\/tonalizador-vitiligo-tanvitil-gel-620x676.jpg\" class=\"attachment-shop_single size-shop_single\" alt=\"Tanvitil gel, tonalizador para el vit\u00edligo\" title=\"Tanvitil gel, tonalizador para el vit\u00edligo\" data-caption=\"\" data-src=\"https:\/\/www.tanvitil.com\/wp-content\/uploads\/2017\/10\/tonalizador-vitiligo-tanvitil-gel.jpg\" data-large_image=\"https:\/\/www.tanvitil.com\/wp-content\/uploads\/2017\/10\/tonalizador-vitiligo-tanvitil-gel.jpg\" data-large_image_width=\"880\" data-large_image_height=\"960\" srcset=\"https:\/\/www.tanvitil.com\/wp-content\/uploads\/2017\/10\/tonalizador-vitiligo-tanvitil-gel-620x676.jpg 620w, https:\/\/www.tanvitil.com\/wp-content\/uploads\/2017\/10\/tonalizador-vitiligo-tanvitil-gel-183x200.jpg 183w, https:\/\/www.tanvitil.com\/wp-content\/uploads\/2017\/10\/tonalizador-vitiligo-tanvitil-gel-458x500.jpg 458w, https:\/\/www.tanvitil.com\/wp-content\/uploads\/2017\/10\/tonalizador-vitiligo-tanvitil-gel-768x838.jpg 768w, https:\/\/www.tanvitil.com\/wp-content\/uploads\/2017\/10\/tonalizador-vitiligo-tanvitil-gel-610x665.jpg 610w, https:\/\/www.tanvitil.com\/wp-content\/uploads\/2017\/10\/tonalizador-vitiligo-tanvitil-gel.jpg 880w\" sizes=\"auto, (max-width: 620px) 100vw, 620px\" \/><\/a><\/div>\t<\/figure>\n<\/div>\n\n\t<div class=\"summary entry-summary\">\n\n\t\t<h1 class=\"product_title entry-title\">Tanvitil gel<\/h1><p class=\"price\"><del aria-hidden=\"true\"><span class=\"woocommerce-Price-amount amount\"><bdi>25,30<span class=\"woocommerce-Price-currencySymbol\" translate=\"no\">&euro;<\/span><\/bdi><\/span><\/del> <span class=\"screen-reader-text\">Le prix initial \u00e9tait\u00a0: 25,30&euro;.<\/span><ins aria-hidden=\"true\"><span class=\"woocommerce-Price-amount amount\"><bdi>19,50<span class=\"woocommerce-Price-currencySymbol\" translate=\"no\">&euro;<\/span><\/bdi><\/span><\/ins><span class=\"screen-reader-text\">Le prix actuel est\u00a0: 19,50&euro;.<\/span><\/p>\n<div class=\"woocommerce-product-details__short-description\">\n    <p>Maquillage pour le vitiligo. Gel correcteur qui camoufle les taches blanches du vitiligo et d\u2019autres affections cutan\u00e9es. Recommand\u00e9 pour les plus petites taches. Am\u00e9lioration visible d\u00e8s la premi\u00e8re application.<br \/>\nLa pr\u00e9sentation en gel du produit Tanvitil, gr\u00e2ce \u00e0 son fin pinceau, est sp\u00e9cialement con\u00e7ue pour \u00eatre appliqu\u00e9e sur les taches d\u00e9pigment\u00e9es de petite taille.<\/p>\n<div class=\"exTono\"><a href=\"https:\/\/www.tanvitil.com\/fr\/ayuda\/como-elegir-el-tono-adecuado\/\" target=\"_blank\" rel=\"noopener\">Quelle tonalit\u00e9 dois-je choisir?<\/a><\/div>\n<\/div>\n<div class=\"product_meta\">\n\n\t\n\t\n\t\t<span class=\"sku_wrapper\">Ref: <span class=\"sku\">ND<\/span><\/span>\n\n\t\n\t\n\t\n\t\n<\/div>\n<span class=\"xoo-wsc-disable-atc\" style=\"display: none!important\"><\/span>\n<form class=\"variations_form cart\" method=\"post\" enctype='multipart\/form-data' data-product_id=\"269\" data-product_variations=\"[{&quot;attributes&quot;:{&quot;attribute_pa_tono&quot;:&quot;tono-fuerte&quot;},&quot;availability_html&quot;:&quot;&quot;,&quot;backorders_allowed&quot;:false,&quot;dimensions&quot;:{&quot;length&quot;:&quot;&quot;,&quot;width&quot;:&quot;&quot;,&quot;height&quot;:&quot;&quot;},&quot;dimensions_html&quot;:&quot;ND&quot;,&quot;display_price&quot;:19.5,&quot;display_regular_price&quot;:25.3,&quot;gallery_image_ids&quot;:[],&quot;gallery_images_html&quot;:&quot;&quot;,&quot;image&quot;:{&quot;title&quot;:&quot;[:es]Tanvitil, maquillaje tonalizador para el vit\\u00edligo[:]&quot;,&quot;caption&quot;:&quot;&quot;,&quot;url&quot;:&quot;https:\\\/\\\/www.tanvitil.com\\\/wp-content\\\/uploads\\\/2017\\\/10\\\/maquillaje-vitiligo-tanvitil-gel.jpg&quot;,&quot;alt&quot;:&quot;Tanvitil, maquillaje para el vit\\u00edligo&quot;,&quot;src&quot;:&quot;https:\\\/\\\/www.tanvitil.com\\\/wp-content\\\/uploads\\\/2017\\\/10\\\/maquillaje-vitiligo-tanvitil-gel-620x676.jpg&quot;,&quot;srcset&quot;:&quot;https:\\\/\\\/www.tanvitil.com\\\/wp-content\\\/uploads\\\/2017\\\/10\\\/maquillaje-vitiligo-tanvitil-gel-620x676.jpg 620w, https:\\\/\\\/www.tanvitil.com\\\/wp-content\\\/uploads\\\/2017\\\/10\\\/maquillaje-vitiligo-tanvitil-gel-183x200.jpg 183w, https:\\\/\\\/www.tanvitil.com\\\/wp-content\\\/uploads\\\/2017\\\/10\\\/maquillaje-vitiligo-tanvitil-gel-458x500.jpg 458w, https:\\\/\\\/www.tanvitil.com\\\/wp-content\\\/uploads\\\/2017\\\/10\\\/maquillaje-vitiligo-tanvitil-gel-768x838.jpg 768w, https:\\\/\\\/www.tanvitil.com\\\/wp-content\\\/uploads\\\/2017\\\/10\\\/maquillaje-vitiligo-tanvitil-gel-610x665.jpg 610w, https:\\\/\\\/www.tanvitil.com\\\/wp-content\\\/uploads\\\/2017\\\/10\\\/maquillaje-vitiligo-tanvitil-gel.jpg 880w&quot;,&quot;sizes&quot;:&quot;(max-width: 620px) 100vw, 620px&quot;,&quot;full_src&quot;:&quot;https:\\\/\\\/www.tanvitil.com\\\/wp-content\\\/uploads\\\/2017\\\/10\\\/maquillaje-vitiligo-tanvitil-gel.jpg&quot;,&quot;full_src_w&quot;:880,&quot;full_src_h&quot;:960,&quot;gallery_thumbnail_src&quot;:&quot;https:\\\/\\\/www.tanvitil.com\\\/wp-content\\\/uploads\\\/2017\\\/10\\\/maquillaje-vitiligo-tanvitil-gel-100x100.jpg&quot;,&quot;gallery_thumbnail_src_w&quot;:100,&quot;gallery_thumbnail_src_h&quot;:100,&quot;thumb_src&quot;:&quot;https:\\\/\\\/www.tanvitil.com\\\/wp-content\\\/uploads\\\/2017\\\/10\\\/maquillaje-vitiligo-tanvitil-gel-400x400.jpg&quot;,&quot;thumb_src_w&quot;:400,&quot;thumb_src_h&quot;:400,&quot;src_w&quot;:620,&quot;src_h&quot;:676},&quot;image_id&quot;:361,&quot;is_downloadable&quot;:false,&quot;is_in_stock&quot;:true,&quot;is_purchasable&quot;:true,&quot;is_sold_individually&quot;:&quot;no&quot;,&quot;is_virtual&quot;:false,&quot;max_qty&quot;:&quot;&quot;,&quot;min_qty&quot;:1,&quot;price_html&quot;:&quot;&quot;,&quot;sku&quot;:&quot;169454&quot;,&quot;variation_description&quot;:&quot;&quot;,&quot;variation_id&quot;:2311,&quot;variation_is_active&quot;:true,&quot;variation_is_visible&quot;:true,&quot;weight&quot;:&quot;0.03&quot;,&quot;weight_html&quot;:&quot;0,03 kg&quot;},{&quot;attributes&quot;:{&quot;attribute_pa_tono&quot;:&quot;tono-medio&quot;},&quot;availability_html&quot;:&quot;&quot;,&quot;backorders_allowed&quot;:false,&quot;dimensions&quot;:{&quot;length&quot;:&quot;&quot;,&quot;width&quot;:&quot;&quot;,&quot;height&quot;:&quot;&quot;},&quot;dimensions_html&quot;:&quot;ND&quot;,&quot;display_price&quot;:19.5,&quot;display_regular_price&quot;:25.3,&quot;gallery_image_ids&quot;:[],&quot;gallery_images_html&quot;:&quot;&quot;,&quot;image&quot;:{&quot;title&quot;:&quot;[:es]Tanvitil, maquillaje tonalizador para el vit\\u00edligo[:]&quot;,&quot;caption&quot;:&quot;&quot;,&quot;url&quot;:&quot;https:\\\/\\\/www.tanvitil.com\\\/wp-content\\\/uploads\\\/2017\\\/10\\\/maquillaje-vitiligo-tanvitil-gel.jpg&quot;,&quot;alt&quot;:&quot;Tanvitil, maquillaje para el vit\\u00edligo&quot;,&quot;src&quot;:&quot;https:\\\/\\\/www.tanvitil.com\\\/wp-content\\\/uploads\\\/2017\\\/10\\\/maquillaje-vitiligo-tanvitil-gel-620x676.jpg&quot;,&quot;srcset&quot;:&quot;https:\\\/\\\/www.tanvitil.com\\\/wp-content\\\/uploads\\\/2017\\\/10\\\/maquillaje-vitiligo-tanvitil-gel-620x676.jpg 620w, https:\\\/\\\/www.tanvitil.com\\\/wp-content\\\/uploads\\\/2017\\\/10\\\/maquillaje-vitiligo-tanvitil-gel-183x200.jpg 183w, https:\\\/\\\/www.tanvitil.com\\\/wp-content\\\/uploads\\\/2017\\\/10\\\/maquillaje-vitiligo-tanvitil-gel-458x500.jpg 458w, https:\\\/\\\/www.tanvitil.com\\\/wp-content\\\/uploads\\\/2017\\\/10\\\/maquillaje-vitiligo-tanvitil-gel-768x838.jpg 768w, https:\\\/\\\/www.tanvitil.com\\\/wp-content\\\/uploads\\\/2017\\\/10\\\/maquillaje-vitiligo-tanvitil-gel-610x665.jpg 610w, https:\\\/\\\/www.tanvitil.com\\\/wp-content\\\/uploads\\\/2017\\\/10\\\/maquillaje-vitiligo-tanvitil-gel.jpg 880w&quot;,&quot;sizes&quot;:&quot;(max-width: 620px) 100vw, 620px&quot;,&quot;full_src&quot;:&quot;https:\\\/\\\/www.tanvitil.com\\\/wp-content\\\/uploads\\\/2017\\\/10\\\/maquillaje-vitiligo-tanvitil-gel.jpg&quot;,&quot;full_src_w&quot;:880,&quot;full_src_h&quot;:960,&quot;gallery_thumbnail_src&quot;:&quot;https:\\\/\\\/www.tanvitil.com\\\/wp-content\\\/uploads\\\/2017\\\/10\\\/maquillaje-vitiligo-tanvitil-gel-100x100.jpg&quot;,&quot;gallery_thumbnail_src_w&quot;:100,&quot;gallery_thumbnail_src_h&quot;:100,&quot;thumb_src&quot;:&quot;https:\\\/\\\/www.tanvitil.com\\\/wp-content\\\/uploads\\\/2017\\\/10\\\/maquillaje-vitiligo-tanvitil-gel-400x400.jpg&quot;,&quot;thumb_src_w&quot;:400,&quot;thumb_src_h&quot;:400,&quot;src_w&quot;:620,&quot;src_h&quot;:676},&quot;image_id&quot;:361,&quot;is_downloadable&quot;:false,&quot;is_in_stock&quot;:true,&quot;is_purchasable&quot;:true,&quot;is_sold_individually&quot;:&quot;no&quot;,&quot;is_virtual&quot;:false,&quot;max_qty&quot;:&quot;&quot;,&quot;min_qty&quot;:1,&quot;price_html&quot;:&quot;&quot;,&quot;sku&quot;:&quot;169657&quot;,&quot;variation_description&quot;:&quot;&quot;,&quot;variation_id&quot;:2312,&quot;variation_is_active&quot;:true,&quot;variation_is_visible&quot;:true,&quot;weight&quot;:&quot;0.03&quot;,&quot;weight_html&quot;:&quot;0,03 kg&quot;},{&quot;attributes&quot;:{&quot;attribute_pa_tono&quot;:&quot;tono-suave&quot;},&quot;availability_html&quot;:&quot;&quot;,&quot;backorders_allowed&quot;:false,&quot;dimensions&quot;:{&quot;length&quot;:&quot;&quot;,&quot;width&quot;:&quot;&quot;,&quot;height&quot;:&quot;&quot;},&quot;dimensions_html&quot;:&quot;ND&quot;,&quot;display_price&quot;:19.5,&quot;display_regular_price&quot;:25.3,&quot;gallery_image_ids&quot;:[],&quot;gallery_images_html&quot;:&quot;&quot;,&quot;image&quot;:{&quot;title&quot;:&quot;[:es]Tanvitil, maquillaje tonalizador para el vit\\u00edligo[:]&quot;,&quot;caption&quot;:&quot;&quot;,&quot;url&quot;:&quot;https:\\\/\\\/www.tanvitil.com\\\/wp-content\\\/uploads\\\/2017\\\/10\\\/maquillaje-vitiligo-tanvitil-gel.jpg&quot;,&quot;alt&quot;:&quot;Tanvitil, maquillaje para el vit\\u00edligo&quot;,&quot;src&quot;:&quot;https:\\\/\\\/www.tanvitil.com\\\/wp-content\\\/uploads\\\/2017\\\/10\\\/maquillaje-vitiligo-tanvitil-gel-620x676.jpg&quot;,&quot;srcset&quot;:&quot;https:\\\/\\\/www.tanvitil.com\\\/wp-content\\\/uploads\\\/2017\\\/10\\\/maquillaje-vitiligo-tanvitil-gel-620x676.jpg 620w, https:\\\/\\\/www.tanvitil.com\\\/wp-content\\\/uploads\\\/2017\\\/10\\\/maquillaje-vitiligo-tanvitil-gel-183x200.jpg 183w, https:\\\/\\\/www.tanvitil.com\\\/wp-content\\\/uploads\\\/2017\\\/10\\\/maquillaje-vitiligo-tanvitil-gel-458x500.jpg 458w, https:\\\/\\\/www.tanvitil.com\\\/wp-content\\\/uploads\\\/2017\\\/10\\\/maquillaje-vitiligo-tanvitil-gel-768x838.jpg 768w, https:\\\/\\\/www.tanvitil.com\\\/wp-content\\\/uploads\\\/2017\\\/10\\\/maquillaje-vitiligo-tanvitil-gel-610x665.jpg 610w, https:\\\/\\\/www.tanvitil.com\\\/wp-content\\\/uploads\\\/2017\\\/10\\\/maquillaje-vitiligo-tanvitil-gel.jpg 880w&quot;,&quot;sizes&quot;:&quot;(max-width: 620px) 100vw, 620px&quot;,&quot;full_src&quot;:&quot;https:\\\/\\\/www.tanvitil.com\\\/wp-content\\\/uploads\\\/2017\\\/10\\\/maquillaje-vitiligo-tanvitil-gel.jpg&quot;,&quot;full_src_w&quot;:880,&quot;full_src_h&quot;:960,&quot;gallery_thumbnail_src&quot;:&quot;https:\\\/\\\/www.tanvitil.com\\\/wp-content\\\/uploads\\\/2017\\\/10\\\/maquillaje-vitiligo-tanvitil-gel-100x100.jpg&quot;,&quot;gallery_thumbnail_src_w&quot;:100,&quot;gallery_thumbnail_src_h&quot;:100,&quot;thumb_src&quot;:&quot;https:\\\/\\\/www.tanvitil.com\\\/wp-content\\\/uploads\\\/2017\\\/10\\\/maquillaje-vitiligo-tanvitil-gel-400x400.jpg&quot;,&quot;thumb_src_w&quot;:400,&quot;thumb_src_h&quot;:400,&quot;src_w&quot;:620,&quot;src_h&quot;:676},&quot;image_id&quot;:361,&quot;is_downloadable&quot;:false,&quot;is_in_stock&quot;:true,&quot;is_purchasable&quot;:true,&quot;is_sold_individually&quot;:&quot;no&quot;,&quot;is_virtual&quot;:false,&quot;max_qty&quot;:&quot;&quot;,&quot;min_qty&quot;:1,&quot;price_html&quot;:&quot;&quot;,&quot;sku&quot;:&quot;169655&quot;,&quot;variation_description&quot;:&quot;&quot;,&quot;variation_id&quot;:2313,&quot;variation_is_active&quot;:true,&quot;variation_is_visible&quot;:true,&quot;weight&quot;:&quot;0.03&quot;,&quot;weight_html&quot;:&quot;0,03 kg&quot;}]\">\n\t\n\t\t\t<table class=\"variations\" cellspacing=\"0\">\n\t\t\t<tbody>\n\t\t\t\t\t\t\t\t\t<tr>\n\t\t\t\t\t\t<td class=\"label\"><label for=\"pa_tono\">Tono<\/label><\/td>\n\t\t\t\t\t\t<td class=\"value\">\n\t\t\t\t\t\t\t<select id=\"pa_tono\" class=\"\" name=\"attribute_pa_tono\" data-attribute_name=\"attribute_pa_tono\" data-show_option_none=\"yes\"><option value=\"\">Choisir une option<\/option><option value=\"tono-fuerte\" >Tono fuerte<\/option><option value=\"tono-medio\" >Tono medio<\/option><option value=\"tono-suave\" >Tono suave<\/option><\/select><a class=\"reset_variations\" href=\"#\">Effacer<\/a>\t\t\t\t\t\t<\/td>\n\t\t\t\t\t<\/tr>\n\t\t\t\t\t\t\t<\/tbody>\n\t\t<\/table>\n\n\t\t\n\t\t<div class=\"single_variation_wrap\">\n\t\t\t<div class=\"woocommerce-variation single_variation\" role=\"alert\" aria-relevant=\"additions\"><\/div>\n<div class=\"woocommerce-variation-add-to-cart variations_button\">\n\t<div class=\"quantity\">\n\t\t<label class=\"screen-reader-text\" for=\"quantity_6a9bb5b96a667\">quantit\u00e9 de Tanvitil gel<\/label>\n\t<input\n\t\ttype=\"number\"\n\t\t\t\tid=\"quantity_6a9bb5b96a667\"\n\t\tclass=\"input-text qty text\"\n\t\tname=\"quantity\"\n\t\tvalue=\"1\"\n\t\taria-label=\"Quantit\u00e9 de produits\"\n\t\t\t\tmin=\"1\"\n\t\t\t\t\t\t\tstep=\"1\"\n\t\t\tplaceholder=\"\"\n\t\t\tinputmode=\"numeric\"\n\t\t\tautocomplete=\"off\"\n\t\t\t\/>\n\t<\/div>\n\t<button type=\"submit\" class=\"single_add_to_cart_button alt\">Ajouter au panier<\/button>\n\t<input type=\"hidden\" name=\"add-to-cart\" value=\"269\" \/>\n\t<input type=\"hidden\" name=\"product_id\" value=\"269\" \/>\n\t<input type=\"hidden\" name=\"variation_id\" class=\"variation_id\" value=\"0\" \/>\n<\/div>\n\t\t<\/div>\n\n\t\t\t\n\t<\/form>\n\n\n\n\t<\/div><!-- .summary -->\n\n\t<\/div><!-- #end wrapper -->\t<div class=\"clearfix\"><\/div>\n\t<div class=\"woocommerce-tabs wc-tabs-wrapper\">\n\t\t<ul class=\"tabs wc-tabs\" role=\"tablist\">\n\t\t\t\t\t\t\t<li class=\"description_tab\" id=\"tab-title-description\" role=\"tab\" aria-controls=\"tab-description\">\n\t\t\t\t\t<a href=\"#tab-description\">Description<\/a>\n\t\t\t\t<\/li>\n\t\t\t\t\t\t\t<li class=\"additional_information_tab\" id=\"tab-title-additional_information\" role=\"tab\" aria-controls=\"tab-additional_information\">\n\t\t\t\t\t<a href=\"#tab-additional_information\">Informations compl\u00e9mentaires<\/a>\n\t\t\t\t<\/li>\n\t\t\t\t\t\t\t<li class=\"escaracteristicasenfeaturesfrfeaturesptfeatures-de-eigenschaften_tab\" id=\"tab-title-escaracteristicasenfeaturesfrfeaturesptfeatures-de-eigenschaften\" role=\"tab\" aria-controls=\"tab-escaracteristicasenfeaturesfrfeaturesptfeatures-de-eigenschaften\">\n\t\t\t\t\t<a href=\"#tab-escaracteristicasenfeaturesfrfeaturesptfeatures-de-eigenschaften\">Features<\/a>\n\t\t\t\t<\/li>\n\t\t\t\t\t\t\t<li class=\"esadvertenciasen-warnings-fr-avertissementspt-advertencias-de-hinweise_tab\" id=\"tab-title-esadvertenciasen-warnings-fr-avertissementspt-advertencias-de-hinweise\" role=\"tab\" aria-controls=\"tab-esadvertenciasen-warnings-fr-avertissementspt-advertencias-de-hinweise\">\n\t\t\t\t\t<a href=\"#tab-esadvertenciasen-warnings-fr-avertissementspt-advertencias-de-hinweise\">Avertissements<\/a>\n\t\t\t\t<\/li>\n\t\t\t\t\t\t\t<li class=\"es-modo-de-empleo-en-how-to-apply-fr-mode-demploi-pt-modo-de-utilizacao-de-de-anwendung_tab\" id=\"tab-title-es-modo-de-empleo-en-how-to-apply-fr-mode-demploi-pt-modo-de-utilizacao-de-de-anwendung\" role=\"tab\" aria-controls=\"tab-es-modo-de-empleo-en-how-to-apply-fr-mode-demploi-pt-modo-de-utilizacao-de-de-anwendung\">\n\t\t\t\t\t<a href=\"#tab-es-modo-de-empleo-en-how-to-apply-fr-mode-demploi-pt-modo-de-utilizacao-de-de-anwendung\">Mode d\u2019emploi<\/a>\n\t\t\t\t<\/li>\n\t\t\t\t\t\t\t<li class=\"esrecomendacionesenrecommendationsfr-recommandationspt-recomendacoes-de-empfehlungen_tab\" id=\"tab-title-esrecomendacionesenrecommendationsfr-recommandationspt-recomendacoes-de-empfehlungen\" role=\"tab\" aria-controls=\"tab-esrecomendacionesenrecommendationsfr-recommandationspt-recomendacoes-de-empfehlungen\">\n\t\t\t\t\t<a href=\"#tab-esrecomendacionesenrecommendationsfr-recommandationspt-recomendacoes-de-empfehlungen\">Recommandations<\/a>\n\t\t\t\t<\/li>\n\t\t\t\t\t<\/ul>\n\t\t\t\t\t<div class=\"woocommerce-Tabs-panel woocommerce-Tabs-panel--description panel entry-content wc-tab\" id=\"tab-description\" role=\"tabpanel\" aria-labelledby=\"tab-title-description\">\n\t\t\t\t\n  <h2>Description<\/h2>\n\n<p>Le maquillage pour le vitiligo est destin\u00e9 \u00e0 cacher ou \u00e0 camoufler les taches provoqu\u00e9es par le vitiligo.<\/p>\n<p>Chez Abedul Productos Farmac\u00e9uticos nous avons mis au point deux produits sp\u00e9cifiques de maquillage pour tonaliser les taches caus\u00e9es par le vitiligo. Elles sont disponibles en gel et en spray.<\/p>\n<p>Aussi bien le gel que le spray sont disponibles en trois tonalit\u00e9s. Choisissez la tonalit\u00e9 qui s\u2019adapte le mieux \u00e0 votre phototype de peau.<\/p>\n<ul>\n<li>Douce pour les peaux aux phototypes clairs.<\/li>\n<li>Moyenne pour les tonalit\u00e9s plus interm\u00e9diaires.<\/li>\n<li>Forte pour les peaux aux phototypes fonc\u00e9s.<\/li>\n<\/ul>\n<p><a href=\"https:\/\/www.tanvitil.com\/wp-content\/uploads\/2017\/10\/corrector-vitiligo-tanvitil-gel.pdf\" target=\"_blank\" rel=\"noopener\">T\u00e9l\u00e9chargez la brochure<\/a><\/p>\t\t\t<\/div>\n\t\t\t\t\t<div class=\"woocommerce-Tabs-panel woocommerce-Tabs-panel--additional_information panel entry-content wc-tab\" id=\"tab-additional_information\" role=\"tabpanel\" aria-labelledby=\"tab-title-additional_information\">\n\t\t\t\t\n\t<h2>Informations compl\u00e9mentaires<\/h2>\n\n<table class=\"shop_attributes\">\n\t\t\t<tr>\n\t\t\t<th>Poids<\/th>\n\t\t\t<td class=\"product_weight\">ND<\/td>\n\t\t<\/tr>\n\t\n\t\n\t<\/table>\n\t\t\t<\/div>\n\t\t\t\t\t<div class=\"woocommerce-Tabs-panel woocommerce-Tabs-panel--escaracteristicasenfeaturesfrfeaturesptfeatures-de-eigenschaften panel entry-content wc-tab\" id=\"tab-escaracteristicasenfeaturesfrfeaturesptfeatures-de-eigenschaften\" role=\"tabpanel\" aria-labelledby=\"tab-title-escaracteristicasenfeaturesfrfeaturesptfeatures-de-eigenschaften\">\n\t\t\t\t<h2 class=\"yikes-custom-woo-tab-title yikes-custom-woo-tab-title-escaracteristicasenfeaturesfrfeaturesptfeatures-de-eigenschaften\">[:es]Caracter\u00edsticas[:en]Features[:fr]Features[:pt]Features [:de] Eigenschaften [:] <\/h2><\/p>\n<p><b>Composition: <\/b> Aqua, Alcohol, Dihidroxyacetone, Hydroxypropylmethylcellulose, Parfum, Hexyl cinnamal.<\/p>\n<p><b>Presentation: <\/b> 30 ml.<\/p>\n<p>\t\t\t<\/div>\n\t\t\t\t\t<div class=\"woocommerce-Tabs-panel woocommerce-Tabs-panel--esadvertenciasen-warnings-fr-avertissementspt-advertencias-de-hinweise panel entry-content wc-tab\" id=\"tab-esadvertenciasen-warnings-fr-avertissementspt-advertencias-de-hinweise\" role=\"tabpanel\" aria-labelledby=\"tab-title-esadvertenciasen-warnings-fr-avertissementspt-advertencias-de-hinweise\">\n\t\t\t\t<h2 class=\"yikes-custom-woo-tab-title yikes-custom-woo-tab-title-esadvertenciasen-warnings-fr-avertissementspt-advertencias-de-hinweise\"> [:es]Advertencias[:en] Warnings [:fr] Avertissements[:pt] Advert\u00eancias [:de] Hinweise [:] <\/h2><\/p>\n<ul>\n<li>\u00c9vitez d\u2019entrer en contact avec l\u2019eau au cours des 3 heures suivant l\u2019application.<\/li>\n<li>Lavez-vous les mains apr\u00e8s chaque utilisation, en accordant une attention particuli\u00e8re \u00e0 la zone des ongles et des cuticules.<\/li>\n<li>\u00c9vitez le contact avec les yeux et les muqueuses.<\/li>\n<li>En cas de contact avec les yeux, rincer abondamment avec de l\u2019eau.<\/li>\n<li>Sans filtre UV, il ne prot\u00e8ge pas du soleil.<\/li>\n<li>Il est conseill\u00e9 d\u2019utiliser un \u00e9cran solaire en cas d\u2019exposition au soleil.<\/li>\n<li>Entreposer dans un endroit frais et sec.<\/li>\n<li>Garder hors de port\u00e9e des enfants.<\/li>\n<li>Inflammable. Ne pas l\u2019utiliser \u00e0 proximit\u00e9 d\u2019une source de chaleur.<\/li>\n<li>Ne pas ing\u00e9rer.<\/li>\n<\/ul>\n<p>\t\t\t<\/div>\n\t\t\t\t\t<div class=\"woocommerce-Tabs-panel woocommerce-Tabs-panel--es-modo-de-empleo-en-how-to-apply-fr-mode-demploi-pt-modo-de-utilizacao-de-de-anwendung panel entry-content wc-tab\" id=\"tab-es-modo-de-empleo-en-how-to-apply-fr-mode-demploi-pt-modo-de-utilizacao-de-de-anwendung\" role=\"tabpanel\" aria-labelledby=\"tab-title-es-modo-de-empleo-en-how-to-apply-fr-mode-demploi-pt-modo-de-utilizacao-de-de-anwendung\">\n\t\t\t\t<h2 class=\"yikes-custom-woo-tab-title yikes-custom-woo-tab-title-es-modo-de-empleo-en-how-to-apply-fr-mode-demploi-pt-modo-de-utilizacao-de-de-anwendung\">[:es] Modo de empleo [:en] How to apply [:fr] Mode d\u2019emploi [:pt] Modo de utiliza\u00e7\u00e3o [:de] [:de] Anwendung [:] <\/h2><\/p>\n<ul>\n<li>Pour une correcte application, nous prot\u00e9gerons la p\u00e9riph\u00e9rie de la tache d\u00e9pigment\u00e9e avec de la vaseline.<\/li>\n<li>Nous appliquerons le gel sur la zone d\u00e9pigment\u00e9e avec l\u2019aide d\u2019un pinceau.<\/li>\n<li>Appliquer de fa\u00e7on uniforme, avec l\u2019aide d\u2019un pinceau, sur les zones d\u00e9pigment\u00e9es et en d\u00e9limitant les contours.<\/li>\n<\/ul>\n<p>Pour les taches irr\u00e9guli\u00e8res, il est conseill\u00e9 de prot\u00e9ger le p\u00e9rim\u00e8tre de la zone avec de la vaseline afin d\u2019\u00e9viter une augmentation de la coloration des zones pigment\u00e9es. La couleur apparaitra 3 ou 4 heures apr\u00e8s l\u2019application.<\/p>\n<p>Renouveler l\u2019application jusqu\u2019\u00e0 l\u2019obtention de la couleur souhait\u00e9e. Pour \u00e9viter que la couleur ne d\u00e9passe la tonalit\u00e9 recherch\u00e9e, il ne faut pas appliquer plus d\u2019une fois par jour.<\/p>\t\t\t<\/div>\n\t\t\t\t\t<div class=\"woocommerce-Tabs-panel woocommerce-Tabs-panel--esrecomendacionesenrecommendationsfr-recommandationspt-recomendacoes-de-empfehlungen panel entry-content wc-tab\" id=\"tab-esrecomendacionesenrecommendationsfr-recommandationspt-recomendacoes-de-empfehlungen\" role=\"tabpanel\" aria-labelledby=\"tab-title-esrecomendacionesenrecommendationsfr-recommandationspt-recomendacoes-de-empfehlungen\">\n\t\t\t\t<h2 class=\"yikes-custom-woo-tab-title yikes-custom-woo-tab-title-esrecomendacionesenrecommendationsfr-recommandationspt-recomendacoes-de-empfehlungen\">[:es]Recomendaciones[:en]Recommendations[:fr] Recommandations[:pt] Recomenda\u00e7\u00f5es [:de] Empfehlungen [:]<\/h2><\/p>\n<ul>\n<li>Commencez par essayer le tonalisateur sur une petite surface de peau pour voir le r\u00e9sultat.<\/li>\n<li>Avant d\u2019appliquer d\u2019autres couches de produit, souvenez-vous qu\u2019il commence \u00e0 faire effet sur la peau 20 minutes apr\u00e8s son application.<\/li>\n<li>Hydratez la zone \u00e0 traiter.<\/li>\n<li>Il se peut que la pigmentation de Tanvitil se d\u00e9grade quelques jours apr\u00e8s son application \u00e0 cause du renouvellement cellulaire, mais cette d\u00e9gradation peut \u00eatre retard\u00e9e si la zone est hydrat\u00e9e.<\/li>\n<li>Les effets d\u2019une seule application de Tanvitil peuvent durer entre 3 et 6 jours selon les personnes et les types de peau.<\/li>\n<li>Laissez au moins 1 millim\u00e8tre environ entre la zone d\u2019application et la peau pigment\u00e9e afin que la couleur puisse se r\u00e9pandre uniquement \u00e0 l\u2019int\u00e9rieur de la tache.<\/li>\n<\/ul>\n<p>\t\t\t<\/div>\n\t\t\t<\/div>\n\n\n<\/div><!-- #product-269 -->\n\n\t\t\t<\/div>\n\t\t\t<\/div>[\/et_pb_code][\/et_pb_column][\/et_pb_row][\/et_pb_section][et_pb_section bb_built=\u00a0\u00bb1&Prime; background_color=\u00a0\u00bb#ffffff\u00a0\u00bb _builder_version=\u00a0\u00bb3.0.91&Prime; custom_padding=\u00a0\u00bb0px|0px|0px|0px\u00a0\u00bb prev_background_color=\u00a0\u00bb#000000&Prime;][et_pb_row use_custom_width=\u00a0\u00bbon\u00a0\u00bb width_unit=\u00a0\u00bboff\u00a0\u00bb custom_width_percent=\u00a0\u00bb90%\u00a0\u00bb use_custom_gutter=\u00a0\u00bbon\u00a0\u00bb gutter_width=\u00a0\u00bb1&Prime; custom_padding=\u00a0\u00bb0px|0px|0px|0px\u00a0\u00bb make_equal=\u00a0\u00bbon\u00a0\u00bb _builder_version=\u00a0\u00bb3.0.91&Prime; module_alignment=\u00a0\u00bbcenter\u00a0\u00bb][et_pb_column type=\u00a0\u00bb1_2&Prime;][et_pb_image src=\u00a0\u00bbhttps:\/\/www.tanvitil.com\/wp-content\/uploads\/chica-con-manchas-de-vitiligo.jpg\u00a0\u00bb url=\u00a0\u00bb\/maquillaje-vitiligo\/tanvitil-gel\u00a0\u00bb align=\u00a0\u00bbcenter\u00a0\u00bb _builder_version=\u00a0\u00bb3.0.99&Prime; \/][\/et_pb_column][et_pb_column type=\u00a0\u00bb1_2&Prime;][et_pb_blurb title=\u00a0\u00bbTanvitil Spray\u00a0\u00bb url=\u00a0\u00bb\/maquillaje-vitiligo\/tanvitil-spray\u00a0\u00bb background_layout=\u00a0\u00bbdark\u00a0\u00bb image_max_width=\u00a0\u00bb76%\u00a0\u00bb content_max_width=\u00a0\u00bb90%\u00a0\u00bb module_class=\u00a0\u00bbtanvitil-footer\u00a0\u00bb _builder_version=\u00a0\u00bb3.0.105&Prime; header_level=\u00a0\u00bbh3&Prime; header_font_size=\u00a0\u00bb47px\u00a0\u00bb body_font_size=\u00a0\u00bb18px\u00a0\u00bb background_color=\u00a0\u00bbrgba(204,0,134,0.88)\u00a0\u00bb module_alignment=\u00a0\u00bbleft\u00a0\u00bb custom_margin=\u00a0\u00bb16%|||\u00a0\u00bb custom_padding=\u00a0\u00bb24px|24px|32px|24px\u00a0\u00bb url_new_window=\u00a0\u00bbon\u00a0\u00bb use_icon=\u00a0\u00bboff\u00a0\u00bb use_circle=\u00a0\u00bboff\u00a0\u00bb use_circle_border=\u00a0\u00bboff\u00a0\u00bb icon_placement=\u00a0\u00bbtop\u00a0\u00bb use_icon_font_size=\u00a0\u00bboff\u00a0\u00bb]<\/p>\n<p>Tanvitil spray, recomendado para zonas amplias<\/p>\n<p><a class=\"et_pb_button \" title=\"\" href=\"\/maquillaje-vitiligo\/tanvitil-spray\">Tanvitil spray<\/a><\/p>\n<p>[\/et_pb_blurb][\/et_pb_column][\/et_pb_row][\/et_pb_section]<\/p>\n","protected":false},"excerpt":{"rendered":"<p>[et_pb_section bb_built=\u00a0\u00bb1&Prime; module_id=\u00a0\u00bbexContent\u00a0\u00bb _builder_version=\u00a0\u00bb3.0.82&Prime; custom_padding=\u00a0\u00bb33px|0px|62px|0px\u00a0\u00bb next_background_color=\u00a0\u00bb#000000&Prime;][et_pb_row custom_padding=\u00a0\u00bb|0px|40px|0px\u00a0\u00bb custom_margin=\u00a0\u00bb40px|||\u00a0\u00bb background_color=\u00a0\u00bb#ffffff\u00a0\u00bb module_class_1=\u00a0\u00bbexPage\u00a0\u00bb _builder_version=\u00a0\u00bb3.0.91&Prime; background_size=\u00a0\u00bbinitial\u00a0\u00bb background_position=\u00a0\u00bbtop_left\u00a0\u00bb background_repeat=\u00a0\u00bbrepeat\u00a0\u00bb][et_pb_column type=\u00a0\u00bb4_4&Prime;][et_pb_code _builder_version=\u00a0\u00bb3.0.101&Prime;][\/et_pb_code][\/et_pb_column][\/et_pb_row][\/et_pb_section][et_pb_section bb_built=\u00a0\u00bb1&Prime; background_color=\u00a0\u00bb#ffffff\u00a0\u00bb _builder_version=\u00a0\u00bb3.0.91&Prime; custom_padding=\u00a0\u00bb0px|0px|0px|0px\u00a0\u00bb prev_background_color=\u00a0\u00bb#000000&Prime;][et_pb_row use_custom_width=\u00a0\u00bbon\u00a0\u00bb width_unit=\u00a0\u00bboff\u00a0\u00bb custom_width_percent=\u00a0\u00bb90%\u00a0\u00bb use_custom_gutter=\u00a0\u00bbon\u00a0\u00bb gutter_width=\u00a0\u00bb1&Prime; custom_padding=\u00a0\u00bb0px|0px|0px|0px\u00a0\u00bb make_equal=\u00a0\u00bbon\u00a0\u00bb _builder_version=\u00a0\u00bb3.0.91&Prime; module_alignment=\u00a0\u00bbcenter\u00a0\u00bb][et_pb_column type=\u00a0\u00bb1_2&Prime;][et_pb_image src=\u00a0\u00bbhttps:\/\/www.tanvitil.com\/wp-content\/uploads\/chica-con-manchas-de-vitiligo.jpg\u00a0\u00bb url=\u00a0\u00bb\/maquillaje-vitiligo\/tanvitil-gel\u00a0\u00bb align=\u00a0\u00bbcenter\u00a0\u00bb _builder_version=\u00a0\u00bb3.0.99&Prime; \/][\/et_pb_column][et_pb_column type=\u00a0\u00bb1_2&Prime;][et_pb_blurb title=\u00a0\u00bbTanvitil Spray\u00a0\u00bb url=\u00a0\u00bb\/maquillaje-vitiligo\/tanvitil-spray\u00a0\u00bb background_layout=\u00a0\u00bbdark\u00a0\u00bb image_max_width=\u00a0\u00bb76%\u00a0\u00bb content_max_width=\u00a0\u00bb90%\u00a0\u00bb module_class=\u00a0\u00bbtanvitil-footer\u00a0\u00bb _builder_version=\u00a0\u00bb3.0.105&Prime; header_level=\u00a0\u00bbh3&Prime; header_font_size=\u00a0\u00bb47px\u00a0\u00bb body_font_size=\u00a0\u00bb18px\u00a0\u00bb background_color=\u00a0\u00bbrgba(204,0,134,0.88)\u00a0\u00bb module_alignment=\u00a0\u00bbleft\u00a0\u00bb custom_margin=\u00a0\u00bb16%|||\u00a0\u00bb custom_padding=\u00a0\u00bb24px|24px|32px|24px\u00a0\u00bb url_new_window=\u00a0\u00bbon\u00a0\u00bb use_icon=\u00a0\u00bboff\u00a0\u00bb use_circle=\u00a0\u00bboff\u00a0\u00bb [&hellip;]<\/p>\n","protected":false},"author":1,"featured_media":0,"parent":2391,"menu_order":0,"comment_status":"closed","ping_status":"closed","template":"","meta":{"_et_pb_use_builder":"on","_et_pb_old_content":"","_et_gb_content_width":"","footnotes":""},"class_list":["post-362","page","type-page","status-publish","hentry"],"_links":{"self":[{"href":"https:\/\/www.tanvitil.com\/fr\/wp-json\/wp\/v2\/pages\/362","targetHints":{"allow":["GET"]}}],"collection":[{"href":"https:\/\/www.tanvitil.com\/fr\/wp-json\/wp\/v2\/pages"}],"about":[{"href":"https:\/\/www.tanvitil.com\/fr\/wp-json\/wp\/v2\/types\/page"}],"author":[{"embeddable":true,"href":"https:\/\/www.tanvitil.com\/fr\/wp-json\/wp\/v2\/users\/1"}],"replies":[{"embeddable":true,"href":"https:\/\/www.tanvitil.com\/fr\/wp-json\/wp\/v2\/comments?post=362"}],"version-history":[{"count":1,"href":"https:\/\/www.tanvitil.com\/fr\/wp-json\/wp\/v2\/pages\/362\/revisions"}],"predecessor-version":[{"id":2385,"href":"https:\/\/www.tanvitil.com\/fr\/wp-json\/wp\/v2\/pages\/362\/revisions\/2385"}],"up":[{"embeddable":true,"href":"https:\/\/www.tanvitil.com\/fr\/wp-json\/wp\/v2\/pages\/2391"}],"wp:attachment":[{"href":"https:\/\/www.tanvitil.com\/fr\/wp-json\/wp\/v2\/media?parent=362"}],"curies":[{"name":"wp","href":"https:\/\/api.w.org\/{rel}","templated":true}]}}