{"id":407,"date":"2017-10-19T09:34:02","date_gmt":"2017-10-19T07:34:02","guid":{"rendered":"http:\/\/www.tanvitil.com\/?page_id=407"},"modified":"2019-09-26T17:13:30","modified_gmt":"2019-09-26T15:13:30","slug":"como-elegir-el-tono-adecuado","status":"publish","type":"page","link":"https:\/\/www.tanvitil.com\/fr\/ayuda\/como-elegir-el-tono-adecuado\/","title":{"rendered":"Comment choisir la tonalit\u00e9 appropri\u00e9e?"},"content":{"rendered":"<p>[et_pb_section bb_built=\u00a0\u00bb1&Prime; inner_shadow=\u00a0\u00bbon\u00a0\u00bb make_equal=\u00a0\u00bbon\u00a0\u00bb specialty=\u00a0\u00bbon\u00a0\u00bb module_id=\u00a0\u00bbexContent\u00a0\u00bb _builder_version=\u00a0\u00bb3.0.82&Prime; custom_padding=\u00a0\u00bb54px|0px|52px|0px\u00a0\u00bb next_background_color=\u00a0\u00bbrgba(104,118,138,0.05)\u00a0\u00bb][et_pb_column type=\u00a0\u00bb2_3&Prime; specialty_columns=\u00a0\u00bb2&Prime;][et_pb_row_inner custom_padding=\u00a0\u00bb0px|0px|0px|0px\u00a0\u00bb module_class_1=\u00a0\u00bbexPage exText\u00a0\u00bb _builder_version=\u00a0\u00bb3.0.82&Prime;][et_pb_column_inner type=\u00a0\u00bb4_4&Prime; saved_specialty_column_type=\u00a0\u00bb2_3&Prime;][et_pb_text admin_label=\u00a0\u00bbText\u00a0\u00bb _builder_version=\u00a0\u00bb3.0.106&Prime; background_size=\u00a0\u00bbinitial\u00a0\u00bb background_position=\u00a0\u00bbtop_left\u00a0\u00bb background_repeat=\u00a0\u00bbrepeat\u00a0\u00bb background_layout=\u00a0\u00bblight\u00a0\u00bb]<\/p>\n<h1>Comment choisir la tonalit\u00e9 appropri\u00e9e?<\/h1>\n<p>Notre gamme de correcteurs du vitiligo est disponible en trois tonalit\u00e9s : Douce pour les peaux claires (phototypes I-II), moyenne pour les interm\u00e9diaires (phototype III), et forte pour les peaux fonc\u00e9es (IV et plus).<\/p>\n<p>[\/et_pb_text][et_pb_blurb title=\u00a0\u00bbPhototype I\u00a0\u00bb use_icon=\u00a0\u00bbon\u00a0\u00bb font_icon=\u00a0\u00bb%%205%%\u00a0\u00bb icon_color=\u00a0\u00bb#faf5f7&Prime; icon_placement=\u00a0\u00bbleft\u00a0\u00bb content_max_width=\u00a0\u00bb80%\u00a0\u00bb use_icon_font_size=\u00a0\u00bbon\u00a0\u00bb icon_font_size=\u00a0\u00bb110px\u00a0\u00bb _builder_version=\u00a0\u00bb3.0.106&Prime; header_font_size=\u00a0\u00bb28px\u00a0\u00bb custom_margin=\u00a0\u00bb40px||20px|\u00a0\u00bb custom_padding=\u00a0\u00bb20px||20px|\u00a0\u00bb box_shadow_style=\u00a0\u00bbpreset3&Prime; box_shadow_vertical=\u00a0\u00bb4px\u00a0\u00bb box_shadow_blur=\u00a0\u00bb4px\u00a0\u00bb box_shadow_spread=\u00a0\u00bb-5px\u00a0\u00bb circle_border_color=\u00a0\u00bbrgba(0,0,0,0.77)\u00a0\u00bb url_new_window=\u00a0\u00bboff\u00a0\u00bb use_circle=\u00a0\u00bboff\u00a0\u00bb use_circle_border=\u00a0\u00bboff\u00a0\u00bb background_layout=\u00a0\u00bblight\u00a0\u00bb]<\/p>\n<p>Personnes \u00e0 la peau tr\u00e8s p\u00e2le, g\u00e9n\u00e9ralement des roux, avec une peau qui br\u00fble presque toujours, qui ne brunit presque pas et qui pr\u00e9sente des r\u00e9actions photoallergiques lorsqu\u2019elle s\u2019expose trop longtemps \u00e0 la lumi\u00e8re solaire directe.<\/p>\n<p>[\/et_pb_blurb][et_pb_blurb title=\u00a0\u00bbPhototype II\u00a0\u00bb use_icon=\u00a0\u00bbon\u00a0\u00bb font_icon=\u00a0\u00bb%%205%%\u00a0\u00bb icon_color=\u00a0\u00bb#f6eee3&Prime; use_circle=\u00a0\u00bbon\u00a0\u00bb circle_color=\u00a0\u00bb#ffffff\u00a0\u00bb icon_placement=\u00a0\u00bbleft\u00a0\u00bb content_max_width=\u00a0\u00bb80%\u00a0\u00bb use_icon_font_size=\u00a0\u00bbon\u00a0\u00bb icon_font_size=\u00a0\u00bb110px\u00a0\u00bb _builder_version=\u00a0\u00bb3.0.106&Prime; header_font_size=\u00a0\u00bb28px\u00a0\u00bb custom_margin=\u00a0\u00bb20px||20px|\u00a0\u00bb custom_padding=\u00a0\u00bb20px||20px|\u00a0\u00bb box_shadow_style=\u00a0\u00bbpreset3&Prime; box_shadow_vertical=\u00a0\u00bb4px\u00a0\u00bb box_shadow_blur=\u00a0\u00bb4px\u00a0\u00bb box_shadow_spread=\u00a0\u00bb-5px\u00a0\u00bb box_shadow_color=\u00a0\u00bbrgba(0,0,0,0.56)\u00a0\u00bb url_new_window=\u00a0\u00bboff\u00a0\u00bb use_circle_border=\u00a0\u00bboff\u00a0\u00bb background_layout=\u00a0\u00bblight\u00a0\u00bb]<\/p>\n<p>Personnes \u00e0 la peau blanche, sensible et d\u00e9licate, avec g\u00e9n\u00e9ralement des cheveux blonds ou clairs. De m\u00eame que les personnes de phototype I, elles ne brunissent presque pas et pr\u00e9sentent des r\u00e9actions photoallergiques lorsqu\u2019elles s\u2019exposent trop longtemps au soleil.<\/p>\n<p>[\/et_pb_blurb][et_pb_blurb title=\u00a0\u00bbPhototype III\u00a0\u00bb use_icon=\u00a0\u00bbon\u00a0\u00bb font_icon=\u00a0\u00bb%%205%%\u00a0\u00bb icon_color=\u00a0\u00bb#f3e8d9&Prime; use_circle=\u00a0\u00bbon\u00a0\u00bb circle_color=\u00a0\u00bb#ffffff\u00a0\u00bb icon_placement=\u00a0\u00bbleft\u00a0\u00bb content_max_width=\u00a0\u00bb80%\u00a0\u00bb use_icon_font_size=\u00a0\u00bbon\u00a0\u00bb icon_font_size=\u00a0\u00bb110px\u00a0\u00bb _builder_version=\u00a0\u00bb3.0.106&Prime; header_font_size=\u00a0\u00bb28px\u00a0\u00bb custom_margin=\u00a0\u00bb20px||20px|\u00a0\u00bb custom_padding=\u00a0\u00bb20px||20px|\u00a0\u00bb box_shadow_style=\u00a0\u00bbpreset3&Prime; box_shadow_vertical=\u00a0\u00bb4px\u00a0\u00bb box_shadow_blur=\u00a0\u00bb4px\u00a0\u00bb box_shadow_spread=\u00a0\u00bb-5px\u00a0\u00bb url_new_window=\u00a0\u00bboff\u00a0\u00bb use_circle_border=\u00a0\u00bboff\u00a0\u00bb background_layout=\u00a0\u00bblight\u00a0\u00bb]<\/p>\n<p>Il s\u2019agit du phototype le plus courant. Il correspond aux personnes aux cheveux ch\u00e2tain et \u00e0 la peau interm\u00e9diaire, qui rougissent tout d\u2019abord et brunissent apr\u00e8s l\u2019exposition au soleil. C\u2019est quelque chose de tr\u00e8s courant pour les allemands et les danois, mais pas pour les personnes d\u2019origine italienne.<\/p>\n<p>[\/et_pb_blurb][et_pb_blurb title=\u00a0\u00bbPhototype IV\u00a0\u00bb use_icon=\u00a0\u00bbon\u00a0\u00bb font_icon=\u00a0\u00bb%%205%%\u00a0\u00bb icon_color=\u00a0\u00bb#e6cfb0&Prime; use_circle=\u00a0\u00bbon\u00a0\u00bb circle_color=\u00a0\u00bb#ffffff\u00a0\u00bb icon_placement=\u00a0\u00bbleft\u00a0\u00bb content_max_width=\u00a0\u00bb80%\u00a0\u00bb use_icon_font_size=\u00a0\u00bbon\u00a0\u00bb icon_font_size=\u00a0\u00bb110px\u00a0\u00bb _builder_version=\u00a0\u00bb3.0.106&Prime; header_font_size=\u00a0\u00bb28px\u00a0\u00bb custom_margin=\u00a0\u00bb20px||20px|\u00a0\u00bb custom_padding=\u00a0\u00bb20px||20px|\u00a0\u00bb box_shadow_style=\u00a0\u00bbpreset3&Prime; box_shadow_vertical=\u00a0\u00bb4px\u00a0\u00bb box_shadow_blur=\u00a0\u00bb4px\u00a0\u00bb box_shadow_spread=\u00a0\u00bb-5px\u00a0\u00bb url_new_window=\u00a0\u00bboff\u00a0\u00bb use_circle_border=\u00a0\u00bboff\u00a0\u00bb background_layout=\u00a0\u00bblight\u00a0\u00bb]<\/p>\n<p>Il correspond aux personnes aux cheveux bruns ou noirs et \u00e0 la peau fonc\u00e9e qui brunit rapidement apr\u00e8s l\u2019exposition directe au soleil. C\u2019est quelque chose de tr\u00e8s courant pour les personnes d\u2019origine italienne, mais pas pour les norv\u00e9giens.<\/p>\n<p>[\/et_pb_blurb][et_pb_blurb title=\u00a0\u00bbPhototype V\u00a0\u00bb use_icon=\u00a0\u00bbon\u00a0\u00bb font_icon=\u00a0\u00bb%%205%%\u00a0\u00bb icon_color=\u00a0\u00bb#cda162&Prime; use_circle=\u00a0\u00bbon\u00a0\u00bb circle_color=\u00a0\u00bb#ffffff\u00a0\u00bb icon_placement=\u00a0\u00bbleft\u00a0\u00bb content_max_width=\u00a0\u00bb80%\u00a0\u00bb use_icon_font_size=\u00a0\u00bbon\u00a0\u00bb icon_font_size=\u00a0\u00bb110px\u00a0\u00bb _builder_version=\u00a0\u00bb3.0.106&Prime; header_font_size=\u00a0\u00bb28px\u00a0\u00bb custom_margin=\u00a0\u00bb20px||20px|\u00a0\u00bb custom_padding=\u00a0\u00bb20px||20px|\u00a0\u00bb box_shadow_style=\u00a0\u00bbpreset3&Prime; box_shadow_vertical=\u00a0\u00bb4px\u00a0\u00bb box_shadow_blur=\u00a0\u00bb4px\u00a0\u00bb box_shadow_spread=\u00a0\u00bb-5px\u00a0\u00bb url_new_window=\u00a0\u00bboff\u00a0\u00bb use_circle_border=\u00a0\u00bboff\u00a0\u00bb background_layout=\u00a0\u00bblight\u00a0\u00bb]<\/p>\n<p>Personnes \u00e0 la peau plus fonc\u00e9e que celle du phototype IV.<\/p>\n<p>[\/et_pb_blurb][et_pb_blurb title=\u00a0\u00bbPhototype VI\u00a0\u00bb use_icon=\u00a0\u00bbon\u00a0\u00bb font_icon=\u00a0\u00bb%%205%%\u00a0\u00bb icon_color=\u00a0\u00bb#5b5b5d\u00a0\u00bb use_circle=\u00a0\u00bbon\u00a0\u00bb circle_color=\u00a0\u00bb#ffffff\u00a0\u00bb icon_placement=\u00a0\u00bbleft\u00a0\u00bb content_max_width=\u00a0\u00bb80%\u00a0\u00bb use_icon_font_size=\u00a0\u00bbon\u00a0\u00bb icon_font_size=\u00a0\u00bb110px\u00a0\u00bb _builder_version=\u00a0\u00bb3.0.106&Prime; header_font_size=\u00a0\u00bb28px\u00a0\u00bb custom_margin=\u00a0\u00bb20px|0px|20px|0px\u00a0\u00bb custom_padding=\u00a0\u00bb20px|0px|20px|0px\u00a0\u00bb url_new_window=\u00a0\u00bboff\u00a0\u00bb use_circle_border=\u00a0\u00bboff\u00a0\u00bb background_layout=\u00a0\u00bblight\u00a0\u00bb]<\/p>\n<p>Personnes \u00e0 la peau tr\u00e8s fonc\u00e9e.<\/p>\n<p>[\/et_pb_blurb][\/et_pb_column_inner][\/et_pb_row_inner][\/et_pb_column][et_pb_column type=\u00a0\u00bb1_3&Prime;][et_pb_sidebar admin_label=\u00a0\u00bbBarra Ayuda\u00a0\u00bb area=\u00a0\u00bbet_pb_widget_area_4&Prime; show_border=\u00a0\u00bboff\u00a0\u00bb module_id=\u00a0\u00bbex_sidebar\u00a0\u00bb module_class=\u00a0\u00bbex_sidebar\u00a0\u00bb _builder_version=\u00a0\u00bb3.0.101&Prime; header_font=\u00a0\u00bb|||on|||||\u00a0\u00bb header_text_color=\u00a0\u00bb#ffffff\u00a0\u00bb body_font=\u00a0\u00bb|600|||||||\u00a0\u00bb body_font_size=\u00a0\u00bb15px\u00a0\u00bb body_text_color=\u00a0\u00bb#000000&Prime; body_line_height=\u00a0\u00bb2.4em\u00a0\u00bb background_color=\u00a0\u00bb#ffffff\u00a0\u00bb text_orientation=\u00a0\u00bbleft\u00a0\u00bb custom_margin=\u00a0\u00bb|||\u00a0\u00bb custom_padding=\u00a0\u00bb20px|20px|20px|20px\u00a0\u00bb global_module=\u00a0\u00bb825&Prime; saved_tabs=\u00a0\u00bball\u00a0\u00bb orientation=\u00a0\u00bbleft\u00a0\u00bb background_layout=\u00a0\u00bblight\u00a0\u00bb background_color_gradient_overlays_image=\u00a0\u00bboff\u00a0\u00bb \/][\/et_pb_column][\/et_pb_section][et_pb_section bb_built=\u00a0\u00bb1&Prime; admin_label=\u00a0\u00bbTanvitil gel y tanvitil spray\u00a0\u00bb background_color=\u00a0\u00bbrgba(104,118,138,0.05)\u00a0\u00bb _builder_version=\u00a0\u00bb3.0.106&Prime; prev_background_color=\u00a0\u00bb#ffffff\u00a0\u00bb global_module=\u00a0\u00bb1510&Prime;][et_pb_row global_parent=\u00a0\u00bb1510&Prime; custom_padding=\u00a0\u00bb|||\u00a0\u00bb make_equal=\u00a0\u00bbon\u00a0\u00bb background_color_1=\u00a0\u00bb#ffffff\u00a0\u00bb background_color_2=\u00a0\u00bb#ffffff\u00a0\u00bb background_color_3=\u00a0\u00bb#0078d7&Prime; padding_top_1=\u00a0\u00bb24px\u00a0\u00bb padding_right_1=\u00a0\u00bb24px\u00a0\u00bb padding_bottom_1=\u00a0\u00bb24px\u00a0\u00bb padding_left_1=\u00a0\u00bb24px\u00a0\u00bb padding_top_2=\u00a0\u00bb24px\u00a0\u00bb padding_right_2=\u00a0\u00bb24px\u00a0\u00bb padding_bottom_2=\u00a0\u00bb24px\u00a0\u00bb padding_left_2=\u00a0\u00bb24px\u00a0\u00bb padding_top_3=\u00a0\u00bb24px\u00a0\u00bb padding_right_3=\u00a0\u00bb24px\u00a0\u00bb padding_bottom_3=\u00a0\u00bb24px\u00a0\u00bb padding_left_3=\u00a0\u00bb24px\u00a0\u00bb _builder_version=\u00a0\u00bb3.0.101&Prime;][et_pb_column type=\u00a0\u00bb1_3&Prime;][et_pb_blurb global_parent=\u00a0\u00bb1510&Prime; title=\u00a0\u00bbTanvitil Spray\u00a0\u00bb url=\u00a0\u00bbhttps:\/\/www.tanvitil.com\/fr\/maquillaje-vitiligo\/tanvitil-spray\/\u00a0\u00bb image=\u00a0\u00bbhttps:\/\/www.tanvitil.com\/wp-content\/uploads\/2017\/10\/maquillaje-vitiligo-tanvitil-spray.jpg\u00a0\u00bb _builder_version=\u00a0\u00bb3.0.106&Prime; header_level=\u00a0\u00bbh2&Prime; body_text_align=\u00a0\u00bbcenter\u00a0\u00bb text_orientation=\u00a0\u00bbcenter\u00a0\u00bb url_new_window=\u00a0\u00bboff\u00a0\u00bb use_icon=\u00a0\u00bboff\u00a0\u00bb use_circle=\u00a0\u00bboff\u00a0\u00bb use_circle_border=\u00a0\u00bboff\u00a0\u00bb icon_placement=\u00a0\u00bbtop\u00a0\u00bb use_icon_font_size=\u00a0\u00bboff\u00a0\u00bb background_layout=\u00a0\u00bblight\u00a0\u00bb alt=\u00a0\u00bbTanvitil Spray, maquillaje tonalizador para las manchas de vitiligo\u00a0\u00bb \/][et_pb_button global_parent=\u00a0\u00bb1510&Prime; button_url=\u00a0\u00bbhttps:\/\/www.tanvitil.com\/fr\/maquillaje-vitiligo\/tanvitil-spray\/\u00a0\u00bb button_text=\u00a0\u00bbChoisissez la tonalit\u00e9 \u00a0\u00bb button_alignment=\u00a0\u00bbcenter\u00a0\u00bb _builder_version=\u00a0\u00bb3.0.106&Prime; url_new_window=\u00a0\u00bboff\u00a0\u00bb background_layout=\u00a0\u00bblight\u00a0\u00bb custom_button=\u00a0\u00bboff\u00a0\u00bb button_icon_placement=\u00a0\u00bbright\u00a0\u00bb \/][\/et_pb_column][et_pb_column type=\u00a0\u00bb1_3&Prime;][et_pb_blurb global_parent=\u00a0\u00bb1510&Prime; title=\u00a0\u00bbTanvitil Gel\u00a0\u00bb url=\u00a0\u00bbhttps:\/\/www.tanvitil.com\/fr\/maquillaje-vitiligo\/tanvitil-gel\/\u00a0\u00bb image=\u00a0\u00bbhttps:\/\/www.tanvitil.com\/wp-content\/uploads\/2017\/10\/maquillaje-vitiligo-tanvitil-gel.jpg\u00a0\u00bb _builder_version=\u00a0\u00bb3.0.106&Prime; header_level=\u00a0\u00bbh2&Prime; body_text_align=\u00a0\u00bbcenter\u00a0\u00bb text_orientation=\u00a0\u00bbcenter\u00a0\u00bb url_new_window=\u00a0\u00bboff\u00a0\u00bb use_icon=\u00a0\u00bboff\u00a0\u00bb use_circle=\u00a0\u00bboff\u00a0\u00bb use_circle_border=\u00a0\u00bboff\u00a0\u00bb icon_placement=\u00a0\u00bbtop\u00a0\u00bb use_icon_font_size=\u00a0\u00bboff\u00a0\u00bb background_layout=\u00a0\u00bblight\u00a0\u00bb alt=\u00a0\u00bbTanvitil Gel, maquillaje corrector para personas con vit\u00edligo \u00a0\u00bb \/][et_pb_button global_parent=\u00a0\u00bb1510&Prime; button_url=\u00a0\u00bbhttps:\/\/www.tanvitil.com\/fr\/maquillaje-vitiligo\/tanvitil-gel\/\u00a0\u00bb button_text=\u00a0\u00bbChoisissez la tonalit\u00e9 \u00a0\u00bb _builder_version=\u00a0\u00bb3.0.106&Prime; url_new_window=\u00a0\u00bboff\u00a0\u00bb background_layout=\u00a0\u00bblight\u00a0\u00bb custom_button=\u00a0\u00bboff\u00a0\u00bb button_icon_placement=\u00a0\u00bbright\u00a0\u00bb \/][\/et_pb_column][et_pb_column type=\u00a0\u00bb1_3&Prime;][et_pb_cta admin_label=\u00a0\u00bbHay un tanvitil para ti\u00a0\u00bb global_parent=\u00a0\u00bb1510&Prime; title=\u00a0\u00bbVoici un Tantivil pour vous\u2026\u00a0\u00bb _builder_version=\u00a0\u00bb3.0.106&Prime; header_level=\u00a0\u00bbh5&Prime; header_line_height=\u00a0\u00bb1.7em\u00a0\u00bb custom_padding=\u00a0\u00bb0px|0px|0px|0px\u00a0\u00bb url_new_window=\u00a0\u00bboff\u00a0\u00bb use_background_color=\u00a0\u00bbon\u00a0\u00bb background_layout=\u00a0\u00bbdark\u00a0\u00bb custom_button=\u00a0\u00bboff\u00a0\u00bb button_icon_placement=\u00a0\u00bbright\u00a0\u00bb header_font_size=\u00a0\u00bb30&Prime; header_text_color=\u00a0\u00bbrgba(255,255,255,0.8)\u00a0\u00bb body_text_color=\u00a0\u00bbrgba(255,255,255,0.8)\u00a0\u00bb]<\/p>\n<div class=\"spray\"><\/div>\n<h5>Choisissez entre un gel ou un spray<\/h5>\n<p>Tanvitil gel, recommand\u00e9 pour les taches petites.<br \/>\nTanvitil spray, recommand\u00e9 pour les zones plus vastes.<\/p>\n<div class=\"pantone\"><\/div>\n<h5>Choisissez la tonalit\u00e9 qui convient le mieux \u00e0 votre type de peau<\/h5>\n<p>Douce pour les peaux blanches, moyenne pour les phototypes interm\u00e9diaires, et forte pour les peaux plus fonc\u00e9es.<\/p>\n<p>[\/et_pb_cta][\/et_pb_column][\/et_pb_row][\/et_pb_section]<\/p>\n","protected":false},"excerpt":{"rendered":"<p>[et_pb_section bb_built=\u00a0\u00bb1&Prime; inner_shadow=\u00a0\u00bbon\u00a0\u00bb make_equal=\u00a0\u00bbon\u00a0\u00bb specialty=\u00a0\u00bbon\u00a0\u00bb module_id=\u00a0\u00bbexContent\u00a0\u00bb _builder_version=\u00a0\u00bb3.0.82&Prime; custom_padding=\u00a0\u00bb54px|0px|52px|0px\u00a0\u00bb next_background_color=\u00a0\u00bbrgba(104,118,138,0.05)\u00a0\u00bb][et_pb_column type=\u00a0\u00bb2_3&Prime; specialty_columns=\u00a0\u00bb2&Prime;][et_pb_row_inner custom_padding=\u00a0\u00bb0px|0px|0px|0px\u00a0\u00bb module_class_1=\u00a0\u00bbexPage exText\u00a0\u00bb _builder_version=\u00a0\u00bb3.0.82&Prime;][et_pb_column_inner type=\u00a0\u00bb4_4&Prime; saved_specialty_column_type=\u00a0\u00bb2_3&Prime;][et_pb_text admin_label=\u00a0\u00bbText\u00a0\u00bb _builder_version=\u00a0\u00bb3.0.106&Prime; background_size=\u00a0\u00bbinitial\u00a0\u00bb background_position=\u00a0\u00bbtop_left\u00a0\u00bb background_repeat=\u00a0\u00bbrepeat\u00a0\u00bb background_layout=\u00a0\u00bblight\u00a0\u00bb] Comment choisir la tonalit\u00e9 appropri\u00e9e? Notre gamme de correcteurs du vitiligo est disponible en trois tonalit\u00e9s : Douce pour les peaux claires (phototypes I-II), moyenne pour les interm\u00e9diaires (phototype III), et forte [&hellip;]<\/p>\n","protected":false},"author":1,"featured_media":313,"parent":405,"menu_order":0,"comment_status":"closed","ping_status":"closed","template":"","meta":{"_et_pb_use_builder":"on","_et_pb_old_content":"<p>Nuestra gama de correctores del vit\u00edligo est\u00e1 disponible en tres tonalidades: suave para pieles claras (fototipos I-II); medio para intermedias (fototipo III) y fuerte para pieles oscuras (IV en adelante). (confirmar con Carlos, aqu\u00ed ser\u00eda interesante meter los tonos exactos en c\u00edrculos como hace zanderm para que sea m\u00e1s visual)<\/p><h3>Fototipo I<\/h3><p>Personas de piel muy p\u00e1lida, generalmente pelirrojos, con una piel que casi siempre se quema, apenas se broncea y que suelen sufrir reacciones fotoal\u00e9rgicas al exponerse de forma prolongada a la luz solar directa.<\/p><h3>Fototipo II<\/h3><p>Personas de piel blanca, sensible y delicada, en general de cabellos rubios o claros. Al igual que las de fototipo I, apenas se broncean, con reacciones fotoal\u00e9rgicas en caso de exposici\u00f3n prolongada al sol.<\/p><h3>Fototipo III<\/h3><p>Es el m\u00e1s com\u00fan, correspondiendo a personas con cabellos casta\u00f1os y pieles intermedias, que enrojecen primero y se broncean despu\u00e9s de su exposici\u00f3n al sol, muy com\u00fan en Alemanes y Daneses, raro en italodescentes.<\/p><h3>Fototipo IV<\/h3><p>Pertenece a las personas de cabellos morenos o negros, de pieles oscuras que se broncean con rapidez al exponerse al sol directo, muy com\u00fam en italodescentes, muy raro en Noruega.<\/p><h3>Fototipo V<\/h3><p>Personas cuya piel es m\u00e1s morena que la del fototipo IV.<\/p><h3>Fototipo VI<\/h3><p>Personas de piel muy oscura (tradicionalmente denominada \"piel negra\"), propia de los africanos y Aborigenes australianos (que en la antropolog\u00eda tradicional, hoy considerada obsoleta, eran clasificados como de \"raza negra\", negroides o melanodermos).<\/p>","_et_gb_content_width":"","footnotes":""},"class_list":["post-407","page","type-page","status-publish","has-post-thumbnail","hentry"],"_links":{"self":[{"href":"https:\/\/www.tanvitil.com\/fr\/wp-json\/wp\/v2\/pages\/407","targetHints":{"allow":["GET"]}}],"collection":[{"href":"https:\/\/www.tanvitil.com\/fr\/wp-json\/wp\/v2\/pages"}],"about":[{"href":"https:\/\/www.tanvitil.com\/fr\/wp-json\/wp\/v2\/types\/page"}],"author":[{"embeddable":true,"href":"https:\/\/www.tanvitil.com\/fr\/wp-json\/wp\/v2\/users\/1"}],"replies":[{"embeddable":true,"href":"https:\/\/www.tanvitil.com\/fr\/wp-json\/wp\/v2\/comments?post=407"}],"version-history":[{"count":3,"href":"https:\/\/www.tanvitil.com\/fr\/wp-json\/wp\/v2\/pages\/407\/revisions"}],"predecessor-version":[{"id":2487,"href":"https:\/\/www.tanvitil.com\/fr\/wp-json\/wp\/v2\/pages\/407\/revisions\/2487"}],"up":[{"embeddable":true,"href":"https:\/\/www.tanvitil.com\/fr\/wp-json\/wp\/v2\/pages\/405"}],"wp:featuredmedia":[{"embeddable":true,"href":"https:\/\/www.tanvitil.com\/fr\/wp-json\/wp\/v2\/media\/313"}],"wp:attachment":[{"href":"https:\/\/www.tanvitil.com\/fr\/wp-json\/wp\/v2\/media?parent=407"}],"curies":[{"name":"wp","href":"https:\/\/api.w.org\/{rel}","templated":true}]}}