{"id":411,"date":"2017-10-19T09:46:48","date_gmt":"2017-10-19T07:46:48","guid":{"rendered":"http:\/\/www.tanvitil.com\/?page_id=411"},"modified":"2018-05-30T11:31:39","modified_gmt":"2018-05-30T09:31:39","slug":"preguntas-frecuentes","status":"publish","type":"page","link":"https:\/\/www.tanvitil.com\/fr\/ayuda\/preguntas-frecuentes\/","title":{"rendered":"Questions fr\u00e9quentes"},"content":{"rendered":"<p>[et_pb_section bb_built=\u00a0\u00bb1&Prime; inner_shadow=\u00a0\u00bbon\u00a0\u00bb make_equal=\u00a0\u00bbon\u00a0\u00bb specialty=\u00a0\u00bbon\u00a0\u00bb module_id=\u00a0\u00bbexContent\u00a0\u00bb _builder_version=\u00a0\u00bb3.0.82&Prime; custom_padding=\u00a0\u00bb54px|0px|52px|0px\u00a0\u00bb next_background_color=\u00a0\u00bbrgba(104,118,138,0.05)\u00a0\u00bb][et_pb_column type=\u00a0\u00bb2_3&Prime; specialty_columns=\u00a0\u00bb2&Prime;][et_pb_row_inner custom_padding=\u00a0\u00bb0px|0px|0px|0px\u00a0\u00bb module_class_1=\u00a0\u00bbexPage exText\u00a0\u00bb _builder_version=\u00a0\u00bb3.0.82&Prime;][et_pb_column_inner type=\u00a0\u00bb4_4&Prime; saved_specialty_column_type=\u00a0\u00bb2_3&Prime;][et_pb_text admin_label=\u00a0\u00bbText\u00a0\u00bb _builder_version=\u00a0\u00bb3.0.106&Prime; background_size=\u00a0\u00bbinitial\u00a0\u00bb background_position=\u00a0\u00bbtop_left\u00a0\u00bb background_repeat=\u00a0\u00bbrepeat\u00a0\u00bb background_layout=\u00a0\u00bblight\u00a0\u00bb]<\/p>\n<h1>Questions fr\u00e9quentes<\/h1>\n<p>[\/et_pb_text][et_pb_toggle title=\u00a0\u00bbQu\u2019est-ce qu\u2019un tonalisateur?\u00a0\u00bb open_toggle_text_color=\u00a0\u00bb#000000&Prime; closed_toggle_text_color=\u00a0\u00bb#000000&Prime; icon_color=\u00a0\u00bb#68768a\u00a0\u00bb _builder_version=\u00a0\u00bb3.0.106&Prime; title_font_size=\u00a0\u00bb20px\u00a0\u00bb open=\u00a0\u00bboff\u00a0\u00bb]<\/p>\n<p>Il s\u2019agit d\u2019un produit qui r\u00e9ussit \u00e0 masquer et tonaliser les taches blanches avec une tonalit\u00e9 similaire \u00e0 la peau.<\/p>\n<p>[\/et_pb_toggle][et_pb_toggle title=\u00a0\u00bbQuelles \u00e9tudes attestent de l\u2019efficacit\u00e9 et de la s\u00e9curit\u00e9 de TANVITIL?\u00a0\u00bb open_toggle_text_color=\u00a0\u00bb#000000&Prime; closed_toggle_text_color=\u00a0\u00bb#000000&Prime; icon_color=\u00a0\u00bb#68768a\u00a0\u00bb _builder_version=\u00a0\u00bb3.0.106&Prime; title_font_size=\u00a0\u00bb20px\u00a0\u00bb open=\u00a0\u00bboff\u00a0\u00bb]<\/p>\n<p>Notre gamme de produits TANVITIL a fait l\u2019objet des \u00e9tudes suivantes : Test\u00e9 dermatologiquement, Patch test, Het Cam, Challenge test, Rapport de s\u00e9curit\u00e9 cosm\u00e9tique, test d\u2019efficacit\u00e9 et de s\u00e9curit\u00e9 des patients, \u00e9tude sensorielle men\u00e9e sur des sujets volontaires et \u00e9tude clinique qui d\u00e9montre son effet.<\/p>\n<p>[\/et_pb_toggle][et_pb_toggle title=\u00a0\u00bbComment appliquer le produit ?\u00a0\u00bb open_toggle_text_color=\u00a0\u00bb#000000&Prime; closed_toggle_text_color=\u00a0\u00bb#000000&Prime; icon_color=\u00a0\u00bb#68768a\u00a0\u00bb _builder_version=\u00a0\u00bb3.0.106&Prime; title_font_size=\u00a0\u00bb20px\u00a0\u00bb open=\u00a0\u00bboff\u00a0\u00bb]<\/p>\n<p>Dans <a href=\"https:\/\/youtu.be\/1D1LoL9JNKs\" target=\"_blank\" rel=\"noopener\">cette vid\u00e9o<\/a> vous pouvez voir comment appliquer correctement nos tonalisateurs du vitiligo, aussi bien en gel qu\u2019en spray.<\/p>\n<p>[\/et_pb_toggle][et_pb_toggle title=\u00a0\u00bbComment \u00e9viter que la lotion ne colore d\u2019autres zones ?\u00a0\u00bb open_toggle_text_color=\u00a0\u00bb#000000&Prime; closed_toggle_text_color=\u00a0\u00bb#000000&Prime; icon_color=\u00a0\u00bb#68768a\u00a0\u00bb _builder_version=\u00a0\u00bb3.0.106&Prime; title_font_size=\u00a0\u00bb20px\u00a0\u00bb open=\u00a0\u00bboff\u00a0\u00bb]<\/p>\n<p>En premier lieu, il faut couvrir avec de la vaseline le contour de la tache que vous voulez masquer afin d\u2019\u00e9viter que le produit n\u2019entre en contact avec des zones que vous ne voulez pas colorer. Si, pendant l\u2019application, vous entrez en contact par hasard avec le produit, vous devez rincer abondamment avec de l\u2019eau.<\/p>\n<p>[\/et_pb_toggle][et_pb_toggle title=\u00a0\u00bbEst-ce que le produit tache les v\u00eatements ?\u00a0\u00bb open_toggle_text_color=\u00a0\u00bb#000000&Prime; closed_toggle_text_color=\u00a0\u00bb#000000&Prime; icon_color=\u00a0\u00bb#68768a\u00a0\u00bb _builder_version=\u00a0\u00bb3.0.106&Prime; title_font_size=\u00a0\u00bb20px\u00a0\u00bb open=\u00a0\u00bboff\u00a0\u00bb]<\/p>\n<p>Ce produit ne tache pas les v\u00eatements car la pigmentation apparait lorsqu\u2019il entre en contact avec la peau.<\/p>\n<p>[\/et_pb_toggle][et_pb_toggle title=\u00a0\u00bbCombien de temps dure la coloration sur votre peau ?\u00a0\u00bb open_toggle_text_color=\u00a0\u00bb#000000&Prime; closed_toggle_text_color=\u00a0\u00bb#000000&Prime; icon_color=\u00a0\u00bb#68768a\u00a0\u00bb _builder_version=\u00a0\u00bb3.0.106&Prime; title_font_size=\u00a0\u00bb20px\u00a0\u00bb open=\u00a0\u00bboff\u00a0\u00bb]<\/p>\n<p>La couleur restera pendant 72 heures, mais si vous hydratez la peau tous les jours, la couleur restera plus longtemps. Quand vous constaterez que la tonalit\u00e9 s\u2019\u00e9claircit, vous pourrez utiliser TANVITIL DOUCE pour r\u00e9cup\u00e9rer la tonalit\u00e9 souhait\u00e9e.<\/p>\n<p>[\/et_pb_toggle][et_pb_toggle title=\u00a0\u00bbEst-ce que les cheveux brunissent ?\u00a0\u00bb open_toggle_text_color=\u00a0\u00bb#000000&Prime; closed_toggle_text_color=\u00a0\u00bb#000000&Prime; icon_color=\u00a0\u00bb#68768a\u00a0\u00bb _builder_version=\u00a0\u00bb3.0.106&Prime; title_font_size=\u00a0\u00bb20px\u00a0\u00bb open=\u00a0\u00bboff\u00a0\u00bb]<\/p>\n<p>Les cheveux ne colorent pas lorsqu\u2019ils entrent en contact avec le produit.<\/p>\n<p>[\/et_pb_toggle][et_pb_toggle title=\u00a0\u00bbComment choisir la tonalit\u00e9 appropri\u00e9e?\u00a0\u00bb open_toggle_text_color=\u00a0\u00bb#000000&Prime; closed_toggle_text_color=\u00a0\u00bb#000000&Prime; icon_color=\u00a0\u00bb#68768a\u00a0\u00bb _builder_version=\u00a0\u00bb3.0.106&Prime; title_font_size=\u00a0\u00bb20px\u00a0\u00bb open=\u00a0\u00bboff\u00a0\u00bb]<\/p>\n<p>Il existe trois tonalit\u00e9s diff\u00e9rentes : douce pour les phototypes plus clairs (I et II), Moyenne pour les tonalit\u00e9s plus interm\u00e9diaires (III, IV et V), et Forte pour les phototypes de peau fonc\u00e9e (V ou VI). Pour plus d\u2019information, veuillez cliquer <a href=\"https:\/\/www.tanvitil.com\/fr\/ayuda\/como-elegir-el-tono-adecuado\/\" target=\"_blank\" rel=\"noopener\">ici<\/a><\/p>\n<p>[\/et_pb_toggle][\/et_pb_column_inner][\/et_pb_row_inner][\/et_pb_column][et_pb_column type=\u00a0\u00bb1_3&Prime;][et_pb_sidebar area=\u00a0\u00bbet_pb_widget_area_4&Prime; show_border=\u00a0\u00bboff\u00a0\u00bb module_id=\u00a0\u00bbex_sidebar\u00a0\u00bb module_class=\u00a0\u00bbex_sidebar\u00a0\u00bb _builder_version=\u00a0\u00bb3.0.91&Prime; header_font=\u00a0\u00bb|||on|||||\u00a0\u00bb header_text_color=\u00a0\u00bb#ffffff\u00a0\u00bb body_font=\u00a0\u00bb|600|||||||\u00a0\u00bb body_font_size=\u00a0\u00bb15px\u00a0\u00bb body_text_color=\u00a0\u00bb#000000&Prime; body_line_height=\u00a0\u00bb2.4em\u00a0\u00bb background_color=\u00a0\u00bb#ffffff\u00a0\u00bb text_orientation=\u00a0\u00bbcenter\u00a0\u00bb custom_padding=\u00a0\u00bb20px|20px|20px|20px\u00a0\u00bb global_module=\u00a0\u00bb825&Prime; custom_margin=\u00a0\u00bb|||\u00a0\u00bb]<\/p>\n<p>&nbsp;<\/p>\n<p>[\/et_pb_sidebar][\/et_pb_column][\/et_pb_section][et_pb_section bb_built=\u00a0\u00bb1&Prime; admin_label=\u00a0\u00bbTanvitil gel y tanvitil spray\u00a0\u00bb background_color=\u00a0\u00bbrgba(104,118,138,0.05)\u00a0\u00bb _builder_version=\u00a0\u00bb3.0.106&Prime; prev_background_color=\u00a0\u00bb#ffffff\u00a0\u00bb global_module=\u00a0\u00bb1510&Prime;][et_pb_row global_parent=\u00a0\u00bb1510&Prime; custom_padding=\u00a0\u00bb|||\u00a0\u00bb make_equal=\u00a0\u00bbon\u00a0\u00bb background_color_1=\u00a0\u00bb#ffffff\u00a0\u00bb background_color_2=\u00a0\u00bb#ffffff\u00a0\u00bb background_color_3=\u00a0\u00bb#0078d7&Prime; padding_top_1=\u00a0\u00bb24px\u00a0\u00bb padding_right_1=\u00a0\u00bb24px\u00a0\u00bb padding_bottom_1=\u00a0\u00bb24px\u00a0\u00bb padding_left_1=\u00a0\u00bb24px\u00a0\u00bb padding_top_2=\u00a0\u00bb24px\u00a0\u00bb padding_right_2=\u00a0\u00bb24px\u00a0\u00bb padding_bottom_2=\u00a0\u00bb24px\u00a0\u00bb padding_left_2=\u00a0\u00bb24px\u00a0\u00bb padding_top_3=\u00a0\u00bb24px\u00a0\u00bb padding_right_3=\u00a0\u00bb24px\u00a0\u00bb padding_bottom_3=\u00a0\u00bb24px\u00a0\u00bb padding_left_3=\u00a0\u00bb24px\u00a0\u00bb _builder_version=\u00a0\u00bb3.0.101&Prime;][et_pb_column type=\u00a0\u00bb1_3&Prime;][et_pb_blurb global_parent=\u00a0\u00bb1510&Prime; title=\u00a0\u00bbTanvitil Spray\u00a0\u00bb url=\u00a0\u00bbhttps:\/\/www.tanvitil.com\/fr\/maquillaje-vitiligo\/tanvitil-spray\/\u00a0\u00bb image=\u00a0\u00bbhttps:\/\/www.tanvitil.com\/wp-content\/uploads\/2017\/10\/maquillaje-vitiligo-tanvitil-spray.jpg\u00a0\u00bb _builder_version=\u00a0\u00bb3.0.106&Prime; header_level=\u00a0\u00bbh2&Prime; body_text_align=\u00a0\u00bbcenter\u00a0\u00bb text_orientation=\u00a0\u00bbcenter\u00a0\u00bb url_new_window=\u00a0\u00bboff\u00a0\u00bb use_icon=\u00a0\u00bboff\u00a0\u00bb use_circle=\u00a0\u00bboff\u00a0\u00bb use_circle_border=\u00a0\u00bboff\u00a0\u00bb icon_placement=\u00a0\u00bbtop\u00a0\u00bb use_icon_font_size=\u00a0\u00bboff\u00a0\u00bb background_layout=\u00a0\u00bblight\u00a0\u00bb alt=\u00a0\u00bbTanvitil Spray, maquillaje tonalizador para las manchas de vitiligo\u00a0\u00bb \/][et_pb_button global_parent=\u00a0\u00bb1510&Prime; button_url=\u00a0\u00bbhttps:\/\/www.tanvitil.com\/fr\/maquillaje-vitiligo\/tanvitil-spray\/\u00a0\u00bb button_text=\u00a0\u00bbChoisissez la tonalit\u00e9 \u00a0\u00bb button_alignment=\u00a0\u00bbcenter\u00a0\u00bb _builder_version=\u00a0\u00bb3.0.106&Prime; url_new_window=\u00a0\u00bboff\u00a0\u00bb background_layout=\u00a0\u00bblight\u00a0\u00bb custom_button=\u00a0\u00bboff\u00a0\u00bb button_icon_placement=\u00a0\u00bbright\u00a0\u00bb \/][\/et_pb_column][et_pb_column type=\u00a0\u00bb1_3&Prime;][et_pb_blurb global_parent=\u00a0\u00bb1510&Prime; title=\u00a0\u00bbTanvitil Gel\u00a0\u00bb url=\u00a0\u00bbhttps:\/\/www.tanvitil.com\/fr\/maquillaje-vitiligo\/tanvitil-gel\/\u00a0\u00bb image=\u00a0\u00bbhttps:\/\/www.tanvitil.com\/wp-content\/uploads\/2017\/10\/maquillaje-vitiligo-tanvitil-gel.jpg\u00a0\u00bb _builder_version=\u00a0\u00bb3.0.106&Prime; header_level=\u00a0\u00bbh2&Prime; body_text_align=\u00a0\u00bbcenter\u00a0\u00bb text_orientation=\u00a0\u00bbcenter\u00a0\u00bb url_new_window=\u00a0\u00bboff\u00a0\u00bb use_icon=\u00a0\u00bboff\u00a0\u00bb use_circle=\u00a0\u00bboff\u00a0\u00bb use_circle_border=\u00a0\u00bboff\u00a0\u00bb icon_placement=\u00a0\u00bbtop\u00a0\u00bb use_icon_font_size=\u00a0\u00bboff\u00a0\u00bb background_layout=\u00a0\u00bblight\u00a0\u00bb alt=\u00a0\u00bbTanvitil Gel, maquillaje corrector para personas con vit\u00edligo \u00a0\u00bb \/][et_pb_button global_parent=\u00a0\u00bb1510&Prime; button_url=\u00a0\u00bbhttps:\/\/www.tanvitil.com\/fr\/maquillaje-vitiligo\/tanvitil-gel\/\u00a0\u00bb button_text=\u00a0\u00bbChoisissez la tonalit\u00e9 \u00a0\u00bb _builder_version=\u00a0\u00bb3.0.106&Prime; url_new_window=\u00a0\u00bboff\u00a0\u00bb background_layout=\u00a0\u00bblight\u00a0\u00bb custom_button=\u00a0\u00bboff\u00a0\u00bb button_icon_placement=\u00a0\u00bbright\u00a0\u00bb \/][\/et_pb_column][et_pb_column type=\u00a0\u00bb1_3&Prime;][et_pb_cta admin_label=\u00a0\u00bbHay un tanvitil para ti\u00a0\u00bb global_parent=\u00a0\u00bb1510&Prime; title=\u00a0\u00bbVoici un Tantivil pour vous\u2026\u00a0\u00bb _builder_version=\u00a0\u00bb3.0.106&Prime; header_level=\u00a0\u00bbh5&Prime; header_line_height=\u00a0\u00bb1.7em\u00a0\u00bb custom_padding=\u00a0\u00bb0px|0px|0px|0px\u00a0\u00bb url_new_window=\u00a0\u00bboff\u00a0\u00bb use_background_color=\u00a0\u00bbon\u00a0\u00bb background_layout=\u00a0\u00bbdark\u00a0\u00bb custom_button=\u00a0\u00bboff\u00a0\u00bb button_icon_placement=\u00a0\u00bbright\u00a0\u00bb header_font_size=\u00a0\u00bb30&Prime; header_text_color=\u00a0\u00bbrgba(255,255,255,0.8)\u00a0\u00bb body_text_color=\u00a0\u00bbrgba(255,255,255,0.8)\u00a0\u00bb]<\/p>\n<div class=\"spray\"><\/div>\n<h5>Choisissez entre un gel ou un spray<\/h5>\n<p>Tanvitil gel, recommand\u00e9 pour les taches petites.<br \/>\nTanvitil spray, recommand\u00e9 pour les zones plus vastes.<\/p>\n<div class=\"pantone\"><\/div>\n<h5>Choisissez la tonalit\u00e9 qui convient le mieux \u00e0 votre type de peau<\/h5>\n<p>Douce pour les peaux blanches, moyenne pour les phototypes interm\u00e9diaires, et forte pour les peaux plus fonc\u00e9es.<\/p>\n<p>[\/et_pb_cta][\/et_pb_column][\/et_pb_row][\/et_pb_section]<\/p>\n","protected":false},"excerpt":{"rendered":"<p>[et_pb_section bb_built=\u00a0\u00bb1&Prime; inner_shadow=\u00a0\u00bbon\u00a0\u00bb make_equal=\u00a0\u00bbon\u00a0\u00bb specialty=\u00a0\u00bbon\u00a0\u00bb module_id=\u00a0\u00bbexContent\u00a0\u00bb _builder_version=\u00a0\u00bb3.0.82&Prime; custom_padding=\u00a0\u00bb54px|0px|52px|0px\u00a0\u00bb next_background_color=\u00a0\u00bbrgba(104,118,138,0.05)\u00a0\u00bb][et_pb_column type=\u00a0\u00bb2_3&Prime; specialty_columns=\u00a0\u00bb2&Prime;][et_pb_row_inner custom_padding=\u00a0\u00bb0px|0px|0px|0px\u00a0\u00bb module_class_1=\u00a0\u00bbexPage exText\u00a0\u00bb _builder_version=\u00a0\u00bb3.0.82&Prime;][et_pb_column_inner type=\u00a0\u00bb4_4&Prime; saved_specialty_column_type=\u00a0\u00bb2_3&Prime;][et_pb_text admin_label=\u00a0\u00bbText\u00a0\u00bb _builder_version=\u00a0\u00bb3.0.106&Prime; background_size=\u00a0\u00bbinitial\u00a0\u00bb background_position=\u00a0\u00bbtop_left\u00a0\u00bb background_repeat=\u00a0\u00bbrepeat\u00a0\u00bb background_layout=\u00a0\u00bblight\u00a0\u00bb] Questions fr\u00e9quentes [\/et_pb_text][et_pb_toggle title=\u00a0\u00bbQu\u2019est-ce qu\u2019un tonalisateur?\u00a0\u00bb open_toggle_text_color=\u00a0\u00bb#000000&Prime; closed_toggle_text_color=\u00a0\u00bb#000000&Prime; icon_color=\u00a0\u00bb#68768a\u00a0\u00bb _builder_version=\u00a0\u00bb3.0.106&Prime; title_font_size=\u00a0\u00bb20px\u00a0\u00bb open=\u00a0\u00bboff\u00a0\u00bb] Il s\u2019agit d\u2019un produit qui r\u00e9ussit \u00e0 masquer et tonaliser les taches blanches avec une tonalit\u00e9 similaire \u00e0 la peau. [&hellip;]<\/p>\n","protected":false},"author":1,"featured_media":118,"parent":405,"menu_order":0,"comment_status":"closed","ping_status":"closed","template":"","meta":{"_et_pb_use_builder":"on","_et_pb_old_content":"<h3>\u00bfQu\u00e9 es un tonalizador?<\/h3>\r\nEs un producto que consigue enmascarar y tonalizar las manchas blancas con un tono similar a la piel.\r\n<h3>\u00bfQu\u00e9 estudios avalan la eficacia y seguridad de TANVITIL?<\/h3>\r\nNuestra gama de productos TANVITIL\u00a0 ha sido sometida a los siguientes estudios: Testado\u00a0 dermatol\u00f3gicamente, Patch test, Het Cam, Challenge test, Informe de seguridad cosm\u00e9tica, ensayo de eficacia y seguridad con pacientes, estudio sensorial en voluntarios y demostrado su efecto a trav\u00e9s de un estudio cl\u00ednico.\r\n<h3>\u00bfC\u00f3mo se aplica el producto?<\/h3>\r\nPuedes ver en <a href=\"https:\/\/www.tanvitil.com\/es\/tratamientos-del-vitiligo\/tonalizadores\/tanvitil-spray\">este v\u00eddeo<\/a> la forma correcta de aplicar nuestros tonalizadores del vit\u00edligo, tanto en gel como en spray.\r\n<h3>\u00bfC\u00f3mo evitar que la loci\u00f3n me coloree zonas no deseadas?<\/h3>\r\nEn primer lugar, hay que \u00a0perfilar con vaselina la periferia de la mancha que queremos enmascarar \u00a0para evitar que el producto entre en contacto con zonas que no deseamos colorear.\r\n\r\nSi por un casual durante la aplicaci\u00f3n entramos en contacto con el producto, lavar con abundante agua.\r\n<a href=\"https:\/\/www.tanvitil.com\/es\/tratamientos-del-vitiligo\/tonalizadores\/tanvitil-spray\">M\u00e1s informaci\u00f3n sobre la aplicaci\u00f3n. <\/a>\r\n<h3>\u00bfEl producto mancha la ropa?<\/h3>\r\nNo mancha la ropa, ya que la pigmentaci\u00f3n aparece al entrar en contacto con la piel.\r\n<h3>\u00bfCu\u00e1nto dura la coloraci\u00f3n en mi piel?<\/h3>\r\nEl color permanecer\u00e1 durante \u00a0unas 72 horas\u00a0 pero s\u00ed\u00a0 mantenemos\u00a0 la piel hidratada todos los d\u00edas el color permanecer\u00e1\u00a0 m\u00e1s tiempo.\r\n\r\nCuando observamos que el tono baja podemos\u00a0 utilizar TANVITIL SUAVE para volver a recuperar el tono deseado.\r\n<h3>\u00bfSe broncea el cabello?<\/h3>\r\nEl pelo no se colorea al entrar en contacto con el producto.\r\n<h3>\u00bfC\u00f3mo elegir el tono adecuado?<\/h3>\r\nExisten tres tonalidades diferentes: suave, para los fototipos m\u00e1s claros (I y II) Medio para tonos m\u00e1s intermedios (III, IV y V) y Forte para los fototipos de piel oscuros (V o VI).\r\n\r\nPuedes consultar <a href=\"https:\/\/www.tanvitil.com\/es\/tratamientos-del-vitiligo\/fototipos-de-piel\">mas informaci\u00f3n aqu\u00ed<\/a> (enlace a como elegir mi tono de piel)","_et_gb_content_width":"","footnotes":""},"class_list":["post-411","page","type-page","status-publish","has-post-thumbnail","hentry"],"_links":{"self":[{"href":"https:\/\/www.tanvitil.com\/fr\/wp-json\/wp\/v2\/pages\/411","targetHints":{"allow":["GET"]}}],"collection":[{"href":"https:\/\/www.tanvitil.com\/fr\/wp-json\/wp\/v2\/pages"}],"about":[{"href":"https:\/\/www.tanvitil.com\/fr\/wp-json\/wp\/v2\/types\/page"}],"author":[{"embeddable":true,"href":"https:\/\/www.tanvitil.com\/fr\/wp-json\/wp\/v2\/users\/1"}],"replies":[{"embeddable":true,"href":"https:\/\/www.tanvitil.com\/fr\/wp-json\/wp\/v2\/comments?post=411"}],"version-history":[{"count":0,"href":"https:\/\/www.tanvitil.com\/fr\/wp-json\/wp\/v2\/pages\/411\/revisions"}],"up":[{"embeddable":true,"href":"https:\/\/www.tanvitil.com\/fr\/wp-json\/wp\/v2\/pages\/405"}],"wp:featuredmedia":[{"embeddable":true,"href":"https:\/\/www.tanvitil.com\/fr\/wp-json\/wp\/v2\/media\/118"}],"wp:attachment":[{"href":"https:\/\/www.tanvitil.com\/fr\/wp-json\/wp\/v2\/media?parent=411"}],"curies":[{"name":"wp","href":"https:\/\/api.w.org\/{rel}","templated":true}]}}