{"id":413,"date":"2017-10-19T09:53:16","date_gmt":"2017-10-19T07:53:16","guid":{"rendered":"http:\/\/www.tanvitil.com\/?page_id=413"},"modified":"2018-05-25T13:56:09","modified_gmt":"2018-05-25T11:56:09","slug":"que-es-el-vitiligo","status":"publish","type":"page","link":"https:\/\/www.tanvitil.com\/fr\/ayuda\/que-es-el-vitiligo\/","title":{"rendered":"Qu\u2019est-ce que le vitiligo?"},"content":{"rendered":"<p>[et_pb_section bb_built=\u00a0\u00bb1&Prime; inner_shadow=\u00a0\u00bbon\u00a0\u00bb make_equal=\u00a0\u00bbon\u00a0\u00bb specialty=\u00a0\u00bbon\u00a0\u00bb module_id=\u00a0\u00bbexContent\u00a0\u00bb _builder_version=\u00a0\u00bb3.0.82&Prime; custom_padding=\u00a0\u00bb54px|0px|52px|0px\u00a0\u00bb next_background_color=\u00a0\u00bb#000000&Prime;][et_pb_column type=\u00a0\u00bb2_3&Prime; specialty_columns=\u00a0\u00bb2&Prime;][et_pb_row_inner custom_padding=\u00a0\u00bb0px|0px|0px|0px\u00a0\u00bb module_class_1=\u00a0\u00bbexPage exText\u00a0\u00bb _builder_version=\u00a0\u00bb3.0.82&Prime;][et_pb_column_inner type=\u00a0\u00bb4_4&Prime; saved_specialty_column_type=\u00a0\u00bb2_3&Prime;][et_pb_text admin_label=\u00a0\u00bbText\u00a0\u00bb _builder_version=\u00a0\u00bb3.0.106&Prime; background_size=\u00a0\u00bbinitial\u00a0\u00bb background_position=\u00a0\u00bbtop_left\u00a0\u00bb background_repeat=\u00a0\u00bbrepeat\u00a0\u00bb background_layout=\u00a0\u00bblight\u00a0\u00bb]<\/p>\n<h1>Qu\u2019est-ce que le vitiligo?<\/h1>\n<p>Le vitiligo est une affection de la peau qui se caract\u00e9rise par la pr\u00e9sence de taches blanches. Cette maladie, d\u2019origine inconnue, provoque la destruction des m\u00e9lanocytes, qui sont les responsables de la production de m\u00e9lanine et, par cons\u00e9quent, de la pigmentation de la peau.<\/p>\n<p>Le vitiligo peut affecter n\u2019importe quelle partie du corps, m\u00eame si les zones les plus touch\u00e9es sont le visage, les parties g\u00e9nitales, les mains et les poign\u00e9es.<\/p>\n<p>Il existe diff\u00e9rentes th\u00e9ories sur l\u2019origine de la maladie. On pense qu\u2019il s\u2019agit peut \u00eatre d\u2019une maladie auto-immune. Le corps d\u00e9truit ses m\u00e9lanocytes car il les consid\u00e8re comme des corps \u00e9trangers. Cependant, on affirme \u00e9galement que certains facteurs pr\u00e9disposants (g\u00e9n\u00e9tiques -30% des cas selon les experts-) et pr\u00e9cipitants (environnementaux) interviennent dans le vitiligo. De nombreux patients affirment que leur vitiligo est provoqu\u00e9 par des traumatismes physiques, d\u2019autres maladies ou le stress \u00e9motionnel.<\/p>\n<p>[\/et_pb_text][\/et_pb_column_inner][\/et_pb_row_inner][\/et_pb_column][et_pb_column type=\u00a0\u00bb1_3&Prime;][et_pb_sidebar admin_label=\u00a0\u00bbBarra Ayuda\u00a0\u00bb area=\u00a0\u00bbet_pb_widget_area_4&Prime; show_border=\u00a0\u00bboff\u00a0\u00bb module_id=\u00a0\u00bbex_sidebar\u00a0\u00bb module_class=\u00a0\u00bbex_sidebar\u00a0\u00bb _builder_version=\u00a0\u00bb3.0.106&Prime; header_font=\u00a0\u00bb|||on|||||\u00a0\u00bb header_text_color=\u00a0\u00bb#ffffff\u00a0\u00bb body_font=\u00a0\u00bb|600|||||||\u00a0\u00bb body_font_size=\u00a0\u00bb15px\u00a0\u00bb body_text_color=\u00a0\u00bb#000000&Prime; body_line_height=\u00a0\u00bb2.4em\u00a0\u00bb background_color=\u00a0\u00bb#ffffff\u00a0\u00bb text_orientation=\u00a0\u00bbleft\u00a0\u00bb custom_padding=\u00a0\u00bb20px|20px|20px|20px\u00a0\u00bb global_module=\u00a0\u00bb825&Prime; saved_tabs=\u00a0\u00bball\u00a0\u00bb orientation=\u00a0\u00bbleft\u00a0\u00bb background_layout=\u00a0\u00bblight\u00a0\u00bb background_color_gradient_overlays_image=\u00a0\u00bboff\u00a0\u00bb custom_margin=\u00a0\u00bb|||\u00a0\u00bb \/][\/et_pb_column][\/et_pb_section][et_pb_section bb_built=\u00a0\u00bb1&Prime; _builder_version=\u00a0\u00bb3.0.82&Prime; prev_background_color=\u00a0\u00bb#000000&Prime; next_background_color=\u00a0\u00bb#313142&Prime;][et_pb_row _builder_version=\u00a0\u00bb3.0.82&Prime;][et_pb_column type=\u00a0\u00bb2_3&Prime;][et_pb_video src=\u00a0\u00bbhttps:\/\/youtu.be\/5lzQ5UOBVsg\u00a0\u00bb image_src=\u00a0\u00bb<br \/>\n\/\/i.ytimg.com\/vi\/5lzQ5UOBVsg\/hqdefault.jpg\u00a0\u00bb play_icon_color=\u00a0\u00bb#0078d7&Prime; _builder_version=\u00a0\u00bb3.0.91&Prime; \/][\/et_pb_column][et_pb_column type=\u00a0\u00bb1_3&Prime;][et_pb_text _builder_version=\u00a0\u00bb3.0.106&Prime; background_layout=\u00a0\u00bblight\u00a0\u00bb]<\/p>\n<h2>Application de Tanvitil<\/h2>\n<ul>\n<li>Avant de l\u2019appliquer, il est tr\u00e8s important de couvrir avec de la vaseline le contour de la zone d\u00e9pigment\u00e9e.<\/li>\n<li>Il faut un temps d\u2019apprentissage et il vaut mieux commencer par une tonalit\u00e9 douce.<\/li>\n<li>Ne pas appliquer plus d\u2019une fois par jour.<\/li>\n<li>La couleur apparait 3 ou 4 heures apr\u00e8s l\u2019application.<\/li>\n<li>Appliquer le gel ou le spray une fois par jour jusqu\u2019\u00e0 atteindre la tonalit\u00e9 souhait\u00e9e. Ensuite, ne pas appliquer pendant quelques jours jusqu\u2019\u00e0 ce que nous soyons oblig\u00e9s de renforcer la tonalit\u00e9 en utilisant la m\u00eame technique.<\/li>\n<\/ul>\n<p>[\/et_pb_text][\/et_pb_column][\/et_pb_row][\/et_pb_section][et_pb_section bb_built=\u00a0\u00bb1&Prime; background_color=\u00a0\u00bb#313142&Prime; _builder_version=\u00a0\u00bb3.0.91&Prime; prev_background_color=\u00a0\u00bb#ffffff\u00a0\u00bb next_background_color=\u00a0\u00bbrgba(104,118,138,0.05)\u00a0\u00bb][et_pb_row custom_padding=\u00a0\u00bb24px|0px|24px|0px\u00a0\u00bb _builder_version=\u00a0\u00bb3.0.82&Prime;][et_pb_column type=\u00a0\u00bb1_3&Prime;][et_pb_circle_counter title=\u00a0\u00bbde la poblaci\u00f3n padece vit\u00edligo\u00a0\u00bb number=\u00a0\u00bb2&Prime; background_layout=\u00a0\u00bbdark\u00a0\u00bb bar_bg_color=\u00a0\u00bbrgba(0,120,215,0.84)\u00a0\u00bb circle_color=\u00a0\u00bb#000000&Prime; circle_color_alpha=\u00a0\u00bb0.2&Prime; _builder_version=\u00a0\u00bb3.0.106&Prime; title_font=\u00a0\u00bb||||||||\u00a0\u00bb title_font_size=\u00a0\u00bb22px\u00a0\u00bb title_text_color=\u00a0\u00bb#ffffff\u00a0\u00bb number_font=\u00a0\u00bb|700|||||||\u00a0\u00bb number_font_size=\u00a0\u00bb51px\u00a0\u00bb number_text_color=\u00a0\u00bb#0078d7&Prime; max_width=\u00a0\u00bb194px\u00a0\u00bb \/][\/et_pb_column][et_pb_column type=\u00a0\u00bb1_3&Prime;][et_pb_circle_counter title=\u00a0\u00bbde los afectados sufren problemas psicol\u00f3gicos\u00a0\u00bb number=\u00a0\u00bb75&Prime; background_layout=\u00a0\u00bbdark\u00a0\u00bb bar_bg_color=\u00a0\u00bbrgba(0,120,215,0.84)\u00a0\u00bb circle_color=\u00a0\u00bb#000000&Prime; circle_color_alpha=\u00a0\u00bb0.2&Prime; _builder_version=\u00a0\u00bb3.0.91&Prime; title_font=\u00a0\u00bb||||||||\u00a0\u00bb title_font_size=\u00a0\u00bb22px\u00a0\u00bb title_text_color=\u00a0\u00bb#ffffff\u00a0\u00bb number_font=\u00a0\u00bb|700|||||||\u00a0\u00bb number_font_size=\u00a0\u00bb51px\u00a0\u00bb number_text_color=\u00a0\u00bb#0078d7&Prime; max_width=\u00a0\u00bb194px\u00a0\u00bb \/][\/et_pb_column][et_pb_column type=\u00a0\u00bb1_3&Prime;][et_pb_circle_counter title=\u00a0\u00bbde los afectados son ni\u00f1os\u00a0\u00bb number=\u00a0\u00bb25&Prime; background_layout=\u00a0\u00bbdark\u00a0\u00bb bar_bg_color=\u00a0\u00bbrgba(0,120,215,0.84)\u00a0\u00bb circle_color=\u00a0\u00bb#000000&Prime; circle_color_alpha=\u00a0\u00bb0.2&Prime; _builder_version=\u00a0\u00bb3.0.91&Prime; title_font=\u00a0\u00bb||||||||\u00a0\u00bb title_font_size=\u00a0\u00bb22px\u00a0\u00bb title_text_color=\u00a0\u00bb#ffffff\u00a0\u00bb number_font=\u00a0\u00bb|700|||||||\u00a0\u00bb number_font_size=\u00a0\u00bb51px\u00a0\u00bb number_text_color=\u00a0\u00bbrgba(0,120,215,0.84)\u00a0\u00bb max_width=\u00a0\u00bb194px\u00a0\u00bb \/][\/et_pb_column][\/et_pb_row][\/et_pb_section][et_pb_section bb_built=\u00a0\u00bb1&Prime; admin_label=\u00a0\u00bbTanvitil gel y tanvitil spray\u00a0\u00bb background_color=\u00a0\u00bbrgba(104,118,138,0.05)\u00a0\u00bb _builder_version=\u00a0\u00bb3.0.106&Prime; global_module=\u00a0\u00bb1510&Prime; prev_background_color=\u00a0\u00bb#313142&Prime;][et_pb_row global_parent=\u00a0\u00bb1510&Prime; custom_padding=\u00a0\u00bb|||\u00a0\u00bb make_equal=\u00a0\u00bbon\u00a0\u00bb background_color_1=\u00a0\u00bb#ffffff\u00a0\u00bb background_color_2=\u00a0\u00bb#ffffff\u00a0\u00bb background_color_3=\u00a0\u00bb#0078d7&Prime; padding_top_1=\u00a0\u00bb24px\u00a0\u00bb padding_right_1=\u00a0\u00bb24px\u00a0\u00bb padding_bottom_1=\u00a0\u00bb24px\u00a0\u00bb padding_left_1=\u00a0\u00bb24px\u00a0\u00bb padding_top_2=\u00a0\u00bb24px\u00a0\u00bb padding_right_2=\u00a0\u00bb24px\u00a0\u00bb padding_bottom_2=\u00a0\u00bb24px\u00a0\u00bb padding_left_2=\u00a0\u00bb24px\u00a0\u00bb padding_top_3=\u00a0\u00bb24px\u00a0\u00bb padding_right_3=\u00a0\u00bb24px\u00a0\u00bb padding_bottom_3=\u00a0\u00bb24px\u00a0\u00bb padding_left_3=\u00a0\u00bb24px\u00a0\u00bb _builder_version=\u00a0\u00bb3.0.101&Prime;][et_pb_column type=\u00a0\u00bb1_3&Prime;][et_pb_blurb global_parent=\u00a0\u00bb1510&Prime; title=\u00a0\u00bbTanvitil Spray\u00a0\u00bb url=\u00a0\u00bbhttps:\/\/www.tanvitil.com\/fr\/maquillaje-vitiligo\/tanvitil-spray\/\u00a0\u00bb image=\u00a0\u00bbhttps:\/\/www.tanvitil.com\/wp-content\/uploads\/2017\/10\/maquillaje-vitiligo-tanvitil-spray.jpg\u00a0\u00bb _builder_version=\u00a0\u00bb3.0.106&Prime; header_level=\u00a0\u00bbh2&Prime; body_text_align=\u00a0\u00bbcenter\u00a0\u00bb text_orientation=\u00a0\u00bbcenter\u00a0\u00bb url_new_window=\u00a0\u00bboff\u00a0\u00bb use_icon=\u00a0\u00bboff\u00a0\u00bb use_circle=\u00a0\u00bboff\u00a0\u00bb use_circle_border=\u00a0\u00bboff\u00a0\u00bb icon_placement=\u00a0\u00bbtop\u00a0\u00bb use_icon_font_size=\u00a0\u00bboff\u00a0\u00bb background_layout=\u00a0\u00bblight\u00a0\u00bb alt=\u00a0\u00bbTanvitil Spray, maquillaje tonalizador para las manchas de vitiligo\u00a0\u00bb \/][et_pb_button global_parent=\u00a0\u00bb1510&Prime; button_url=\u00a0\u00bbhttps:\/\/www.tanvitil.com\/fr\/maquillaje-vitiligo\/tanvitil-spray\/\u00a0\u00bb button_text=\u00a0\u00bbChoisissez la tonalit\u00e9 \u00a0\u00bb button_alignment=\u00a0\u00bbcenter\u00a0\u00bb _builder_version=\u00a0\u00bb3.0.106&Prime; url_new_window=\u00a0\u00bboff\u00a0\u00bb background_layout=\u00a0\u00bblight\u00a0\u00bb custom_button=\u00a0\u00bboff\u00a0\u00bb button_icon_placement=\u00a0\u00bbright\u00a0\u00bb \/][\/et_pb_column][et_pb_column type=\u00a0\u00bb1_3&Prime;][et_pb_blurb global_parent=\u00a0\u00bb1510&Prime; title=\u00a0\u00bbTanvitil Gel\u00a0\u00bb url=\u00a0\u00bbhttps:\/\/www.tanvitil.com\/fr\/maquillaje-vitiligo\/tanvitil-gel\/\u00a0\u00bb image=\u00a0\u00bbhttps:\/\/www.tanvitil.com\/wp-content\/uploads\/2017\/10\/maquillaje-vitiligo-tanvitil-gel.jpg\u00a0\u00bb _builder_version=\u00a0\u00bb3.0.106&Prime; header_level=\u00a0\u00bbh2&Prime; body_text_align=\u00a0\u00bbcenter\u00a0\u00bb text_orientation=\u00a0\u00bbcenter\u00a0\u00bb url_new_window=\u00a0\u00bboff\u00a0\u00bb use_icon=\u00a0\u00bboff\u00a0\u00bb use_circle=\u00a0\u00bboff\u00a0\u00bb use_circle_border=\u00a0\u00bboff\u00a0\u00bb icon_placement=\u00a0\u00bbtop\u00a0\u00bb use_icon_font_size=\u00a0\u00bboff\u00a0\u00bb background_layout=\u00a0\u00bblight\u00a0\u00bb alt=\u00a0\u00bbTanvitil Gel, maquillaje corrector para personas con vit\u00edligo \u00a0\u00bb \/][et_pb_button global_parent=\u00a0\u00bb1510&Prime; button_url=\u00a0\u00bbhttps:\/\/www.tanvitil.com\/fr\/maquillaje-vitiligo\/tanvitil-gel\/\u00a0\u00bb button_text=\u00a0\u00bbChoisissez la tonalit\u00e9 \u00a0\u00bb _builder_version=\u00a0\u00bb3.0.106&Prime; url_new_window=\u00a0\u00bboff\u00a0\u00bb background_layout=\u00a0\u00bblight\u00a0\u00bb custom_button=\u00a0\u00bboff\u00a0\u00bb button_icon_placement=\u00a0\u00bbright\u00a0\u00bb \/][\/et_pb_column][et_pb_column type=\u00a0\u00bb1_3&Prime;][et_pb_cta admin_label=\u00a0\u00bbHay un tanvitil para ti\u00a0\u00bb global_parent=\u00a0\u00bb1510&Prime; title=\u00a0\u00bbVoici un Tantivil pour vous\u2026\u00a0\u00bb _builder_version=\u00a0\u00bb3.0.106&Prime; header_level=\u00a0\u00bbh5&Prime; header_line_height=\u00a0\u00bb1.7em\u00a0\u00bb custom_padding=\u00a0\u00bb0px|0px|0px|0px\u00a0\u00bb url_new_window=\u00a0\u00bboff\u00a0\u00bb use_background_color=\u00a0\u00bbon\u00a0\u00bb background_layout=\u00a0\u00bbdark\u00a0\u00bb custom_button=\u00a0\u00bboff\u00a0\u00bb button_icon_placement=\u00a0\u00bbright\u00a0\u00bb header_font_size=\u00a0\u00bb30&Prime; header_text_color=\u00a0\u00bbrgba(255,255,255,0.8)\u00a0\u00bb body_text_color=\u00a0\u00bbrgba(255,255,255,0.8)\u00a0\u00bb]<\/p>\n<div class=\"spray\"><\/div>\n<h5>Choisissez entre un gel ou un spray<\/h5>\n<p>Tanvitil gel, recommand\u00e9 pour les taches petites.<br \/>\nTanvitil spray, recommand\u00e9 pour les zones plus vastes.<\/p>\n<div class=\"pantone\"><\/div>\n<h5>Choisissez la tonalit\u00e9 qui convient le mieux \u00e0 votre type de peau<\/h5>\n<p>Douce pour les peaux blanches, moyenne pour les phototypes interm\u00e9diaires, et forte pour les peaux plus fonc\u00e9es.<\/p>\n<p>[\/et_pb_cta][\/et_pb_column][\/et_pb_row][\/et_pb_section]<\/p>\n","protected":false},"excerpt":{"rendered":"<p>[et_pb_section bb_built=\u00a0\u00bb1&Prime; inner_shadow=\u00a0\u00bbon\u00a0\u00bb make_equal=\u00a0\u00bbon\u00a0\u00bb specialty=\u00a0\u00bbon\u00a0\u00bb module_id=\u00a0\u00bbexContent\u00a0\u00bb _builder_version=\u00a0\u00bb3.0.82&Prime; custom_padding=\u00a0\u00bb54px|0px|52px|0px\u00a0\u00bb next_background_color=\u00a0\u00bb#000000&Prime;][et_pb_column type=\u00a0\u00bb2_3&Prime; specialty_columns=\u00a0\u00bb2&Prime;][et_pb_row_inner custom_padding=\u00a0\u00bb0px|0px|0px|0px\u00a0\u00bb module_class_1=\u00a0\u00bbexPage exText\u00a0\u00bb _builder_version=\u00a0\u00bb3.0.82&Prime;][et_pb_column_inner type=\u00a0\u00bb4_4&Prime; saved_specialty_column_type=\u00a0\u00bb2_3&Prime;][et_pb_text admin_label=\u00a0\u00bbText\u00a0\u00bb _builder_version=\u00a0\u00bb3.0.106&Prime; background_size=\u00a0\u00bbinitial\u00a0\u00bb background_position=\u00a0\u00bbtop_left\u00a0\u00bb background_repeat=\u00a0\u00bbrepeat\u00a0\u00bb background_layout=\u00a0\u00bblight\u00a0\u00bb] Qu\u2019est-ce que le vitiligo? Le vitiligo est une affection de la peau qui se caract\u00e9rise par la pr\u00e9sence de taches blanches. Cette maladie, d\u2019origine inconnue, provoque la destruction des m\u00e9lanocytes, qui sont [&hellip;]<\/p>\n","protected":false},"author":1,"featured_media":304,"parent":405,"menu_order":0,"comment_status":"closed","ping_status":"closed","template":"","meta":{"_et_pb_use_builder":"on","_et_pb_old_content":"El vit\u00edligo es una afecci\u00f3n de la piel que se caracteriza por la presencia de manchas blancas. Esta enfermedad, de origen desconocido, provoca la destrucci\u00f3n de los melanocitos, los responsables de la producci\u00f3n de melanina y, por lo tanto, de la pigmentaci\u00f3n de la piel.\r\n\r\nEl vit\u00edligo puede afectar a cualquier parte del cuerpo, aunque las zonas que se ven m\u00e1s afectadas normalmente son la cara, las zonas genitales, las manos y las mu\u00f1ecas.\r\n\r\nExisten diferentes teor\u00edas sobre el origen de la enfermedad. Se cree que puede ser una enfermedad autoinmune en la que el propio cuerpo destruye sus melanocitos debido a que los considera cuerpos extra\u00f1os. Sin embargo, tambi\u00e9n se afirma que en el vit\u00edligo intervienen algunos factores predisponentes (gen\u00e9ticos -un 30% de los casos seg\u00fan los especialistas-) y algunos factores precipitantes (medioambientales). Muchos pacientes atribuyen su vit\u00edligo a traumas f\u00edsicos, otras enfermedades o estr\u00e9s emocional.","_et_gb_content_width":"","footnotes":""},"class_list":["post-413","page","type-page","status-publish","has-post-thumbnail","hentry"],"_links":{"self":[{"href":"https:\/\/www.tanvitil.com\/fr\/wp-json\/wp\/v2\/pages\/413","targetHints":{"allow":["GET"]}}],"collection":[{"href":"https:\/\/www.tanvitil.com\/fr\/wp-json\/wp\/v2\/pages"}],"about":[{"href":"https:\/\/www.tanvitil.com\/fr\/wp-json\/wp\/v2\/types\/page"}],"author":[{"embeddable":true,"href":"https:\/\/www.tanvitil.com\/fr\/wp-json\/wp\/v2\/users\/1"}],"replies":[{"embeddable":true,"href":"https:\/\/www.tanvitil.com\/fr\/wp-json\/wp\/v2\/comments?post=413"}],"version-history":[{"count":0,"href":"https:\/\/www.tanvitil.com\/fr\/wp-json\/wp\/v2\/pages\/413\/revisions"}],"up":[{"embeddable":true,"href":"https:\/\/www.tanvitil.com\/fr\/wp-json\/wp\/v2\/pages\/405"}],"wp:featuredmedia":[{"embeddable":true,"href":"https:\/\/www.tanvitil.com\/fr\/wp-json\/wp\/v2\/media\/304"}],"wp:attachment":[{"href":"https:\/\/www.tanvitil.com\/fr\/wp-json\/wp\/v2\/media?parent=413"}],"curies":[{"name":"wp","href":"https:\/\/api.w.org\/{rel}","templated":true}]}}