{"id":407,"date":"2017-10-19T09:34:02","date_gmt":"2017-10-19T07:34:02","guid":{"rendered":"http:\/\/www.tanvitil.com\/?page_id=407"},"modified":"2019-09-26T17:13:30","modified_gmt":"2019-09-26T15:13:30","slug":"como-elegir-el-tono-adecuado","status":"publish","type":"page","link":"https:\/\/www.tanvitil.com\/pt\/ayuda\/como-elegir-el-tono-adecuado\/","title":{"rendered":"Como escolher o tom adequado?"},"content":{"rendered":"<p>[et_pb_section bb_built=&#8221;1&#8243; inner_shadow=&#8221;on&#8221; make_equal=&#8221;on&#8221; specialty=&#8221;on&#8221; module_id=&#8221;exContent&#8221; _builder_version=&#8221;3.0.82&#8243; custom_padding=&#8221;54px|0px|52px|0px&#8221; next_background_color=&#8221;rgba(104,118,138,0.05)&#8221;][et_pb_column type=&#8221;2_3&#8243; specialty_columns=&#8221;2&#8243;][et_pb_row_inner custom_padding=&#8221;0px|0px|0px|0px&#8221; module_class_1=&#8221;exPage exText&#8221; _builder_version=&#8221;3.0.82&#8243;][et_pb_column_inner type=&#8221;4_4&#8243; saved_specialty_column_type=&#8221;2_3&#8243;][et_pb_text admin_label=&#8221;Text&#8221; _builder_version=&#8221;3.0.106&#8243; background_size=&#8221;initial&#8221; background_position=&#8221;top_left&#8221; background_repeat=&#8221;repeat&#8221; background_layout=&#8221;light&#8221;]<\/p>\n<h1>Como escolher o tom adequado?<\/h1>\n<p><span lang=\"PT\">A nossa gama de corretores do vitiligo est\u00e1 dispon\u00edvel em tr\u00eas tonalidades: suave para peles claras (fot\u00f3tipos I-II); m\u00e9dio para interm\u00e9dias (fot\u00f3tipo III) e forte para peles escuras (IV em diante).<\/span><\/p>\n<p>[\/et_pb_text][et_pb_blurb title=&#8221; Fot\u00f3tipo I&#8221; use_icon=&#8221;on&#8221; font_icon=&#8221;%%205%%&#8221; icon_color=&#8221;#faf5f7&#8243; icon_placement=&#8221;left&#8221; content_max_width=&#8221;80%&#8221; use_icon_font_size=&#8221;on&#8221; icon_font_size=&#8221;110px&#8221; _builder_version=&#8221;3.0.106&#8243; header_font_size=&#8221;28px&#8221; custom_margin=&#8221;40px||20px|&#8221; custom_padding=&#8221;20px||20px|&#8221; box_shadow_style=&#8221;preset3&#8243; box_shadow_vertical=&#8221;4px&#8221; box_shadow_blur=&#8221;4px&#8221; box_shadow_spread=&#8221;-5px&#8221; circle_border_color=&#8221;rgba(0,0,0,0.77)&#8221; url_new_window=&#8221;off&#8221; use_circle=&#8221;off&#8221; use_circle_border=&#8221;off&#8221; background_layout=&#8221;light&#8221;]<\/p>\n<p><span lang=\"PT\">Pessoas de pele muito p\u00e1lida, geralmente ruivas, com uma pele que quase sempre se queima, praticamente n\u00e3o fica bronzeada e que costumam sofrer rea\u00e7\u00f5es fotoal\u00e9rgicas quando se exp\u00f5em de forma prolongada \u00e0 luz solar direta.<\/span><\/p>\n<p>[\/et_pb_blurb][et_pb_blurb title=&#8221;Fot\u00f3tipo II&#8221; use_icon=&#8221;on&#8221; font_icon=&#8221;%%205%%&#8221; icon_color=&#8221;#f6eee3&#8243; use_circle=&#8221;on&#8221; circle_color=&#8221;#ffffff&#8221; icon_placement=&#8221;left&#8221; content_max_width=&#8221;80%&#8221; use_icon_font_size=&#8221;on&#8221; icon_font_size=&#8221;110px&#8221; _builder_version=&#8221;3.0.106&#8243; header_font_size=&#8221;28px&#8221; custom_margin=&#8221;20px||20px|&#8221; custom_padding=&#8221;20px||20px|&#8221; box_shadow_style=&#8221;preset3&#8243; box_shadow_vertical=&#8221;4px&#8221; box_shadow_blur=&#8221;4px&#8221; box_shadow_spread=&#8221;-5px&#8221; box_shadow_color=&#8221;rgba(0,0,0,0.56)&#8221; url_new_window=&#8221;off&#8221; use_circle_border=&#8221;off&#8221; background_layout=&#8221;light&#8221;]<\/p>\n<p><span lang=\"PT\">Pessoas de pele branca, sens\u00edvel e delicada, em geral com cabelos loiros ou claros. Tal como as de fot\u00f3tipo I, praticamente n\u00e3o ficam bronzeadas, com rea\u00e7\u00f5es fotoal\u00e9rgicas em caso de exposi\u00e7\u00e3o prolongada ao sol.<\/span><\/p>\n<p>[\/et_pb_blurb][et_pb_blurb title=&#8221;Fot\u00f3tipo III&#8221; use_icon=&#8221;on&#8221; font_icon=&#8221;%%205%%&#8221; icon_color=&#8221;#f3e8d9&#8243; use_circle=&#8221;on&#8221; circle_color=&#8221;#ffffff&#8221; icon_placement=&#8221;left&#8221; content_max_width=&#8221;80%&#8221; use_icon_font_size=&#8221;on&#8221; icon_font_size=&#8221;110px&#8221; _builder_version=&#8221;3.0.106&#8243; header_font_size=&#8221;28px&#8221; custom_margin=&#8221;20px||20px|&#8221; custom_padding=&#8221;20px||20px|&#8221; box_shadow_style=&#8221;preset3&#8243; box_shadow_vertical=&#8221;4px&#8221; box_shadow_blur=&#8221;4px&#8221; box_shadow_spread=&#8221;-5px&#8221; url_new_window=&#8221;off&#8221; use_circle_border=&#8221;off&#8221; background_layout=&#8221;light&#8221;]<\/p>\n<p><span lang=\"PT\">\u00c9 o mais comum e corresponde a pessoas com cabelos castanhos e peles interm\u00e9dias, que primeiro ficam vermelhas e de seguida se bronzeiam ap\u00f3s a sua exposi\u00e7\u00e3o ao sol, muito comum em alem\u00e3es e dinamarqueses, raro em italodescendentes.<\/span><\/p>\n<p>[\/et_pb_blurb][et_pb_blurb title=&#8221;Fot\u00f3tipo IV&#8221; use_icon=&#8221;on&#8221; font_icon=&#8221;%%205%%&#8221; icon_color=&#8221;#e6cfb0&#8243; use_circle=&#8221;on&#8221; circle_color=&#8221;#ffffff&#8221; icon_placement=&#8221;left&#8221; content_max_width=&#8221;80%&#8221; use_icon_font_size=&#8221;on&#8221; icon_font_size=&#8221;110px&#8221; _builder_version=&#8221;3.0.106&#8243; header_font_size=&#8221;28px&#8221; custom_margin=&#8221;20px||20px|&#8221; custom_padding=&#8221;20px||20px|&#8221; box_shadow_style=&#8221;preset3&#8243; box_shadow_vertical=&#8221;4px&#8221; box_shadow_blur=&#8221;4px&#8221; box_shadow_spread=&#8221;-5px&#8221; url_new_window=&#8221;off&#8221; use_circle_border=&#8221;off&#8221; background_layout=&#8221;light&#8221;]<\/p>\n<p><span lang=\"PT\">Pertence \u00e0s pessoas com cabelos morenos ou pretos, de peles escuras que se bronzeiam com rapidez quando se exp\u00f5em ao sol direto, muito comum em italodescendentes, muito raro na Noruega.<\/span><\/p>\n<p>[\/et_pb_blurb][et_pb_blurb title=&#8221;Fot\u00f3tipo V&#8221; use_icon=&#8221;on&#8221; font_icon=&#8221;%%205%%&#8221; icon_color=&#8221;#cda162&#8243; use_circle=&#8221;on&#8221; circle_color=&#8221;#ffffff&#8221; icon_placement=&#8221;left&#8221; content_max_width=&#8221;80%&#8221; use_icon_font_size=&#8221;on&#8221; icon_font_size=&#8221;110px&#8221; _builder_version=&#8221;3.0.106&#8243; header_font_size=&#8221;28px&#8221; custom_margin=&#8221;20px||20px|&#8221; custom_padding=&#8221;20px||20px|&#8221; box_shadow_style=&#8221;preset3&#8243; box_shadow_vertical=&#8221;4px&#8221; box_shadow_blur=&#8221;4px&#8221; box_shadow_spread=&#8221;-5px&#8221; url_new_window=&#8221;off&#8221; use_circle_border=&#8221;off&#8221; background_layout=&#8221;light&#8221;]<\/p>\n<p><span lang=\"PT\">Pessoas cuja pele \u00e9 mais morena do que a do fot\u00f3tipo IV.<\/span><\/p>\n<p>[\/et_pb_blurb][et_pb_blurb title=&#8221;Fot\u00f3tipo VI&#8221; use_icon=&#8221;on&#8221; font_icon=&#8221;%%205%%&#8221; icon_color=&#8221;#5b5b5d&#8221; use_circle=&#8221;on&#8221; circle_color=&#8221;#ffffff&#8221; icon_placement=&#8221;left&#8221; content_max_width=&#8221;80%&#8221; use_icon_font_size=&#8221;on&#8221; icon_font_size=&#8221;110px&#8221; _builder_version=&#8221;3.0.106&#8243; header_font_size=&#8221;28px&#8221; custom_margin=&#8221;20px|0px|20px|0px&#8221; custom_padding=&#8221;20px|0px|20px|0px&#8221; url_new_window=&#8221;off&#8221; use_circle_border=&#8221;off&#8221; background_layout=&#8221;light&#8221;]<\/p>\n<p><span lang=\"PT\">Pessoas de pele muito escura<\/span><\/p>\n<p>[\/et_pb_blurb][\/et_pb_column_inner][\/et_pb_row_inner][\/et_pb_column][et_pb_column type=&#8221;1_3&#8243;][et_pb_sidebar admin_label=&#8221;Barra Ayuda&#8221; area=&#8221;et_pb_widget_area_4&#8243; show_border=&#8221;off&#8221; module_id=&#8221;ex_sidebar&#8221; module_class=&#8221;ex_sidebar&#8221; _builder_version=&#8221;3.0.101&#8243; header_font=&#8221;|||on|||||&#8221; header_text_color=&#8221;#ffffff&#8221; body_font=&#8221;|600|||||||&#8221; body_font_size=&#8221;15px&#8221; body_text_color=&#8221;#000000&#8243; body_line_height=&#8221;2.4em&#8221; background_color=&#8221;#ffffff&#8221; text_orientation=&#8221;left&#8221; custom_margin=&#8221;|||&#8221; custom_padding=&#8221;20px|20px|20px|20px&#8221; global_module=&#8221;825&#8243; saved_tabs=&#8221;all&#8221; orientation=&#8221;left&#8221; background_layout=&#8221;light&#8221; background_color_gradient_overlays_image=&#8221;off&#8221; \/][\/et_pb_column][\/et_pb_section][et_pb_section bb_built=&#8221;1&#8243; admin_label=&#8221;Tanvitil gel y tanvitil spray&#8221; background_color=&#8221;rgba(104,118,138,0.05)&#8221; _builder_version=&#8221;3.0.106&#8243; prev_background_color=&#8221;#ffffff&#8221; global_module=&#8221;1561&#8243;][et_pb_row global_parent=&#8221;1561&#8243; custom_padding=&#8221;|||&#8221; make_equal=&#8221;on&#8221; background_color_1=&#8221;#ffffff&#8221; background_color_2=&#8221;#ffffff&#8221; background_color_3=&#8221;#0078d7&#8243; padding_top_1=&#8221;24px&#8221; padding_right_1=&#8221;24px&#8221; padding_bottom_1=&#8221;24px&#8221; padding_left_1=&#8221;24px&#8221; padding_top_2=&#8221;24px&#8221; padding_right_2=&#8221;24px&#8221; padding_bottom_2=&#8221;24px&#8221; padding_left_2=&#8221;24px&#8221; padding_top_3=&#8221;24px&#8221; padding_right_3=&#8221;24px&#8221; padding_bottom_3=&#8221;24px&#8221; padding_left_3=&#8221;24px&#8221; _builder_version=&#8221;3.0.101&#8243;][et_pb_column type=&#8221;1_3&#8243;][et_pb_blurb global_parent=&#8221;1561&#8243; title=&#8221;Tanvitil Spray&#8221; url=&#8221;https:\/\/www.tanvitil.com\/pt\/maquillaje-vitiligo\/tanvitil-spray\/&#8221; image=&#8221;https:\/\/www.tanvitil.com\/wp-content\/uploads\/2017\/10\/maquillaje-vitiligo-tanvitil-spray.jpg&#8221; _builder_version=&#8221;3.0.106&#8243; header_level=&#8221;h2&#8243; body_text_align=&#8221;center&#8221; text_orientation=&#8221;center&#8221; url_new_window=&#8221;off&#8221; use_icon=&#8221;off&#8221; use_circle=&#8221;off&#8221; use_circle_border=&#8221;off&#8221; icon_placement=&#8221;top&#8221; use_icon_font_size=&#8221;off&#8221; background_layout=&#8221;light&#8221; alt=&#8221;Tanvitil Spray, maquillaje tonalizador para las manchas de vitiligo&#8221; \/][et_pb_button global_parent=&#8221;1561&#8243; button_url=&#8221;https:\/\/www.tanvitil.com\/pt\/maquillaje-vitiligo\/tanvitil-spray\/&#8221; button_text=&#8221;Escolha seu tom&#8221; button_alignment=&#8221;center&#8221; _builder_version=&#8221;3.0.106&#8243; url_new_window=&#8221;off&#8221; background_layout=&#8221;light&#8221; custom_button=&#8221;off&#8221; button_icon_placement=&#8221;right&#8221; \/][\/et_pb_column][et_pb_column type=&#8221;1_3&#8243;][et_pb_blurb global_parent=&#8221;1561&#8243; title=&#8221;Tanvitil Gel&#8221; url=&#8221;https:\/\/www.tanvitil.com\/pt\/maquillaje-vitiligo\/tanvitil-gel\/&#8221; image=&#8221;https:\/\/www.tanvitil.com\/wp-content\/uploads\/2017\/10\/maquillaje-vitiligo-tanvitil-gel.jpg&#8221; _builder_version=&#8221;3.0.106&#8243; header_level=&#8221;h2&#8243; body_text_align=&#8221;center&#8221; text_orientation=&#8221;center&#8221; url_new_window=&#8221;off&#8221; use_icon=&#8221;off&#8221; use_circle=&#8221;off&#8221; use_circle_border=&#8221;off&#8221; icon_placement=&#8221;top&#8221; use_icon_font_size=&#8221;off&#8221; background_layout=&#8221;light&#8221; alt=&#8221;Tanvitil Gel, maquillaje corrector para personas con vit\u00edligo &#8221; \/][et_pb_button global_parent=&#8221;1561&#8243; button_url=&#8221;https:\/\/www.tanvitil.com\/pt\/maquillaje-vitiligo\/tanvitil-gel\/&#8221; button_text=&#8221;Escolha seu tom&#8221; _builder_version=&#8221;3.0.106&#8243; url_new_window=&#8221;off&#8221; background_layout=&#8221;light&#8221; custom_button=&#8221;off&#8221; button_icon_placement=&#8221;right&#8221; \/][\/et_pb_column][et_pb_column type=&#8221;1_3&#8243;][et_pb_cta admin_label=&#8221;Hay un tanvitil para ti&#8221; global_parent=&#8221;1561&#8243; title=&#8221;H\u00e1 um Tanvitil para si\u2026.&#8221; _builder_version=&#8221;3.0.106&#8243; header_level=&#8221;h5&#8243; header_line_height=&#8221;1.7em&#8221; custom_padding=&#8221;0px|0px|0px|0px&#8221; url_new_window=&#8221;off&#8221; use_background_color=&#8221;on&#8221; background_layout=&#8221;dark&#8221; custom_button=&#8221;off&#8221; button_icon_placement=&#8221;right&#8221; header_font_size=&#8221;30&#8243; header_text_color=&#8221;rgba(255,255,255,0.8)&#8221; body_text_color=&#8221;rgba(255,255,255,0.8)&#8221;]<\/p>\n<div class=\"spray\"><\/div>\n<h5>Escolha entre gel ou spray<\/h5>\n<p>Tanvitil gel, recomendado para manchas pequenas.<br \/>\nTanvitil spray, recomendado para \u00e1reas mais amplas.<\/p>\n<div class=\"pantone\"><\/div>\n<h5>Escolha o tom mais adequado para o seu tipo de pele<\/h5>\n<p>Suave, para peles brancas, M\u00e9dio para fot\u00f3tipos interm\u00e9dios e forte para peles mais escuras.<\/p>\n<p>[\/et_pb_cta][\/et_pb_column][\/et_pb_row][\/et_pb_section]<\/p>\n","protected":false},"excerpt":{"rendered":"<p>[et_pb_section bb_built=&#8221;1&#8243; inner_shadow=&#8221;on&#8221; make_equal=&#8221;on&#8221; specialty=&#8221;on&#8221; module_id=&#8221;exContent&#8221; _builder_version=&#8221;3.0.82&#8243; custom_padding=&#8221;54px|0px|52px|0px&#8221; next_background_color=&#8221;rgba(104,118,138,0.05)&#8221;][et_pb_column type=&#8221;2_3&#8243; specialty_columns=&#8221;2&#8243;][et_pb_row_inner custom_padding=&#8221;0px|0px|0px|0px&#8221; module_class_1=&#8221;exPage exText&#8221; _builder_version=&#8221;3.0.82&#8243;][et_pb_column_inner type=&#8221;4_4&#8243; saved_specialty_column_type=&#8221;2_3&#8243;][et_pb_text admin_label=&#8221;Text&#8221; _builder_version=&#8221;3.0.106&#8243; background_size=&#8221;initial&#8221; background_position=&#8221;top_left&#8221; background_repeat=&#8221;repeat&#8221; background_layout=&#8221;light&#8221;] Como escolher o tom adequado? A nossa gama de corretores do vitiligo est\u00e1 dispon\u00edvel em tr\u00eas tonalidades: suave para peles claras (fot\u00f3tipos I-II); m\u00e9dio para interm\u00e9dias (fot\u00f3tipo III) e forte para peles [&hellip;]<\/p>\n","protected":false},"author":1,"featured_media":313,"parent":405,"menu_order":0,"comment_status":"closed","ping_status":"closed","template":"","meta":{"_et_pb_use_builder":"on","_et_pb_old_content":"<p>Nuestra gama de correctores del vit\u00edligo est\u00e1 disponible en tres tonalidades: suave para pieles claras (fototipos I-II); medio para intermedias (fototipo III) y fuerte para pieles oscuras (IV en adelante). (confirmar con Carlos, aqu\u00ed ser\u00eda interesante meter los tonos exactos en c\u00edrculos como hace zanderm para que sea m\u00e1s visual)<\/p><h3>Fototipo I<\/h3><p>Personas de piel muy p\u00e1lida, generalmente pelirrojos, con una piel que casi siempre se quema, apenas se broncea y que suelen sufrir reacciones fotoal\u00e9rgicas al exponerse de forma prolongada a la luz solar directa.<\/p><h3>Fototipo II<\/h3><p>Personas de piel blanca, sensible y delicada, en general de cabellos rubios o claros. Al igual que las de fototipo I, apenas se broncean, con reacciones fotoal\u00e9rgicas en caso de exposici\u00f3n prolongada al sol.<\/p><h3>Fototipo III<\/h3><p>Es el m\u00e1s com\u00fan, correspondiendo a personas con cabellos casta\u00f1os y pieles intermedias, que enrojecen primero y se broncean despu\u00e9s de su exposici\u00f3n al sol, muy com\u00fan en Alemanes y Daneses, raro en italodescentes.<\/p><h3>Fototipo IV<\/h3><p>Pertenece a las personas de cabellos morenos o negros, de pieles oscuras que se broncean con rapidez al exponerse al sol directo, muy com\u00fam en italodescentes, muy raro en Noruega.<\/p><h3>Fototipo V<\/h3><p>Personas cuya piel es m\u00e1s morena que la del fototipo IV.<\/p><h3>Fototipo VI<\/h3><p>Personas de piel muy oscura (tradicionalmente denominada \"piel negra\"), propia de los africanos y Aborigenes australianos (que en la antropolog\u00eda tradicional, hoy considerada obsoleta, eran clasificados como de \"raza negra\", negroides o melanodermos).<\/p>","_et_gb_content_width":"","footnotes":""},"class_list":["post-407","page","type-page","status-publish","has-post-thumbnail","hentry"],"_links":{"self":[{"href":"https:\/\/www.tanvitil.com\/pt\/wp-json\/wp\/v2\/pages\/407","targetHints":{"allow":["GET"]}}],"collection":[{"href":"https:\/\/www.tanvitil.com\/pt\/wp-json\/wp\/v2\/pages"}],"about":[{"href":"https:\/\/www.tanvitil.com\/pt\/wp-json\/wp\/v2\/types\/page"}],"author":[{"embeddable":true,"href":"https:\/\/www.tanvitil.com\/pt\/wp-json\/wp\/v2\/users\/1"}],"replies":[{"embeddable":true,"href":"https:\/\/www.tanvitil.com\/pt\/wp-json\/wp\/v2\/comments?post=407"}],"version-history":[{"count":3,"href":"https:\/\/www.tanvitil.com\/pt\/wp-json\/wp\/v2\/pages\/407\/revisions"}],"predecessor-version":[{"id":2487,"href":"https:\/\/www.tanvitil.com\/pt\/wp-json\/wp\/v2\/pages\/407\/revisions\/2487"}],"up":[{"embeddable":true,"href":"https:\/\/www.tanvitil.com\/pt\/wp-json\/wp\/v2\/pages\/405"}],"wp:featuredmedia":[{"embeddable":true,"href":"https:\/\/www.tanvitil.com\/pt\/wp-json\/wp\/v2\/media\/313"}],"wp:attachment":[{"href":"https:\/\/www.tanvitil.com\/pt\/wp-json\/wp\/v2\/media?parent=407"}],"curies":[{"name":"wp","href":"https:\/\/api.w.org\/{rel}","templated":true}]}}