{"id":413,"date":"2017-10-19T09:53:16","date_gmt":"2017-10-19T07:53:16","guid":{"rendered":"http:\/\/www.tanvitil.com\/?page_id=413"},"modified":"2018-05-25T13:56:09","modified_gmt":"2018-05-25T11:56:09","slug":"que-es-el-vitiligo","status":"publish","type":"page","link":"https:\/\/www.tanvitil.com\/pt\/ayuda\/que-es-el-vitiligo\/","title":{"rendered":"O que \u00e9 o vitiligo?"},"content":{"rendered":"<p>[et_pb_section bb_built=&#8221;1&#8243; inner_shadow=&#8221;on&#8221; make_equal=&#8221;on&#8221; specialty=&#8221;on&#8221; module_id=&#8221;exContent&#8221; _builder_version=&#8221;3.0.82&#8243; custom_padding=&#8221;54px|0px|52px|0px&#8221; next_background_color=&#8221;#000000&#8243;][et_pb_column type=&#8221;2_3&#8243; specialty_columns=&#8221;2&#8243;][et_pb_row_inner custom_padding=&#8221;0px|0px|0px|0px&#8221; module_class_1=&#8221;exPage exText&#8221; _builder_version=&#8221;3.0.82&#8243;][et_pb_column_inner type=&#8221;4_4&#8243; saved_specialty_column_type=&#8221;2_3&#8243;][et_pb_text admin_label=&#8221;Text&#8221; _builder_version=&#8221;3.0.106&#8243; background_size=&#8221;initial&#8221; background_position=&#8221;top_left&#8221; background_repeat=&#8221;repeat&#8221; background_layout=&#8221;light&#8221;]<\/p>\n<h1>O que \u00e9 o vitiligo?<\/h1>\n<p><span lang=\"PT\">O vitiligo \u00e9 uma doen\u00e7a da pele que se caracteriza pela presen\u00e7a de manchas brancas. Esta doen\u00e7a, de origem desconhecida, provoca a destrui\u00e7\u00e3o dos melan\u00f3citos, os respons\u00e1veis da produ\u00e7\u00e3o de melanina e, portanto, da pigmenta\u00e7\u00e3o da pele.<\/span><\/p>\n<p><span lang=\"PT\">O vitiligo pode afetar qualquer parte do corpo; contudo, normalmente as zonas mais afetadas costumam ser o rosto, as zonas genitais, as m\u00e3os e os pulsos.<\/span><\/p>\n<p><span lang=\"PT\">Existem v\u00e1rias teorias sobre a origem da doen\u00e7a. Pensa-se que pode ser uma doen\u00e7a autoimune na qual o pr\u00f3prio corpo destr\u00f3i os seus melan\u00f3citos porque os considera corpos estranhos. No entanto, tamb\u00e9m se afirma que no vitiligo interv\u00eam alguns fatores predisponentes (gen\u00e9ticos -30% dos casos de acordo com os especialistas-) e alguns fatores precipitantes (ambientais). Muitos pacientes atribuem o seu vitiligo a traumas f\u00edsicos, outras doen\u00e7as ou stress emocional.<\/span><\/p>\n<p>[\/et_pb_text][\/et_pb_column_inner][\/et_pb_row_inner][\/et_pb_column][et_pb_column type=&#8221;1_3&#8243;][et_pb_sidebar admin_label=&#8221;Barra Ayuda&#8221; area=&#8221;et_pb_widget_area_4&#8243; show_border=&#8221;off&#8221; module_id=&#8221;ex_sidebar&#8221; module_class=&#8221;ex_sidebar&#8221; _builder_version=&#8221;3.0.101&#8243; header_font=&#8221;|||on|||||&#8221; header_text_color=&#8221;#ffffff&#8221; body_font=&#8221;|600|||||||&#8221; body_font_size=&#8221;15px&#8221; body_text_color=&#8221;#000000&#8243; body_line_height=&#8221;2.4em&#8221; background_color=&#8221;#ffffff&#8221; text_orientation=&#8221;left&#8221; custom_padding=&#8221;20px|20px|20px|20px&#8221; global_module=&#8221;825&#8243; saved_tabs=&#8221;all&#8221; orientation=&#8221;left&#8221; background_layout=&#8221;light&#8221; background_color_gradient_overlays_image=&#8221;off&#8221; \/][\/et_pb_column][\/et_pb_section][et_pb_section bb_built=&#8221;1&#8243; _builder_version=&#8221;3.0.82&#8243; prev_background_color=&#8221;#000000&#8243; next_background_color=&#8221;#000000&#8243;][et_pb_row _builder_version=&#8221;3.0.82&#8243;][et_pb_column type=&#8221;2_3&#8243;][et_pb_video src=&#8221;https:\/\/youtu.be\/5lzQ5UOBVsg&#8221; image_src=&#8221;<br \/>\n\/\/i.ytimg.com\/vi\/5lzQ5UOBVsg\/hqdefault.jpg&#8221; play_icon_color=&#8221;#0078d7&#8243; _builder_version=&#8221;3.0.106&#8243; \/][\/et_pb_column][et_pb_column type=&#8221;1_3&#8243;][et_pb_text _builder_version=&#8221;3.0.106&#8243; background_layout=&#8221;light&#8221;]<\/p>\n<h2>Aplica\u00e7\u00e3o de Tanvitil<\/h2>\n<ul>\n<li>Antes da sua aplica\u00e7\u00e3o, \u00e9 muito importante cobrir o contorno da zona despigmentada com vaselina.<\/li>\n<li>\u00c9 necess\u00e1rio um tempo de aprendizagem e \u00e9 melhor come\u00e7ar com um tom suave.<\/li>\n<li>N\u00e3o aplicar mais do que uma vez por dia.<\/li>\n<li>A cor aparece 3 ou 4 horas ap\u00f3s a aplica\u00e7\u00e3o.<\/li>\n<li>Aplicar o gel ou spray uma vez por dia, at\u00e9 atingir o tom desejado e deixar de aplicar uns dias at\u00e9 que se veja que \u00e9 necess\u00e1rio refor\u00e7ar o tom seguindo a mesma t\u00e9cnica.<\/li>\n<\/ul>\n<p>[\/et_pb_text][\/et_pb_column][\/et_pb_row][\/et_pb_section][et_pb_section bb_built=&#8221;1&#8243; fullwidth=&#8221;on&#8221; specialty=&#8221;off&#8221; prev_background_color=&#8221;#000000&#8243; next_background_color=&#8221;#313142&#8243;][\/et_pb_section][et_pb_section bb_built=&#8221;1&#8243; background_color=&#8221;#313142&#8243; _builder_version=&#8221;3.0.91&#8243; prev_background_color=&#8221;#ffffff&#8221; next_background_color=&#8221;rgba(104,118,138,0.05)&#8221;][et_pb_row custom_padding=&#8221;24px|0px|24px|0px&#8221; _builder_version=&#8221;3.0.82&#8243;][et_pb_column type=&#8221;1_3&#8243;][et_pb_circle_counter title=&#8221;da popula\u00e7\u00e3o sofre de vitiligo&#8221; number=&#8221;2&#8243; background_layout=&#8221;dark&#8221; bar_bg_color=&#8221;rgba(0,120,215,0.84)&#8221; circle_color=&#8221;#000000&#8243; circle_color_alpha=&#8221;0.2&#8243; _builder_version=&#8221;3.0.106&#8243; title_font_size=&#8221;22px&#8221; title_text_color=&#8221;#ffffff&#8221; number_font=&#8221;|700|||||||&#8221; number_font_size=&#8221;51px&#8221; number_text_color=&#8221;#0078d7&#8243; max_width=&#8221;194px&#8221; percent_sign=&#8221;on&#8221; \/][\/et_pb_column][et_pb_column type=&#8221;1_3&#8243;][et_pb_circle_counter title=&#8221;dos afetados sofrem problemas psicol\u00f3gicos&#8221; number=&#8221;75&#8243; background_layout=&#8221;dark&#8221; bar_bg_color=&#8221;rgba(0,120,215,0.84)&#8221; circle_color=&#8221;#000000&#8243; circle_color_alpha=&#8221;0.2&#8243; _builder_version=&#8221;3.0.106&#8243; title_font_size=&#8221;22px&#8221; title_text_color=&#8221;#ffffff&#8221; number_font=&#8221;|700|||||||&#8221; number_font_size=&#8221;51px&#8221; number_text_color=&#8221;#0078d7&#8243; max_width=&#8221;194px&#8221; percent_sign=&#8221;on&#8221; \/][\/et_pb_column][et_pb_column type=&#8221;1_3&#8243;][et_pb_circle_counter title=&#8221;dos afetados s\u00e3o crian\u00e7as&#8221; number=&#8221;25&#8243; background_layout=&#8221;dark&#8221; bar_bg_color=&#8221;rgba(0,120,215,0.84)&#8221; circle_color=&#8221;#000000&#8243; circle_color_alpha=&#8221;0.2&#8243; _builder_version=&#8221;3.0.106&#8243; title_font_size=&#8221;22px&#8221; title_text_color=&#8221;#ffffff&#8221; number_font=&#8221;|700|||||||&#8221; number_font_size=&#8221;51px&#8221; number_text_color=&#8221;rgba(0,120,215,0.84)&#8221; max_width=&#8221;194px&#8221; percent_sign=&#8221;on&#8221; \/][\/et_pb_column][\/et_pb_row][\/et_pb_section][et_pb_section bb_built=&#8221;1&#8243; admin_label=&#8221;Tanvitil gel y tanvitil spray&#8221; background_color=&#8221;rgba(104,118,138,0.05)&#8221; _builder_version=&#8221;3.0.106&#8243; prev_background_color=&#8221;#313142&#8243; global_module=&#8221;1561&#8243;][et_pb_row global_parent=&#8221;1561&#8243; custom_padding=&#8221;|||&#8221; make_equal=&#8221;on&#8221; background_color_1=&#8221;#ffffff&#8221; background_color_2=&#8221;#ffffff&#8221; background_color_3=&#8221;#0078d7&#8243; padding_top_1=&#8221;24px&#8221; padding_right_1=&#8221;24px&#8221; padding_bottom_1=&#8221;24px&#8221; padding_left_1=&#8221;24px&#8221; padding_top_2=&#8221;24px&#8221; padding_right_2=&#8221;24px&#8221; padding_bottom_2=&#8221;24px&#8221; padding_left_2=&#8221;24px&#8221; padding_top_3=&#8221;24px&#8221; padding_right_3=&#8221;24px&#8221; padding_bottom_3=&#8221;24px&#8221; padding_left_3=&#8221;24px&#8221; _builder_version=&#8221;3.0.101&#8243;][et_pb_column type=&#8221;1_3&#8243;][et_pb_blurb global_parent=&#8221;1561&#8243; title=&#8221;Tanvitil Spray&#8221; url=&#8221;https:\/\/www.tanvitil.com\/pt\/maquillaje-vitiligo\/tanvitil-spray\/&#8221; image=&#8221;https:\/\/www.tanvitil.com\/wp-content\/uploads\/2017\/10\/maquillaje-vitiligo-tanvitil-spray.jpg&#8221; _builder_version=&#8221;3.0.106&#8243; header_level=&#8221;h2&#8243; body_text_align=&#8221;center&#8221; text_orientation=&#8221;center&#8221; url_new_window=&#8221;off&#8221; use_icon=&#8221;off&#8221; use_circle=&#8221;off&#8221; use_circle_border=&#8221;off&#8221; icon_placement=&#8221;top&#8221; use_icon_font_size=&#8221;off&#8221; background_layout=&#8221;light&#8221; alt=&#8221;Tanvitil Spray, maquillaje tonalizador para las manchas de vitiligo&#8221; \/][et_pb_button global_parent=&#8221;1561&#8243; button_url=&#8221;https:\/\/www.tanvitil.com\/pt\/maquillaje-vitiligo\/tanvitil-spray\/&#8221; button_text=&#8221;Escolha seu tom&#8221; button_alignment=&#8221;center&#8221; _builder_version=&#8221;3.0.106&#8243; url_new_window=&#8221;off&#8221; background_layout=&#8221;light&#8221; custom_button=&#8221;off&#8221; button_icon_placement=&#8221;right&#8221; \/][\/et_pb_column][et_pb_column type=&#8221;1_3&#8243;][et_pb_blurb global_parent=&#8221;1561&#8243; title=&#8221;Tanvitil Gel&#8221; url=&#8221;https:\/\/www.tanvitil.com\/pt\/maquillaje-vitiligo\/tanvitil-gel\/&#8221; image=&#8221;https:\/\/www.tanvitil.com\/wp-content\/uploads\/2017\/10\/maquillaje-vitiligo-tanvitil-gel.jpg&#8221; _builder_version=&#8221;3.0.106&#8243; header_level=&#8221;h2&#8243; body_text_align=&#8221;center&#8221; text_orientation=&#8221;center&#8221; url_new_window=&#8221;off&#8221; use_icon=&#8221;off&#8221; use_circle=&#8221;off&#8221; use_circle_border=&#8221;off&#8221; icon_placement=&#8221;top&#8221; use_icon_font_size=&#8221;off&#8221; background_layout=&#8221;light&#8221; alt=&#8221;Tanvitil Gel, maquillaje corrector para personas con vit\u00edligo &#8221; \/][et_pb_button global_parent=&#8221;1561&#8243; button_url=&#8221;https:\/\/www.tanvitil.com\/pt\/maquillaje-vitiligo\/tanvitil-gel\/&#8221; button_text=&#8221;Escolha seu tom&#8221; _builder_version=&#8221;3.0.106&#8243; url_new_window=&#8221;off&#8221; background_layout=&#8221;light&#8221; custom_button=&#8221;off&#8221; button_icon_placement=&#8221;right&#8221; \/][\/et_pb_column][et_pb_column type=&#8221;1_3&#8243;][et_pb_cta admin_label=&#8221;Hay un tanvitil para ti&#8221; global_parent=&#8221;1561&#8243; title=&#8221;H\u00e1 um Tanvitil para si\u2026.&#8221; _builder_version=&#8221;3.0.106&#8243; header_level=&#8221;h5&#8243; header_line_height=&#8221;1.7em&#8221; custom_padding=&#8221;0px|0px|0px|0px&#8221; url_new_window=&#8221;off&#8221; use_background_color=&#8221;on&#8221; background_layout=&#8221;dark&#8221; custom_button=&#8221;off&#8221; button_icon_placement=&#8221;right&#8221; header_font_size=&#8221;30&#8243; header_text_color=&#8221;rgba(255,255,255,0.8)&#8221; body_text_color=&#8221;rgba(255,255,255,0.8)&#8221;]<\/p>\n<div class=\"spray\"><\/div>\n<h5>Escolha entre gel ou spray<\/h5>\n<p>Tanvitil gel, recomendado para manchas pequenas.<br \/>\nTanvitil spray, recomendado para \u00e1reas mais amplas.<\/p>\n<div class=\"pantone\"><\/div>\n<h5>Escolha o tom mais adequado para o seu tipo de pele<\/h5>\n<p>Suave, para peles brancas, M\u00e9dio para fot\u00f3tipos interm\u00e9dios e forte para peles mais escuras.<\/p>\n<p>[\/et_pb_cta][\/et_pb_column][\/et_pb_row][\/et_pb_section]<\/p>\n","protected":false},"excerpt":{"rendered":"<p>[et_pb_section bb_built=&#8221;1&#8243; inner_shadow=&#8221;on&#8221; make_equal=&#8221;on&#8221; specialty=&#8221;on&#8221; module_id=&#8221;exContent&#8221; _builder_version=&#8221;3.0.82&#8243; custom_padding=&#8221;54px|0px|52px|0px&#8221; next_background_color=&#8221;#000000&#8243;][et_pb_column type=&#8221;2_3&#8243; specialty_columns=&#8221;2&#8243;][et_pb_row_inner custom_padding=&#8221;0px|0px|0px|0px&#8221; module_class_1=&#8221;exPage exText&#8221; _builder_version=&#8221;3.0.82&#8243;][et_pb_column_inner type=&#8221;4_4&#8243; saved_specialty_column_type=&#8221;2_3&#8243;][et_pb_text admin_label=&#8221;Text&#8221; _builder_version=&#8221;3.0.106&#8243; background_size=&#8221;initial&#8221; background_position=&#8221;top_left&#8221; background_repeat=&#8221;repeat&#8221; background_layout=&#8221;light&#8221;] O que \u00e9 o vitiligo? O vitiligo \u00e9 uma doen\u00e7a da pele que se caracteriza pela presen\u00e7a de manchas brancas. Esta doen\u00e7a, de origem desconhecida, provoca a destrui\u00e7\u00e3o dos melan\u00f3citos, os respons\u00e1veis [&hellip;]<\/p>\n","protected":false},"author":1,"featured_media":304,"parent":405,"menu_order":0,"comment_status":"closed","ping_status":"closed","template":"","meta":{"_et_pb_use_builder":"on","_et_pb_old_content":"El vit\u00edligo es una afecci\u00f3n de la piel que se caracteriza por la presencia de manchas blancas. Esta enfermedad, de origen desconocido, provoca la destrucci\u00f3n de los melanocitos, los responsables de la producci\u00f3n de melanina y, por lo tanto, de la pigmentaci\u00f3n de la piel.\r\n\r\nEl vit\u00edligo puede afectar a cualquier parte del cuerpo, aunque las zonas que se ven m\u00e1s afectadas normalmente son la cara, las zonas genitales, las manos y las mu\u00f1ecas.\r\n\r\nExisten diferentes teor\u00edas sobre el origen de la enfermedad. Se cree que puede ser una enfermedad autoinmune en la que el propio cuerpo destruye sus melanocitos debido a que los considera cuerpos extra\u00f1os. Sin embargo, tambi\u00e9n se afirma que en el vit\u00edligo intervienen algunos factores predisponentes (gen\u00e9ticos -un 30% de los casos seg\u00fan los especialistas-) y algunos factores precipitantes (medioambientales). Muchos pacientes atribuyen su vit\u00edligo a traumas f\u00edsicos, otras enfermedades o estr\u00e9s emocional.","_et_gb_content_width":"","footnotes":""},"class_list":["post-413","page","type-page","status-publish","has-post-thumbnail","hentry"],"_links":{"self":[{"href":"https:\/\/www.tanvitil.com\/pt\/wp-json\/wp\/v2\/pages\/413","targetHints":{"allow":["GET"]}}],"collection":[{"href":"https:\/\/www.tanvitil.com\/pt\/wp-json\/wp\/v2\/pages"}],"about":[{"href":"https:\/\/www.tanvitil.com\/pt\/wp-json\/wp\/v2\/types\/page"}],"author":[{"embeddable":true,"href":"https:\/\/www.tanvitil.com\/pt\/wp-json\/wp\/v2\/users\/1"}],"replies":[{"embeddable":true,"href":"https:\/\/www.tanvitil.com\/pt\/wp-json\/wp\/v2\/comments?post=413"}],"version-history":[{"count":0,"href":"https:\/\/www.tanvitil.com\/pt\/wp-json\/wp\/v2\/pages\/413\/revisions"}],"up":[{"embeddable":true,"href":"https:\/\/www.tanvitil.com\/pt\/wp-json\/wp\/v2\/pages\/405"}],"wp:featuredmedia":[{"embeddable":true,"href":"https:\/\/www.tanvitil.com\/pt\/wp-json\/wp\/v2\/media\/304"}],"wp:attachment":[{"href":"https:\/\/www.tanvitil.com\/pt\/wp-json\/wp\/v2\/media?parent=413"}],"curies":[{"name":"wp","href":"https:\/\/api.w.org\/{rel}","templated":true}]}}